{"id":8317,"date":"2023-12-19T12:17:38","date_gmt":"2023-12-19T12:17:38","guid":{"rendered":"https:\/\/basetryp.tryplisboacaparica.com\/lisboa-caparica\/"},"modified":"2024-11-27T16:34:26","modified_gmt":"2024-11-27T16:34:26","slug":"setubal","status":"publish","type":"page","link":"https:\/\/www.meliasetubal.com\/de\/setubal\/","title":{"rendered":"Set\u00fabal"},"content":{"rendered":"\t\t<div data-elementor-type=\"wp-page\" data-elementor-id=\"8317\" class=\"elementor elementor-8317 elementor-1997\" data-elementor-post-type=\"page\">\n\t\t\t\t<section class=\"elementor-element elementor-element-9d18320 e-con-full e-flex e-con e-parent\" data-id=\"9d18320\" data-element_type=\"container\" data-settings=\"{&quot;background_background&quot;:&quot;classic&quot;}\">\n\t\t<div class=\"elementor-element elementor-element-edc3c07 e-con-full e-flex e-con e-child\" data-id=\"edc3c07\" data-element_type=\"container\">\n\t\t\t\t<div class=\"elementor-element elementor-element-14f695f elementor-widget elementor-widget-heading\" data-id=\"14f695f\" data-element_type=\"widget\" data-widget_type=\"heading.default\">\n\t\t\t\t<div class=\"elementor-widget-container\">\n\t\t\t\t\t<h1 class=\"elementor-heading-title elementor-size-default\">SET\u00daBAL<\/h1>\t\t\t\t<\/div>\n\t\t\t\t<\/div>\n\t\t\t\t<\/div>\n\t\t\t\t<\/section>\n\t\t<section class=\"elementor-element elementor-element-8e7a29a e-con-full e-flex e-con e-parent\" data-id=\"8e7a29a\" data-element_type=\"container\">\n\t\t\t\t<div class=\"elementor-element elementor-element-5428f0b elementor-widget elementor-widget-text-editor\" data-id=\"5428f0b\" data-element_type=\"widget\" data-widget_type=\"text-editor.default\">\n\t\t\t\t<div class=\"elementor-widget-container\">\n\t\t\t\t\t\t\t\t\t<p>Set\u00fabal ist eine portugiesische K\u00fcstenstadt, die mit ihren atemberaubenden Landschaften zwischen dem Fluss Sado und dem Atlantischen Ozean beeindruckt. Sie ist f\u00fcr ihre Moscatel-Weine und ihre an Meeresfr\u00fcchten reiche K\u00fcche bekannt und ein Muss f\u00fcr Liebhaber der guten K\u00fcche. Das historische Zentrum mit seinen malerischen Stra\u00dfen und Bauwerken wie der Burg S\u00e3o Filipe entf\u00fchrt Sie auf eine Reise durch die Zeit. Die Str\u00e4nde mit kristallklarem Wasser, wie der sch\u00f6ne Praia da Figueirinha, laden zum Entspannen ein. Set\u00fabal ist eine bezaubernde Mischung aus Geschichte, Kultur und atemberaubender Natur.<\/p>\t\t\t\t\t\t\t\t<\/div>\n\t\t\t\t<\/div>\n\t\t\t\t<\/section>\n\t\t<div class=\"elementor-element elementor-element-484e8bf e-con-full e-flex e-con e-parent\" data-id=\"484e8bf\" data-element_type=\"container\">\n\t\t\t\t<div class=\"elementor-element elementor-element-5b88a1e elementor-widget elementor-widget-heading\" data-id=\"5b88a1e\" data-element_type=\"widget\" data-widget_type=\"heading.default\">\n\t\t\t\t<div class=\"elementor-widget-container\">\n\t\t\t\t\t<h5 class=\"elementor-heading-title elementor-size-default\">Galerie<\/h5>\t\t\t\t<\/div>\n\t\t\t\t<\/div>\n\t\t\t\t<div class=\"elementor-element elementor-element-33fcce4 elementor-skin-carousel elementor-arrows-yes elementor-pagination-type-bullets elementor-pagination-position-outside elementor-widget elementor-widget-hoti-gallery-slider\" data-id=\"33fcce4\" data-element_type=\"widget\" data-settings=\"{&quot;slides_per_view&quot;:&quot;3&quot;,&quot;skin&quot;:&quot;carousel&quot;,&quot;effect&quot;:&quot;slide&quot;,&quot;show_arrows&quot;:&quot;yes&quot;,&quot;pagination&quot;:&quot;bullets&quot;,&quot;speed&quot;:500,&quot;autoplay&quot;:&quot;yes&quot;,&quot;autoplay_speed&quot;:5000,&quot;pause_on_hover&quot;:&quot;yes&quot;,&quot;pause_on_interaction&quot;:&quot;yes&quot;,&quot;space_between&quot;:{&quot;unit&quot;:&quot;px&quot;,&quot;size&quot;:10,&quot;sizes&quot;:[]},&quot;space_between_tablet_extra&quot;:{&quot;unit&quot;:&quot;px&quot;,&quot;size&quot;:10,&quot;sizes&quot;:[]},&quot;space_between_tablet&quot;:{&quot;unit&quot;:&quot;px&quot;,&quot;size&quot;:10,&quot;sizes&quot;:[]},&quot;space_between_mobile_extra&quot;:{&quot;unit&quot;:&quot;px&quot;,&quot;size&quot;:10,&quot;sizes&quot;:[]},&quot;space_between_mobile&quot;:{&quot;unit&quot;:&quot;px&quot;,&quot;size&quot;:10,&quot;sizes&quot;:[]}}\" data-widget_type=\"hoti-gallery-slider.default\">\n\t\t\t\t<div class=\"elementor-widget-container\">\n\t\t\t\t\t\t\t\t\t<div class=\"elementor-swiper\">\n\t\t\t\t\t<div class=\"elementor-main-swiper swiper\" role=\"region\" aria-roledescription=\"carousel\" aria-label=\"Slider\">\n\t\t\t\t<div class=\"swiper-wrapper\">\n\t\t\t\t\t\t\t\t\t\t\t<div class=\"swiper-slide\" role=\"group\" aria-roledescription=\"slide\">\n\t\t\t\t\t\t\t\t\t<div class=\"elementor-carousel-image landscape\" role=\"img\" aria-label=\"Melia_Setubal_Gallery1\" style=\"background-image: url(&#039;https:\/\/www.meliasetubal.com\/wp-content\/uploads\/sites\/20\/2024\/06\/Melia_Setubal_Gallery1.jpg&#039;)\">\r\n\r\n\t\t\t\r\n\t\t\t\t\t<\/div>\r\n\t\t\t\t\t\t\t\t<\/div>\n\t\t\t\t\t\t\t\t\t\t\t<div class=\"swiper-slide\" role=\"group\" aria-roledescription=\"slide\">\n\t\t\t\t\t\t\t\t\t<div class=\"elementor-carousel-image portrait\" role=\"img\" aria-label=\"Melia_Setubal_Gallery2\" style=\"background-image: url(&#039;https:\/\/www.meliasetubal.com\/wp-content\/uploads\/sites\/20\/2024\/06\/Melia_Setubal_Gallery2.jpg&#039;)\">\r\n\r\n\t\t\t\r\n\t\t\t\t\t<\/div>\r\n\t\t\t\t\t\t\t\t<\/div>\n\t\t\t\t\t\t\t\t\t\t\t<div class=\"swiper-slide\" role=\"group\" aria-roledescription=\"slide\">\n\t\t\t\t\t\t\t\t\t<div class=\"elementor-carousel-image landscape\" role=\"img\" aria-label=\"Melia_Setubal_Gallery5\" style=\"background-image: url(&#039;https:\/\/www.meliasetubal.com\/wp-content\/uploads\/sites\/20\/2024\/06\/Melia_Setubal_Gallery5.jpg&#039;)\">\r\n\r\n\t\t\t\r\n\t\t\t\t\t<\/div>\r\n\t\t\t\t\t\t\t\t<\/div>\n\t\t\t\t\t\t\t\t\t\t\t<div class=\"swiper-slide\" role=\"group\" aria-roledescription=\"slide\">\n\t\t\t\t\t\t\t\t\t<div class=\"elementor-carousel-image landscape\" role=\"img\" aria-label=\"Melia_Setubal_Gallery4\" style=\"background-image: url(&#039;https:\/\/www.meliasetubal.com\/wp-content\/uploads\/sites\/20\/2024\/06\/Melia_Setubal_Gallery4.jpg&#039;)\">\r\n\r\n\t\t\t\r\n\t\t\t\t\t<\/div>\r\n\t\t\t\t\t\t\t\t<\/div>\n\t\t\t\t\t\t\t\t\t\t\t<div class=\"swiper-slide\" role=\"group\" aria-roledescription=\"slide\">\n\t\t\t\t\t\t\t\t\t<div class=\"elementor-carousel-image landscape\" role=\"img\" aria-label=\"Melia_Setubal_Gallery3\" style=\"background-image: url(&#039;https:\/\/www.meliasetubal.com\/wp-content\/uploads\/sites\/20\/2024\/06\/Melia_Setubal_Gallery3.jpg&#039;)\">\r\n\r\n\t\t\t\r\n\t\t\t\t\t<\/div>\r\n\t\t\t\t\t\t\t\t<\/div>\n\t\t\t\t\t\t\t\t\t<\/div>\n\t\t\t\t\t\t\t\t\t\t\t\t\t\t\t<div class=\"elementor-swiper-button elementor-swiper-button-prev\" role=\"button\" tabindex=\"0\" aria-label=\"Voriger\">\n\t\t\t\t\t\t\t<i aria-hidden=\"true\" class=\"eicon-chevron-left\"><\/i>\t\t\t\t\t\t<\/div>\n\t\t\t\t\t\t<div class=\"elementor-swiper-button elementor-swiper-button-next\" role=\"button\" tabindex=\"0\" aria-label=\"N\u00e4chster\">\n\t\t\t\t\t\t\t<i aria-hidden=\"true\" class=\"eicon-chevron-right\"><\/i>\t\t\t\t\t\t<\/div>\n\t\t\t\t\t\t\t\t\t\t\t\t\t\t\t\t<div class=\"swiper-pagination\"><\/div>\n\t\t\t\t\t\t\t\t\t\t\t\t<\/div>\n\t\t\t\t<\/div>\n\t\t\t\t\t\t\t\t<\/div>\n\t\t\t\t<\/div>\n\t\t\t\t<\/div>\n\t\t<section class=\"elementor-element elementor-element-5be6fa1 e-con-full e-flex e-con e-parent\" data-id=\"5be6fa1\" data-element_type=\"container\">\n\t\t<div class=\"elementor-element elementor-element-637ccd9 e-con-full e-flex e-con e-child\" data-id=\"637ccd9\" data-element_type=\"container\">\n\t\t<div class=\"elementor-element elementor-element-55df4ad e-con-full e-flex e-con e-child\" data-id=\"55df4ad\" data-element_type=\"container\">\n\t\t\t\t<div class=\"elementor-element elementor-element-650bc2a elementor-widget elementor-widget-heading\" data-id=\"650bc2a\" data-element_type=\"widget\" data-widget_type=\"heading.default\">\n\t\t\t\t<div class=\"elementor-widget-container\">\n\t\t\t\t\t<h2 class=\"elementor-heading-title elementor-size-default\">ERKUNDEN SIE DIE<\/h2>\t\t\t\t<\/div>\n\t\t\t\t<\/div>\n\t\t\t\t<div class=\"elementor-element elementor-element-1062144 elementor-widget elementor-widget-heading\" data-id=\"1062144\" data-element_type=\"widget\" data-widget_type=\"heading.default\">\n\t\t\t\t<div class=\"elementor-widget-container\">\n\t\t\t\t\t<h2 class=\"elementor-heading-title elementor-size-default\"> STADT SET\u00daBAL<\/h2>\t\t\t\t<\/div>\n\t\t\t\t<\/div>\n\t\t\t\t<div class=\"elementor-element elementor-element-da84be1 elementor-widget__width-initial elementor-widget elementor-widget-text-editor\" data-id=\"da84be1\" data-element_type=\"widget\" data-widget_type=\"text-editor.default\">\n\t\t\t\t<div class=\"elementor-widget-container\">\n\t\t\t\t\t\t\t\t\t<ul><li>Besuchen Sie Praia da Figueirinha und Praia dos Galapos, zwei der beliebtesten Str\u00e4nde Portugals, die f\u00fcr ihr ruhiges Wasser, den feinen Sand und die atemberaubende Landschaft bekannt sind.<\/li><li>Wandern Sie auf den Pfaden des Arr\u00e1bida-Naturparks und genie\u00dfen Sie die unglaubliche Aussicht auf die portugiesische K\u00fcste.<\/li><li>Erfahren Sie bei einem Besuch der Festung S\u00e3o Filipe, des Jesus-Klosters und des Arbeitsmuseums Michel Giacometti etwas \u00fcber die Geschichte und Kultur Set\u00fabals.<\/li><li>Probieren Sie das Beste, was die Gastronomie von Set\u00fabal zu bieten hat, kosten Sie den ber\u00fchmten gebratenen Tintenfisch, das typischste Gericht der Region, und nutzen Sie die Gelegenheit, den Livramento-Markt zu besuchen, wo Sie eine gro\u00dfe Auswahl an frischem Fisch und lokalen Produkten finden.<\/li><li>Die Region Set\u00fabal ist auch ein Muss f\u00fcr Weinliebhaber: Besuchen Sie die Adega de Palmela oder die Quinta da Bacalh\u00f4a und probieren Sie die Weine und Muskateller der Region.<\/li><\/ul>\t\t\t\t\t\t\t\t<\/div>\n\t\t\t\t<\/div>\n\t\t\t\t<\/div>\n\t\t\t\t<\/div>\n\t\t<div class=\"elementor-element elementor-element-65d27bb e-con-full e-flex e-con e-child\" data-id=\"65d27bb\" data-element_type=\"container\" data-settings=\"{&quot;background_background&quot;:&quot;classic&quot;}\">\n\t\t\t\t<div class=\"elementor-element elementor-element-bcfdf42 elementor-widget elementor-widget-spacer\" data-id=\"bcfdf42\" data-element_type=\"widget\" data-widget_type=\"spacer.default\">\n\t\t\t\t<div class=\"elementor-widget-container\">\n\t\t\t\t\t\t\t<div class=\"elementor-spacer\">\n\t\t\t<div class=\"elementor-spacer-inner\"><\/div>\n\t\t<\/div>\n\t\t\t\t\t\t<\/div>\n\t\t\t\t<\/div>\n\t\t\t\t<\/div>\n\t\t\t\t<\/section>\n\t\t<section class=\"elementor-element elementor-element-540cb73 e-con-full e-flex e-con e-parent\" data-id=\"540cb73\" data-element_type=\"container\">\n\t\t<div class=\"elementor-element elementor-element-e3e1f7c e-con-full e-flex e-con e-child\" data-id=\"e3e1f7c\" data-element_type=\"container\" data-settings=\"{&quot;background_background&quot;:&quot;classic&quot;}\">\n\t\t\t\t<div class=\"elementor-element elementor-element-917d9c4 elementor-widget elementor-widget-spacer\" data-id=\"917d9c4\" data-element_type=\"widget\" data-widget_type=\"spacer.default\">\n\t\t\t\t<div class=\"elementor-widget-container\">\n\t\t\t\t\t\t\t<div class=\"elementor-spacer\">\n\t\t\t<div class=\"elementor-spacer-inner\"><\/div>\n\t\t<\/div>\n\t\t\t\t\t\t<\/div>\n\t\t\t\t<\/div>\n\t\t\t\t<\/div>\n\t\t<div class=\"elementor-element elementor-element-75fb5c0 e-con-full e-flex e-con e-child\" data-id=\"75fb5c0\" data-element_type=\"container\">\n\t\t<div class=\"elementor-element elementor-element-5fdd577 e-con-full e-flex e-con e-child\" data-id=\"5fdd577\" data-element_type=\"container\">\n\t\t\t\t<div class=\"elementor-element elementor-element-3395003 elementor-widget elementor-widget-heading\" data-id=\"3395003\" data-element_type=\"widget\" data-widget_type=\"heading.default\">\n\t\t\t\t<div class=\"elementor-widget-container\">\n\t\t\t\t\t<h2 class=\"elementor-heading-title elementor-size-default\">DIE STADT<\/h2>\t\t\t\t<\/div>\n\t\t\t\t<\/div>\n\t\t\t\t<div class=\"elementor-element elementor-element-eb30610 elementor-widget elementor-widget-heading\" data-id=\"eb30610\" data-element_type=\"widget\" data-widget_type=\"heading.default\">\n\t\t\t\t<div class=\"elementor-widget-container\">\n\t\t\t\t\t<h2 class=\"elementor-heading-title elementor-size-default\"> SET\u00daBAL ERLEBEN<\/h2>\t\t\t\t<\/div>\n\t\t\t\t<\/div>\n\t\t\t\t<div class=\"elementor-element elementor-element-ca4faff elementor-widget elementor-widget-text-editor\" data-id=\"ca4faff\" data-element_type=\"widget\" data-widget_type=\"text-editor.default\">\n\t\t\t\t<div class=\"elementor-widget-container\">\n\t\t\t\t\t\t\t\t\t<p>Die Stadt Set\u00fabal liegt an der so genannten Costa Azul (Blaue K\u00fcste) und ist ein wichtiges Hafen- und Handelsgebiet, zu dessen Hauptaktivit\u00e4ten die Fischerei geh\u00f6rt.<br \/>Im historischen Zentrum s\u00e4umen traditionelle Gesch\u00e4fte die Fu\u00dfg\u00e4ngerzonen, die zu einer angenehmen Allee mit einem gro\u00dfen, erfrischenden Garten f\u00fchren.<br \/>Aufgrund ihrer nat\u00fcrlichen und kulturellen Umgebung ist die Stadt Set\u00fabal bei Touristen immer beliebter geworden.<br \/>Die Serra da Arr\u00e1bida oder eine Bootsfahrt zur Halbinsel Tr\u00f3ia sind zwei Ziele, die Sie sich nicht entgehen lassen sollten.<\/p>\t\t\t\t\t\t\t\t<\/div>\n\t\t\t\t<\/div>\n\t\t\t\t<\/div>\n\t\t\t\t<\/div>\n\t\t\t\t<\/section>\n\t\t<div class=\"elementor-element elementor-element-6d9b414 e-con-full e-flex e-con e-parent\" data-id=\"6d9b414\" data-element_type=\"container\">\n\t\t\t\t<div class=\"elementor-element elementor-element-cbaed58 elementor-widget elementor-widget-heading\" data-id=\"cbaed58\" data-element_type=\"widget\" data-widget_type=\"heading.default\">\n\t\t\t\t<div class=\"elementor-widget-container\">\n\t\t\t\t\t<h5 class=\"elementor-heading-title elementor-size-default\">Was sehen und was tun\n<\/h5>\t\t\t\t<\/div>\n\t\t\t\t<\/div>\n\t\t<div class=\"elementor-element elementor-element-b346bc2 e-con-full e-flex e-con e-child\" data-id=\"b346bc2\" data-element_type=\"container\">\n\t\t\t\t<div class=\"elementor-element elementor-element-740e4bc elementor-widget elementor-widget-n-carousel\" data-id=\"740e4bc\" data-element_type=\"widget\" data-settings=\"{&quot;carousel_items&quot;:[{&quot;slide_title&quot;:&quot;Slide #1&quot;,&quot;_id&quot;:&quot;bc1ad8d&quot;},{&quot;slide_title&quot;:&quot;Slide #2&quot;,&quot;_id&quot;:&quot;817f723&quot;},{&quot;slide_title&quot;:&quot;Slide #3&quot;,&quot;_id&quot;:&quot;f0475f9&quot;},{&quot;_id&quot;:&quot;ca82639&quot;,&quot;slide_title&quot;:&quot;Slide #4&quot;}],&quot;slides_to_show&quot;:&quot;4&quot;,&quot;image_spacing_custom&quot;:{&quot;unit&quot;:&quot;px&quot;,&quot;size&quot;:30,&quot;sizes&quot;:[]},&quot;slides_to_show_mobile_extra&quot;:&quot;1&quot;,&quot;slides_to_scroll_mobile_extra&quot;:&quot;1&quot;,&quot;slides_to_show_tablet&quot;:&quot;2&quot;,&quot;slides_to_show_mobile&quot;:&quot;1&quot;,&quot;autoplay&quot;:&quot;yes&quot;,&quot;autoplay_speed&quot;:5000,&quot;pause_on_hover&quot;:&quot;yes&quot;,&quot;pause_on_interaction&quot;:&quot;yes&quot;,&quot;speed&quot;:500,&quot;image_spacing_custom_tablet_extra&quot;:{&quot;unit&quot;:&quot;px&quot;,&quot;size&quot;:&quot;&quot;,&quot;sizes&quot;:[]},&quot;image_spacing_custom_tablet&quot;:{&quot;unit&quot;:&quot;px&quot;,&quot;size&quot;:&quot;&quot;,&quot;sizes&quot;:[]},&quot;image_spacing_custom_mobile_extra&quot;:{&quot;unit&quot;:&quot;px&quot;,&quot;size&quot;:&quot;&quot;,&quot;sizes&quot;:[]},&quot;image_spacing_custom_mobile&quot;:{&quot;unit&quot;:&quot;px&quot;,&quot;size&quot;:&quot;&quot;,&quot;sizes&quot;:[]}}\" data-widget_type=\"nested-carousel.default\">\n\t\t\t\t<div class=\"elementor-widget-container\">\n\t\t\t\t\t\t\t<div class=\"e-n-carousel swiper\" role=\"region\" aria-roledescription=\"carousel\" aria-label=\"Karussell\" dir=\"ltr\">\n\t\t\t<div class=\"swiper-wrapper\" aria-live=\"off\">\n\t\t\t\t\t\t\t\t\t\t<div class=\"swiper-slide\" data-slide=\"1\" role=\"group\" aria-roledescription=\"slide\" aria-label=\"1 von 4\">\n\t\t\t\t\t\t\t<div class=\"elementor-element elementor-element-53701c7 e-flex e-con-boxed e-con e-child\" data-id=\"53701c7\" data-element_type=\"container\">\n\t\t\t\t\t<div class=\"e-con-inner\">\n\t\t<div class=\"elementor-element elementor-element-89754ef e-con-full e-flex e-con e-child\" data-id=\"89754ef\" data-element_type=\"container\">\n\t\t\t\t<div class=\"elementor-element elementor-element-e0a8418 elementor-widget__width-initial elementor-position-top elementor-widget elementor-widget-image-box\" data-id=\"e0a8418\" data-element_type=\"widget\" data-widget_type=\"image-box.default\">\n\t\t\t\t<div class=\"elementor-widget-container\">\n\t\t\t\t\t<div class=\"elementor-image-box-wrapper\"><figure class=\"elementor-image-box-img\"><img decoding=\"async\" src=\"https:\/\/www.meliasetubal.com\/wp-content\/uploads\/sites\/20\/elementor\/thumbs\/Galeria_homeoage_6-qtzxrj2cglnf8ghbikjhzrinur7bawwozw7xdlic7c.jpg\" title=\"Galeria_homeoage_6\" alt=\"Galeria_homeoage_6\" loading=\"lazy\" \/><\/figure><div class=\"elementor-image-box-content\"><h3 class=\"elementor-image-box-title\">Moscatel de Set\u00fabal<\/h3><p class=\"elementor-image-box-description\">Der Moscatel de Set\u00fabal ist der emblematische Wein der Weinregion der Halbinsel Set\u00fabal und einer der Sch\u00e4tze der portugiesischen Weine.\nDiese Weine werden immer mindestens zwei Jahre lang gereift. Sie zeichnen sich durch frische und elegante Weine aus. Mit ihren einzigartigen Eigenschaften sind die gespriteten Set\u00fabal-Weine ewig \u00fcppig, von enormer Sensibilit\u00e4t und Genuss, wunderbar in ihrer stets schwierigen Harmonie zwischen Zucker, Alkohol und Frische.<\/p><\/div><\/div>\t\t\t\t<\/div>\n\t\t\t\t<\/div>\n\t\t\t\t<\/div>\n\t\t\t\t\t<\/div>\n\t\t\t\t<\/div>\n\t\t\t\t\t\t\t\t<\/div>\n\t\t\t\t\t\t\t\t\t\t\t<div class=\"swiper-slide\" data-slide=\"2\" role=\"group\" aria-roledescription=\"slide\" aria-label=\"2 von 4\">\n\t\t\t\t\t\t\t<div class=\"elementor-element elementor-element-f76e8da e-flex e-con-boxed e-con e-child\" data-id=\"f76e8da\" data-element_type=\"container\">\n\t\t\t\t\t<div class=\"e-con-inner\">\n\t\t\t\t<div class=\"elementor-element elementor-element-357ba66 elementor-widget__width-initial elementor-position-top elementor-widget elementor-widget-image-box\" data-id=\"357ba66\" data-element_type=\"widget\" data-widget_type=\"image-box.default\">\n\t\t\t\t<div class=\"elementor-widget-container\">\n\t\t\t\t\t<div class=\"elementor-image-box-wrapper\"><figure class=\"elementor-image-box-img\"><img decoding=\"async\" src=\"https:\/\/www.meliasetubal.com\/wp-content\/uploads\/sites\/20\/elementor\/thumbs\/Praias-qtzxs0xa2gbvd1rdma9et50f52rad5vlecm5hurux4.jpg\" title=\"Praias\" alt=\"Praias\" loading=\"lazy\" \/><\/figure><div class=\"elementor-image-box-content\"><h3 class=\"elementor-image-box-title\">Str\u00e4nde <\/h3><p class=\"elementor-image-box-description\">Die Str\u00e4nde von Set\u00fabal sind zusammen mit dem Naturpark Arr\u00e1bida eine der Hauptattraktionen, die die Gemeinde ihren Besuchern bietet.\nSie werden vom gr\u00fcnen Mantel des Arr\u00e1bida-Gebirges umh\u00fcllt, das den Str\u00e4nden seinen erfrischenden Schatten spendet.<\/p><\/div><\/div>\t\t\t\t<\/div>\n\t\t\t\t<\/div>\n\t\t\t\t\t<\/div>\n\t\t\t\t<\/div>\n\t\t\t\t\t\t\t\t<\/div>\n\t\t\t\t\t\t\t\t\t\t\t<div class=\"swiper-slide\" data-slide=\"3\" role=\"group\" aria-roledescription=\"slide\" aria-label=\"3 von 4\">\n\t\t\t\t\t\t\t<div class=\"elementor-element elementor-element-2733f80 e-flex e-con-boxed e-con e-child\" data-id=\"2733f80\" data-element_type=\"container\">\n\t\t\t\t\t<div class=\"e-con-inner\">\n\t\t\t\t<div class=\"elementor-element elementor-element-ca50de8 elementor-widget__width-initial elementor-position-top elementor-widget elementor-widget-image-box\" data-id=\"ca50de8\" data-element_type=\"widget\" data-widget_type=\"image-box.default\">\n\t\t\t\t<div class=\"elementor-widget-container\">\n\t\t\t\t\t<div class=\"elementor-image-box-wrapper\"><figure class=\"elementor-image-box-img\"><img decoding=\"async\" src=\"https:\/\/www.meliasetubal.com\/wp-content\/uploads\/sites\/20\/elementor\/thumbs\/Golfinhos-qtzxs0xa2gbvd1rdma9et50f52rad5vlecm5hurux4.jpg\" title=\"Golfinhos\" alt=\"Golfinhos\" loading=\"lazy\" \/><\/figure><div class=\"elementor-image-box-content\"><h3 class=\"elementor-image-box-title\">Delphine - Die Sado-delphine<\/h3><p class=\"elementor-image-box-description\">An der K\u00fcste der Region Set\u00fabal kann man Exemplare des Gro\u00dfen T\u00fcmmlers (Tursiops truncatus) sehen, der als eines der faunistischen Exlibris der Region gilt.\nDas Gebiet zwischen der Atlantikk\u00fcste (Gal\u00e9 und Arr\u00e1bida) und der Sado-M\u00fcndung wird von einer der drei einzigen Gemeinschaften dieser S\u00e4ugetiere bewohnt, die im europ\u00e4ischen Meeresraum leben.<\/p><\/div><\/div>\t\t\t\t<\/div>\n\t\t\t\t<\/div>\n\t\t\t\t\t<\/div>\n\t\t\t\t<\/div>\n\t\t\t\t\t\t\t\t<\/div>\n\t\t\t\t\t\t\t\t\t\t\t<div class=\"swiper-slide\" data-slide=\"4\" role=\"group\" aria-roledescription=\"slide\" aria-label=\"4 von 4\">\n\t\t\t\t\t\t\t<div class=\"elementor-element elementor-element-1061503 e-flex e-con-boxed e-con e-child\" data-id=\"1061503\" data-element_type=\"container\">\n\t\t\t\t\t<div class=\"e-con-inner\">\n\t\t\t\t<div class=\"elementor-element elementor-element-461a763 elementor-widget__width-initial elementor-position-top elementor-widget elementor-widget-image-box\" data-id=\"461a763\" data-element_type=\"widget\" data-widget_type=\"image-box.default\">\n\t\t\t\t<div class=\"elementor-widget-container\">\n\t\t\t\t\t<div class=\"elementor-image-box-wrapper\"><figure class=\"elementor-image-box-img\"><img decoding=\"async\" src=\"https:\/\/www.meliasetubal.com\/wp-content\/uploads\/sites\/20\/elementor\/thumbs\/troia-qtzxs1v49ad5onq0gso1dmrvqgmnkuzbqh9mz4qgqw.jpg\" title=\"troia\" alt=\"troia\" loading=\"lazy\" \/><\/figure><div class=\"elementor-image-box-content\"><h3 class=\"elementor-image-box-title\">Tr\u00f3ia<\/h3><p class=\"elementor-image-box-description\">Diese paradiesische Lage erm\u00f6glicht es Ihnen, wei\u00dfe Sandstr\u00e4nde und kristallklares, mildes Wasser zu genie\u00dfen. Dank der privilegierten Lage zwischen dem Atlantischen Ozean und der Sado-M\u00fcndung k\u00f6nnen Sie in Tr\u00f3ia den Blick auf den au\u00dfergew\u00f6hnlichen Naturpark Arr\u00e1bida genie\u00dfen.<\/p><\/div><\/div>\t\t\t\t<\/div>\n\t\t\t\t<\/div>\n\t\t\t\t\t<\/div>\n\t\t\t\t<\/div>\n\t\t\t\t\t\t\t\t<\/div>\n\t\t\t\t\t\t\t\t<\/div>\n\t\t<\/div>\n\t\t\t\t\t\t<\/div>\n\t\t\t\t<\/div>\n\t\t\t\t<\/div>\n\t\t\t\t<\/div>\n\t\t<div class=\"elementor-element elementor-element-e036ed8 e-con-full e-flex e-con e-parent\" data-id=\"e036ed8\" data-element_type=\"container\">\n\t\t\t\t<div class=\"elementor-element elementor-element-6595041 elementor-widget elementor-widget-heading\" data-id=\"6595041\" data-element_type=\"widget\" data-widget_type=\"heading.default\">\n\t\t\t\t<div class=\"elementor-widget-container\">\n\t\t\t\t\t<h5 class=\"elementor-heading-title elementor-size-default\">So kommen sie zum hotel\n<\/h5>\t\t\t\t<\/div>\n\t\t\t\t<\/div>\n\t\t\t\t<\/div>\n\t\t<section class=\"elementor-element elementor-element-37fa7d5 e-con-full e-flex e-con e-parent\" data-id=\"37fa7d5\" data-element_type=\"container\">\n\t\t\t\t<div class=\"elementor-element elementor-element-d1659ab elementor-widget__width-initial elementor-view-default elementor-position-top elementor-mobile-position-top elementor-widget elementor-widget-icon-box\" data-id=\"d1659ab\" data-element_type=\"widget\" data-widget_type=\"icon-box.default\">\n\t\t\t\t<div class=\"elementor-widget-container\">\n\t\t\t\t\t\t\t<div class=\"elementor-icon-box-wrapper\">\n\n\t\t\t\t\t\t<div class=\"elementor-icon-box-icon\">\n\t\t\t\t<span  class=\"elementor-icon\">\n\t\t\t\t<i aria-hidden=\"true\" class=\"fal fa-bus-alt\"><\/i>\t\t\t\t<\/span>\n\t\t\t<\/div>\n\t\t\t\n\t\t\t\t\t\t<div class=\"elementor-icon-box-content\">\n\n\t\t\t\t\t\t\t\t\t<h3 class=\"elementor-icon-box-title\">\n\t\t\t\t\t\t<span  >\n\t\t\t\t\t\t\tBUS\t\t\t\t\t\t<\/span>\n\t\t\t\t\t<\/h3>\n\t\t\t\t\n\t\t\t\t\t\t\t\t\t<p class=\"elementor-icon-box-description\">\n\t\t\t\t\t\tDie Linie Rede Expressos, Carris Metropolitana verkehrt zwischen Lissabon und Set\u00fabal. Diese Linie f\u00e4hrt von den Bahnh\u00f6fen Sete Rios und Gare do Oriente ab.\t\t\t\t\t<\/p>\n\t\t\t\t\n\t\t\t<\/div>\n\t\t\t\n\t\t<\/div>\n\t\t\t\t\t\t<\/div>\n\t\t\t\t<\/div>\n\t\t\t\t<div class=\"elementor-element elementor-element-262a63b elementor-widget__width-initial elementor-view-default elementor-position-top elementor-mobile-position-top elementor-widget elementor-widget-icon-box\" data-id=\"262a63b\" data-element_type=\"widget\" data-widget_type=\"icon-box.default\">\n\t\t\t\t<div class=\"elementor-widget-container\">\n\t\t\t\t\t\t\t<div class=\"elementor-icon-box-wrapper\">\n\n\t\t\t\t\t\t<div class=\"elementor-icon-box-icon\">\n\t\t\t\t<span  class=\"elementor-icon\">\n\t\t\t\t<i aria-hidden=\"true\" class=\"fal fa-cars\"><\/i>\t\t\t\t<\/span>\n\t\t\t<\/div>\n\t\t\t\n\t\t\t\t\t\t<div class=\"elementor-icon-box-content\">\n\n\t\t\t\t\t\t\t\t\t<h3 class=\"elementor-icon-box-title\">\n\t\t\t\t\t\t<span  >\n\t\t\t\t\t\t\tRent-a-car\t\t\t\t\t\t<\/span>\n\t\t\t\t\t<\/h3>\n\t\t\t\t\n\t\t\t\t\t\t\t\t\t<p class=\"elementor-icon-box-description\">\n\t\t\t\t\t\tSie k\u00f6nnen ein Auto in der Ankunftshalle des Flughafens \u00fcber Autovermietungen mieten. Eine andere M\u00f6glichkeit ist, im Voraus zu buchen.\t\t\t\t\t<\/p>\n\t\t\t\t\n\t\t\t<\/div>\n\t\t\t\n\t\t<\/div>\n\t\t\t\t\t\t<\/div>\n\t\t\t\t<\/div>\n\t\t\t\t<div class=\"elementor-element elementor-element-20c5b52 elementor-widget__width-initial elementor-view-default elementor-position-top elementor-mobile-position-top elementor-widget elementor-widget-icon-box\" data-id=\"20c5b52\" data-element_type=\"widget\" data-widget_type=\"icon-box.default\">\n\t\t\t\t<div class=\"elementor-widget-container\">\n\t\t\t\t\t\t\t<div class=\"elementor-icon-box-wrapper\">\n\n\t\t\t\t\t\t<div class=\"elementor-icon-box-icon\">\n\t\t\t\t<span  class=\"elementor-icon\">\n\t\t\t\t<i aria-hidden=\"true\" class=\"fal fa-taxi\"><\/i>\t\t\t\t<\/span>\n\t\t\t<\/div>\n\t\t\t\n\t\t\t\t\t\t<div class=\"elementor-icon-box-content\">\n\n\t\t\t\t\t\t\t\t\t<h3 class=\"elementor-icon-box-title\">\n\t\t\t\t\t\t<span  >\n\t\t\t\t\t\t\tTaxi\t\t\t\t\t\t<\/span>\n\t\t\t\t\t<\/h3>\n\t\t\t\t\n\t\t\t\t\t\t\t\t\t<p class=\"elementor-icon-box-description\">\n\t\t\t\t\t\tDer durchschnittliche Taxitarif vom Flughafen betr\u00e4gt etwa 60,00 \u20ac. Die H\u00f6he des Preises h\u00e4ngt nicht von der Anzahl der Fahrg\u00e4ste ab, die das Fahrzeug benutzen. Wenn das Gep\u00e4ck gr\u00f6\u00dfer als 55x35x20cm ist, muss es im Kofferraum oder auf dem Dach transportiert werden. In diesem Fall kann ein Aufpreis erhoben werden. Rollst\u00fchle, Kinderbetten und Kinderwagen k\u00f6nnen kostenlos bef\u00f6rdert werden. Es wird kein Trinkgeld verlangt.\t\t\t\t\t<\/p>\n\t\t\t\t\n\t\t\t<\/div>\n\t\t\t\n\t\t<\/div>\n\t\t\t\t\t\t<\/div>\n\t\t\t\t<\/div>\n\t\t\t\t<div class=\"elementor-element elementor-element-6dc7245 elementor-widget__width-initial elementor-view-default elementor-position-top elementor-mobile-position-top elementor-widget elementor-widget-icon-box\" data-id=\"6dc7245\" data-element_type=\"widget\" data-widget_type=\"icon-box.default\">\n\t\t\t\t<div class=\"elementor-widget-container\">\n\t\t\t\t\t\t\t<div class=\"elementor-icon-box-wrapper\">\n\n\t\t\t\t\t\t<div class=\"elementor-icon-box-icon\">\n\t\t\t\t<span  class=\"elementor-icon\">\n\t\t\t\t<i aria-hidden=\"true\" class=\"fal fa-car\"><\/i>\t\t\t\t<\/span>\n\t\t\t<\/div>\n\t\t\t\n\t\t\t\t\t\t<div class=\"elementor-icon-box-content\">\n\n\t\t\t\t\t\t\t\t\t<h3 class=\"elementor-icon-box-title\">\n\t\t\t\t\t\t<span  >\n\t\t\t\t\t\t\tCar\t\t\t\t\t\t<\/span>\n\t\t\t\t\t<\/h3>\n\t\t\t\t\n\t\t\t\t\t\t\t\t\t<p class=\"elementor-icon-box-description\">\n\t\t\t\t\t\tVom Flughafen Humberto Delgado (Lissabon) bis zum Meli\u00e1 Set\u00fabal sind es etwa 48 Kilometer, und die Fahrt \u00fcber die E1 und A12 dauert etwa 50 Minuten.  \nNehmen Sie die E1 \/ Avenida Cidade do Porto \/ Segunda Circular: Richtung: A1- Nord \/ A12- S\u00fcd \/ Vasco-da-Gama-Br\u00fccke\n Nehmen Sie die IC17: Richtung A12- S\u00fcd \/ Vasco-da-Gama-Br\u00fccke\n Nehmen Sie die A12 \/ IP1 \/ E90: Richtung: Set\u00fabal (nehmen Sie die Ausfahrt: N10\/ Avenida Antero de Quental und biegen Sie links ab: Avenida da Europa (durch Set\u00fabal).\n Folgen Sie der N10 \/ Estrada Cisprestes: Biegen Sie rechts auf die Rua De Almeida Garrett und schlie\u00dflich links auf die Avenida Alexandre Herculano ab.\t\t\t\t\t<\/p>\n\t\t\t\t\n\t\t\t<\/div>\n\t\t\t\n\t\t<\/div>\n\t\t\t\t\t\t<\/div>\n\t\t\t\t<\/div>\n\t\t\t\t<\/section>\n\t\t<section class=\"elementor-element elementor-element-71af052 e-con-full e-flex e-con e-parent\" data-id=\"71af052\" data-element_type=\"container\">\n\t\t<div class=\"elementor-element elementor-element-d613357 e-con-full e-flex e-con e-child\" data-id=\"d613357\" data-element_type=\"container\">\n\t\t<div class=\"elementor-element elementor-element-97f47e6 e-con-full e-flex e-con e-child\" data-id=\"97f47e6\" data-element_type=\"container\">\n\t\t<div class=\"elementor-element elementor-element-2a90fad e-con-full e-flex e-con e-child\" data-id=\"2a90fad\" data-element_type=\"container\" id=\"cardstitles\">\n\t\t\t\t<div class=\"elementor-element elementor-element-a5afca3 elementor-widget elementor-widget-heading\" data-id=\"a5afca3\" data-element_type=\"widget\" data-widget_type=\"heading.default\">\n\t\t\t\t<div class=\"elementor-widget-container\">\n\t\t\t\t\t<h2 class=\"elementor-heading-title elementor-size-default\">EREIGNISSE\n<\/h2>\t\t\t\t<\/div>\n\t\t\t\t<\/div>\n\t\t\t\t<div class=\"elementor-element elementor-element-217b1b5 elementor-widget elementor-widget-heading\" data-id=\"217b1b5\" data-element_type=\"widget\" data-widget_type=\"heading.default\">\n\t\t\t\t<div class=\"elementor-widget-container\">\n\t\t\t\t\t<h2 class=\"elementor-heading-title elementor-size-default\">in Set\u00fabal<\/h2>\t\t\t\t<\/div>\n\t\t\t\t<\/div>\n\t\t\t\t<\/div>\n\t\t\t\t<\/div>\n\t\t<div class=\"elementor-element elementor-element-7da17e2 e-con-full e-flex e-con e-child\" data-id=\"7da17e2\" data-element_type=\"container\">\n\t\t\t\t<div class=\"elementor-element elementor-element-3ad7540 elementor-widget elementor-widget-n-carousel\" data-id=\"3ad7540\" data-element_type=\"widget\" data-settings=\"{&quot;carousel_items&quot;:[{&quot;slide_title&quot;:&quot;Slide #1&quot;,&quot;_id&quot;:&quot;bc1ad8d&quot;},{&quot;slide_title&quot;:&quot;Slide #2&quot;,&quot;_id&quot;:&quot;817f723&quot;},{&quot;_id&quot;:&quot;442777e&quot;,&quot;slide_title&quot;:&quot;Slide #3&quot;},{&quot;_id&quot;:&quot;858c7f0&quot;,&quot;slide_title&quot;:&quot;Slide #4&quot;}],&quot;slides_to_show&quot;:&quot;3&quot;,&quot;image_spacing_custom&quot;:{&quot;unit&quot;:&quot;px&quot;,&quot;size&quot;:30,&quot;sizes&quot;:[]},&quot;slides_to_show_mobile_extra&quot;:&quot;1&quot;,&quot;slides_to_scroll_mobile_extra&quot;:&quot;1&quot;,&quot;slides_to_show_tablet&quot;:&quot;2&quot;,&quot;slides_to_show_mobile&quot;:&quot;1&quot;,&quot;autoplay&quot;:&quot;yes&quot;,&quot;autoplay_speed&quot;:5000,&quot;pause_on_hover&quot;:&quot;yes&quot;,&quot;pause_on_interaction&quot;:&quot;yes&quot;,&quot;speed&quot;:500,&quot;image_spacing_custom_tablet_extra&quot;:{&quot;unit&quot;:&quot;px&quot;,&quot;size&quot;:&quot;&quot;,&quot;sizes&quot;:[]},&quot;image_spacing_custom_tablet&quot;:{&quot;unit&quot;:&quot;px&quot;,&quot;size&quot;:&quot;&quot;,&quot;sizes&quot;:[]},&quot;image_spacing_custom_mobile_extra&quot;:{&quot;unit&quot;:&quot;px&quot;,&quot;size&quot;:&quot;&quot;,&quot;sizes&quot;:[]},&quot;image_spacing_custom_mobile&quot;:{&quot;unit&quot;:&quot;px&quot;,&quot;size&quot;:&quot;&quot;,&quot;sizes&quot;:[]}}\" data-widget_type=\"nested-carousel.default\">\n\t\t\t\t<div class=\"elementor-widget-container\">\n\t\t\t\t\t\t\t<div class=\"e-n-carousel swiper\" role=\"region\" aria-roledescription=\"carousel\" aria-label=\"Karussell\" dir=\"ltr\">\n\t\t\t<div class=\"swiper-wrapper\" aria-live=\"off\">\n\t\t\t\t\t\t\t\t\t\t<div class=\"swiper-slide\" data-slide=\"1\" role=\"group\" aria-roledescription=\"slide\" aria-label=\"1 von 4\">\n\t\t\t\t\t\t\t<div class=\"elementor-element elementor-element-40632e3 e-flex e-con-boxed e-con e-child\" data-id=\"40632e3\" data-element_type=\"container\">\n\t\t\t\t\t<div class=\"e-con-inner\">\n\t\t<div class=\"elementor-element elementor-element-f5bd011 e-con-full e-flex e-con e-child\" data-id=\"f5bd011\" data-element_type=\"container\">\n\t\t\t\t<div class=\"elementor-element elementor-element-05e60f6 elementor-widget__width-initial elementor-position-top elementor-widget elementor-widget-image-box\" data-id=\"05e60f6\" data-element_type=\"widget\" data-widget_type=\"image-box.default\">\n\t\t\t\t<div class=\"elementor-widget-container\">\n\t\t\t\t\t<div class=\"elementor-image-box-wrapper\"><figure class=\"elementor-image-box-img\"><img fetchpriority=\"high\" decoding=\"async\" width=\"1440\" height=\"1920\" src=\"https:\/\/www.meliasetubal.com\/wp-content\/uploads\/sites\/20\/2024\/06\/Rampa-Arrabida.jpg\" class=\"attachment-full size-full wp-image-18859\" alt=\"Rampa Arr\u00e1bida\" srcset=\"https:\/\/www.meliasetubal.com\/wp-content\/uploads\/sites\/20\/2024\/06\/Rampa-Arrabida.jpg 1440w, https:\/\/www.meliasetubal.com\/wp-content\/uploads\/sites\/20\/2024\/06\/Rampa-Arrabida-225x300.jpg 225w, https:\/\/www.meliasetubal.com\/wp-content\/uploads\/sites\/20\/2024\/06\/Rampa-Arrabida-768x1024.jpg 768w, https:\/\/www.meliasetubal.com\/wp-content\/uploads\/sites\/20\/2024\/06\/Rampa-Arrabida-1152x1536.jpg 1152w\" sizes=\"(max-width: 1440px) 100vw, 1440px\" \/><\/figure><div class=\"elementor-image-box-content\"><h3 class=\"elementor-image-box-title\">Rampa da Arr\u00e1bida<\/h3><p class=\"elementor-image-box-description\">Diese j\u00e4hrliche Veranstaltung zieht nicht nur Rennsportbegeisterte an, sondern auch eine Menge adrenalinhungriger Zuschauer. Der Wettbewerb findet in der Serra da Arr\u00e1bida statt und bietet eine spektakul\u00e4re Kulisse, wenn die Fahrer die Kurven des Berges bezwingen. Es ist ein Moment, in dem die Stadt zu einem Zentrum der Emotionen und des K\u00f6nnens wird, um die Leidenschaft f\u00fcr den Motorsport zu feiern.<\/p><\/div><\/div>\t\t\t\t<\/div>\n\t\t\t\t<\/div>\n\t\t\t\t<\/div>\n\t\t\t\t\t<\/div>\n\t\t\t\t<\/div>\n\t\t\t\t\t\t\t\t<\/div>\n\t\t\t\t\t\t\t\t\t\t\t<div class=\"swiper-slide\" data-slide=\"2\" role=\"group\" aria-roledescription=\"slide\" aria-label=\"2 von 4\">\n\t\t\t\t\t\t\t<div class=\"elementor-element elementor-element-036c9fe e-flex e-con-boxed e-con e-child\" data-id=\"036c9fe\" data-element_type=\"container\">\n\t\t\t\t\t<div class=\"e-con-inner\">\n\t\t\t\t<div class=\"elementor-element elementor-element-fe52e3f elementor-widget__width-initial elementor-position-top elementor-widget elementor-widget-image-box\" data-id=\"fe52e3f\" data-element_type=\"widget\" data-widget_type=\"image-box.default\">\n\t\t\t\t<div class=\"elementor-widget-container\">\n\t\t\t\t\t<div class=\"elementor-image-box-wrapper\"><figure class=\"elementor-image-box-img\"><a href=\"https:\/\/www.festivalsemibreve.com\/\" tabindex=\"-1\"><img decoding=\"async\" src=\"https:\/\/www.meliasetubal.com\/wp-content\/uploads\/sites\/20\/elementor\/thumbs\/festival_choco-qtzxs1v49ad5onq0gso1dmrvqgmnkuzbqh9mz4qgqw.jpg\" title=\"festival_choco\" alt=\"festival_choco\" loading=\"lazy\" \/><\/a><\/figure><div class=\"elementor-image-box-content\"><h3 class=\"elementor-image-box-title\"><a href=\"https:\/\/www.festivalsemibreve.com\/\">Festival do Choco<\/a><\/h3><p class=\"elementor-image-box-description\">Das Festival Choco ist ein j\u00e4hrliches Fest in der K\u00fcstenstadt Set\u00fabal, Portugal. Es erstreckt sich \u00fcber mehrere Tage und zeichnet sich durch seine Vielfalt an Tintenfischgerichten aus, die von den traditionellsten bis zu den innovativsten reichen. Neben dem gastronomischen Angebot gibt es Live-Musik, Ausstellungen und kulturelle Aktivit\u00e4ten, die Besucher aus dem ganzen Land anlocken.<\/p><\/div><\/div>\t\t\t\t<\/div>\n\t\t\t\t<\/div>\n\t\t\t\t\t<\/div>\n\t\t\t\t<\/div>\n\t\t\t\t\t\t\t\t<\/div>\n\t\t\t\t\t\t\t\t\t\t\t<div class=\"swiper-slide\" data-slide=\"3\" role=\"group\" aria-roledescription=\"slide\" aria-label=\"3 von 4\">\n\t\t\t\t\t\t\t<div class=\"elementor-element elementor-element-394ddf1 e-flex e-con-boxed e-con e-child\" data-id=\"394ddf1\" data-element_type=\"container\">\n\t\t\t\t\t<div class=\"e-con-inner\">\n\t\t\t\t<div class=\"elementor-element elementor-element-95f5074 elementor-widget__width-initial elementor-position-top elementor-widget elementor-widget-image-box\" data-id=\"95f5074\" data-element_type=\"widget\" data-widget_type=\"image-box.default\">\n\t\t\t\t<div class=\"elementor-widget-container\">\n\t\t\t\t\t<div class=\"elementor-image-box-wrapper\"><figure class=\"elementor-image-box-img\"><img decoding=\"async\" width=\"407\" height=\"500\" src=\"https:\/\/www.meliasetubal.com\/wp-content\/uploads\/sites\/20\/2023\/12\/Praias-1.jpg\" class=\"attachment-full size-full wp-image-2019\" alt=\"Praias 1\" srcset=\"https:\/\/www.meliasetubal.com\/wp-content\/uploads\/sites\/20\/2023\/12\/Praias-1.jpg 407w, https:\/\/www.meliasetubal.com\/wp-content\/uploads\/sites\/20\/2023\/12\/Praias-1-244x300.jpg 244w\" sizes=\"(max-width: 407px) 100vw, 407px\" \/><\/figure><div class=\"elementor-image-box-content\"><h3 class=\"elementor-image-box-title\">Caparica Primavera Surf Fest<\/h3><p class=\"elementor-image-box-description\">Das Caparica - Primavera Surf Fest ist ein Surffestival, das im M\u00e4rz\/April am Praia do Para\u00edso stattfindet. W\u00e4hrend der Veranstaltung werden nationale und internationale Surf-, Bodyboard- und SUP-Meisterschaften ausgetragen.<\/p><\/div><\/div>\t\t\t\t<\/div>\n\t\t\t\t<\/div>\n\t\t\t\t\t<\/div>\n\t\t\t\t<\/div>\n\t\t\t\t\t\t\t\t<\/div>\n\t\t\t\t\t\t\t\t\t\t\t<div class=\"swiper-slide\" data-slide=\"4\" role=\"group\" aria-roledescription=\"slide\" aria-label=\"4 von 4\">\n\t\t\t\t\t\t\t<div class=\"elementor-element elementor-element-be953ca e-flex e-con-boxed e-con e-child\" data-id=\"be953ca\" data-element_type=\"container\">\n\t\t\t\t\t<div class=\"e-con-inner\">\n\t\t\t\t<div class=\"elementor-element elementor-element-3dafd13 elementor-widget__width-initial elementor-position-top elementor-widget elementor-widget-image-box\" data-id=\"3dafd13\" data-element_type=\"widget\" data-widget_type=\"image-box.default\">\n\t\t\t\t<div class=\"elementor-widget-container\">\n\t\t\t\t\t<div class=\"elementor-image-box-wrapper\"><figure class=\"elementor-image-box-img\"><a href=\"https:\/\/osoldacaparica.pt\/\" tabindex=\"-1\"><img decoding=\"async\" width=\"798\" height=\"900\" src=\"https:\/\/www.meliasetubal.com\/wp-content\/uploads\/sites\/20\/2024\/01\/Tryp_LisboaCaparica_Eventos_Sociais_Aniversarios.jpg\" class=\"attachment-full size-full wp-image-4438\" alt=\"Tryp_LisboaCaparica_Eventos_Sociais_Aniversarios\" srcset=\"https:\/\/www.meliasetubal.com\/wp-content\/uploads\/sites\/20\/2024\/01\/Tryp_LisboaCaparica_Eventos_Sociais_Aniversarios.jpg 798w, https:\/\/www.meliasetubal.com\/wp-content\/uploads\/sites\/20\/2024\/01\/Tryp_LisboaCaparica_Eventos_Sociais_Aniversarios-266x300.jpg 266w, https:\/\/www.meliasetubal.com\/wp-content\/uploads\/sites\/20\/2024\/01\/Tryp_LisboaCaparica_Eventos_Sociais_Aniversarios-768x866.jpg 768w\" sizes=\"(max-width: 798px) 100vw, 798px\" \/><\/a><\/figure><div class=\"elementor-image-box-content\"><h3 class=\"elementor-image-box-title\"><a href=\"https:\/\/osoldacaparica.pt\/\">O Sol da Caparica<\/a><\/h3><p class=\"elementor-image-box-description\">Es ist ein Musikfestival, das jedes Jahr im August im Parque Urbano stattfindet. Die K\u00fcnstler pr\u00e4sentieren ihre neuesten Werke, in denen ihre Kreativit\u00e4t und Innovation zum Ausdruck kommen.<\/p><\/div><\/div>\t\t\t\t<\/div>\n\t\t\t\t<\/div>\n\t\t\t\t\t<\/div>\n\t\t\t\t<\/div>\n\t\t\t\t\t\t\t\t<\/div>\n\t\t\t\t\t\t\t\t<\/div>\n\t\t<\/div>\n\t\t\t\t\t\t<\/div>\n\t\t\t\t<\/div>\n\t\t\t\t<\/div>\n\t\t\t\t<\/div>\n\t\t\t\t<\/section>\n\t\t\t\t<\/div>\n\t\t","protected":false},"excerpt":{"rendered":"<p>SET\u00daBAL Set\u00fabal ist eine portugiesische K\u00fcstenstadt, die mit ihren atemberaubenden Landschaften zwischen dem Fluss Sado und dem Atlantischen Ozean beeindruckt. Sie ist f\u00fcr ihre Moscatel-Weine und ihre an Meeresfr\u00fcchten reiche K\u00fcche bekannt und ein Muss f\u00fcr Liebhaber der guten K\u00fcche. Das historische Zentrum mit seinen malerischen Stra\u00dfen und Bauwerken wie der Burg S\u00e3o Filipe entf\u00fchrt [&hellip;]<\/p>\n","protected":false},"author":1,"featured_media":0,"parent":0,"menu_order":0,"comment_status":"closed","ping_status":"closed","template":"","meta":{"_acf_changed":false,"footnotes":""},"class_list":["post-8317","page","type-page","status-publish","hentry"],"acf":[],"yoast_head":"<!-- This site is optimized with the Yoast SEO plugin v24.5 - https:\/\/yoast.com\/wordpress\/plugins\/seo\/ -->\n<title>Set\u00fabal - Meli\u00e1 Set\u00fabal<\/title>\n<meta name=\"description\" content=\"O hotel Meli\u00e1 Set\u00fabal \u00e9 uma propriedade de 4 estrelas situado no centro da cidade de Set\u00fabal. Reserve diretamente no nosso site para as melhores vantagens.\" \/>\n<meta name=\"robots\" content=\"index, follow, max-snippet:-1, max-image-preview:large, max-video-preview:-1\" \/>\n<link rel=\"canonical\" href=\"https:\/\/www.meliasetubal.com\/de\/setubal\/\" \/>\n<meta property=\"og:locale\" content=\"de_DE\" \/>\n<meta property=\"og:type\" content=\"article\" \/>\n<meta property=\"og:title\" content=\"Set\u00fabal - Meli\u00e1 Set\u00fabal\" \/>\n<meta property=\"og:description\" content=\"O hotel Meli\u00e1 Set\u00fabal \u00e9 uma propriedade de 4 estrelas situado no centro da cidade de Set\u00fabal. Reserve diretamente no nosso site para as melhores vantagens.\" \/>\n<meta property=\"og:url\" content=\"https:\/\/www.meliasetubal.com\/de\/setubal\/\" \/>\n<meta property=\"og:site_name\" content=\"Meli\u00e1 Set\u00fabal\" \/>\n<meta property=\"article:publisher\" content=\"https:\/\/www.facebook.com\/meliasetubal\/\" \/>\n<meta property=\"article:modified_time\" content=\"2024-11-27T16:34:26+00:00\" \/>\n<meta property=\"og:image\" content=\"https:\/\/www.meliasetubal.com\/wp-content\/uploads\/sites\/20\/elementor\/thumbs\/Galeria_homeoage_6-qtzxrj2cglnf8ghbikjhzrinur7bawwozw7xdlic7c.jpg\" \/>\n<meta name=\"twitter:card\" content=\"summary_large_image\" \/>\n<meta name=\"twitter:label1\" content=\"Gesch\u00e4tzte Lesezeit\" \/>\n\t<meta name=\"twitter:data1\" content=\"10\u00a0Minuten\" \/>\n<script type=\"application\/ld+json\" class=\"yoast-schema-graph\">{\"@context\":\"https:\/\/schema.org\",\"@graph\":[{\"@type\":\"WebPage\",\"@id\":\"https:\/\/www.meliasetubal.com\/de\/setubal\/\",\"url\":\"https:\/\/www.meliasetubal.com\/de\/setubal\/\",\"name\":\"Set\u00fabal - Meli\u00e1 Set\u00fabal\",\"isPartOf\":{\"@id\":\"https:\/\/www.meliasetubal.com\/de\/#website\"},\"primaryImageOfPage\":{\"@id\":\"https:\/\/www.meliasetubal.com\/de\/setubal\/#primaryimage\"},\"image\":{\"@id\":\"https:\/\/www.meliasetubal.com\/de\/setubal\/#primaryimage\"},\"thumbnailUrl\":\"https:\/\/www.meliasetubal.com\/wp-content\/uploads\/sites\/20\/elementor\/thumbs\/Galeria_homeoage_6-qtzxrj2cglnf8ghbikjhzrinur7bawwozw7xdlic7c.jpg\",\"datePublished\":\"2023-12-19T12:17:38+00:00\",\"dateModified\":\"2024-11-27T16:34:26+00:00\",\"description\":\"O hotel Meli\u00e1 Set\u00fabal \u00e9 uma propriedade de 4 estrelas situado no centro da cidade de Set\u00fabal. Reserve diretamente no nosso site para as melhores vantagens.\",\"breadcrumb\":{\"@id\":\"https:\/\/www.meliasetubal.com\/de\/setubal\/#breadcrumb\"},\"inLanguage\":\"de\",\"potentialAction\":[{\"@type\":\"ReadAction\",\"target\":[\"https:\/\/www.meliasetubal.com\/de\/setubal\/\"]}]},{\"@type\":\"ImageObject\",\"inLanguage\":\"de\",\"@id\":\"https:\/\/www.meliasetubal.com\/de\/setubal\/#primaryimage\",\"url\":\"https:\/\/www.meliasetubal.com\/wp-content\/uploads\/sites\/20\/elementor\/thumbs\/Galeria_homeoage_6-qtzxrj2cglnf8ghbikjhzrinur7bawwozw7xdlic7c.jpg\",\"contentUrl\":\"https:\/\/www.meliasetubal.com\/wp-content\/uploads\/sites\/20\/elementor\/thumbs\/Galeria_homeoage_6-qtzxrj2cglnf8ghbikjhzrinur7bawwozw7xdlic7c.jpg\"},{\"@type\":\"BreadcrumbList\",\"@id\":\"https:\/\/www.meliasetubal.com\/de\/setubal\/#breadcrumb\",\"itemListElement\":[{\"@type\":\"ListItem\",\"position\":1,\"name\":\"In\u00edcio\",\"item\":\"https:\/\/www.meliasetubal.com\/de\/\"},{\"@type\":\"ListItem\",\"position\":2,\"name\":\"Set\u00fabal\"}]},{\"@type\":\"WebSite\",\"@id\":\"https:\/\/www.meliasetubal.com\/de\/#website\",\"url\":\"https:\/\/www.meliasetubal.com\/de\/\",\"name\":\"Meli\u00e1 Set\u00fabal\",\"description\":\"Das Meli\u00e1 Set\u00fabal Hotel ist ein 4-Sterne-Hotel im Zentrum von Set\u00fabal. Buchen Sie direkt auf unserer Website und profitieren Sie von den besten Vorteilen.\",\"publisher\":{\"@id\":\"https:\/\/www.meliasetubal.com\/de\/#organization\"},\"alternateName\":\"Meli\u00e1 Set\u00fabal\",\"potentialAction\":[{\"@type\":\"SearchAction\",\"target\":{\"@type\":\"EntryPoint\",\"urlTemplate\":\"https:\/\/www.meliasetubal.com\/de\/?s={search_term_string}\"},\"query-input\":{\"@type\":\"PropertyValueSpecification\",\"valueRequired\":true,\"valueName\":\"search_term_string\"}}],\"inLanguage\":\"de\"},{\"@type\":\"Organization\",\"@id\":\"https:\/\/www.meliasetubal.com\/de\/#organization\",\"name\":\"Meli\u00e1 Set\u00fabal\",\"alternateName\":\"Meli\u00e1 Set\u00fabal\",\"url\":\"https:\/\/www.meliasetubal.com\/de\/\",\"logo\":{\"@type\":\"ImageObject\",\"inLanguage\":\"de\",\"@id\":\"https:\/\/www.meliasetubal.com\/de\/#\/schema\/logo\/image\/\",\"url\":\"https:\/\/www.meliasetubal.com\/wp-content\/uploads\/sites\/20\/2023\/11\/Melia_Setubal_Logo-1.png\",\"contentUrl\":\"https:\/\/www.meliasetubal.com\/wp-content\/uploads\/sites\/20\/2023\/11\/Melia_Setubal_Logo-1.png\",\"width\":131,\"height\":71,\"caption\":\"Meli\u00e1 Set\u00fabal\"},\"image\":{\"@id\":\"https:\/\/www.meliasetubal.com\/de\/#\/schema\/logo\/image\/\"},\"sameAs\":[\"https:\/\/www.facebook.com\/meliasetubal\/\",\"https:\/\/www.linkedin.com\/company\/hoti-hoteis\/\",\"https:\/\/www.tripadvisor.pt\/UserReviewEdit-g189163-d233023-Melia_Setubal-Setubal_Setubal_District_Alentejo.html\"]}]}<\/script>\n<!-- \/ Yoast SEO plugin. -->","yoast_head_json":{"title":"Set\u00fabal - Meli\u00e1 Set\u00fabal","description":"O hotel Meli\u00e1 Set\u00fabal \u00e9 uma propriedade de 4 estrelas situado no centro da cidade de Set\u00fabal. Reserve diretamente no nosso site para as melhores vantagens.","robots":{"index":"index","follow":"follow","max-snippet":"max-snippet:-1","max-image-preview":"max-image-preview:large","max-video-preview":"max-video-preview:-1"},"canonical":"https:\/\/www.meliasetubal.com\/de\/setubal\/","og_locale":"de_DE","og_type":"article","og_title":"Set\u00fabal - Meli\u00e1 Set\u00fabal","og_description":"O hotel Meli\u00e1 Set\u00fabal \u00e9 uma propriedade de 4 estrelas situado no centro da cidade de Set\u00fabal. Reserve diretamente no nosso site para as melhores vantagens.","og_url":"https:\/\/www.meliasetubal.com\/de\/setubal\/","og_site_name":"Meli\u00e1 Set\u00fabal","article_publisher":"https:\/\/www.facebook.com\/meliasetubal\/","article_modified_time":"2024-11-27T16:34:26+00:00","og_image":[{"url":"https:\/\/www.meliasetubal.com\/wp-content\/uploads\/sites\/20\/elementor\/thumbs\/Galeria_homeoage_6-qtzxrj2cglnf8ghbikjhzrinur7bawwozw7xdlic7c.jpg","type":"","width":"","height":""}],"twitter_card":"summary_large_image","twitter_misc":{"Gesch\u00e4tzte Lesezeit":"10\u00a0Minuten"},"schema":{"@context":"https:\/\/schema.org","@graph":[{"@type":"WebPage","@id":"https:\/\/www.meliasetubal.com\/de\/setubal\/","url":"https:\/\/www.meliasetubal.com\/de\/setubal\/","name":"Set\u00fabal - Meli\u00e1 Set\u00fabal","isPartOf":{"@id":"https:\/\/www.meliasetubal.com\/de\/#website"},"primaryImageOfPage":{"@id":"https:\/\/www.meliasetubal.com\/de\/setubal\/#primaryimage"},"image":{"@id":"https:\/\/www.meliasetubal.com\/de\/setubal\/#primaryimage"},"thumbnailUrl":"https:\/\/www.meliasetubal.com\/wp-content\/uploads\/sites\/20\/elementor\/thumbs\/Galeria_homeoage_6-qtzxrj2cglnf8ghbikjhzrinur7bawwozw7xdlic7c.jpg","datePublished":"2023-12-19T12:17:38+00:00","dateModified":"2024-11-27T16:34:26+00:00","description":"O hotel Meli\u00e1 Set\u00fabal \u00e9 uma propriedade de 4 estrelas situado no centro da cidade de Set\u00fabal. Reserve diretamente no nosso site para as melhores vantagens.","breadcrumb":{"@id":"https:\/\/www.meliasetubal.com\/de\/setubal\/#breadcrumb"},"inLanguage":"de","potentialAction":[{"@type":"ReadAction","target":["https:\/\/www.meliasetubal.com\/de\/setubal\/"]}]},{"@type":"ImageObject","inLanguage":"de","@id":"https:\/\/www.meliasetubal.com\/de\/setubal\/#primaryimage","url":"https:\/\/www.meliasetubal.com\/wp-content\/uploads\/sites\/20\/elementor\/thumbs\/Galeria_homeoage_6-qtzxrj2cglnf8ghbikjhzrinur7bawwozw7xdlic7c.jpg","contentUrl":"https:\/\/www.meliasetubal.com\/wp-content\/uploads\/sites\/20\/elementor\/thumbs\/Galeria_homeoage_6-qtzxrj2cglnf8ghbikjhzrinur7bawwozw7xdlic7c.jpg"},{"@type":"BreadcrumbList","@id":"https:\/\/www.meliasetubal.com\/de\/setubal\/#breadcrumb","itemListElement":[{"@type":"ListItem","position":1,"name":"In\u00edcio","item":"https:\/\/www.meliasetubal.com\/de\/"},{"@type":"ListItem","position":2,"name":"Set\u00fabal"}]},{"@type":"WebSite","@id":"https:\/\/www.meliasetubal.com\/de\/#website","url":"https:\/\/www.meliasetubal.com\/de\/","name":"Meli\u00e1 Set\u00fabal","description":"Das Meli\u00e1 Set\u00fabal Hotel ist ein 4-Sterne-Hotel im Zentrum von Set\u00fabal. Buchen Sie direkt auf unserer Website und profitieren Sie von den besten Vorteilen.","publisher":{"@id":"https:\/\/www.meliasetubal.com\/de\/#organization"},"alternateName":"Meli\u00e1 Set\u00fabal","potentialAction":[{"@type":"SearchAction","target":{"@type":"EntryPoint","urlTemplate":"https:\/\/www.meliasetubal.com\/de\/?s={search_term_string}"},"query-input":{"@type":"PropertyValueSpecification","valueRequired":true,"valueName":"search_term_string"}}],"inLanguage":"de"},{"@type":"Organization","@id":"https:\/\/www.meliasetubal.com\/de\/#organization","name":"Meli\u00e1 Set\u00fabal","alternateName":"Meli\u00e1 Set\u00fabal","url":"https:\/\/www.meliasetubal.com\/de\/","logo":{"@type":"ImageObject","inLanguage":"de","@id":"https:\/\/www.meliasetubal.com\/de\/#\/schema\/logo\/image\/","url":"https:\/\/www.meliasetubal.com\/wp-content\/uploads\/sites\/20\/2023\/11\/Melia_Setubal_Logo-1.png","contentUrl":"https:\/\/www.meliasetubal.com\/wp-content\/uploads\/sites\/20\/2023\/11\/Melia_Setubal_Logo-1.png","width":131,"height":71,"caption":"Meli\u00e1 Set\u00fabal"},"image":{"@id":"https:\/\/www.meliasetubal.com\/de\/#\/schema\/logo\/image\/"},"sameAs":["https:\/\/www.facebook.com\/meliasetubal\/","https:\/\/www.linkedin.com\/company\/hoti-hoteis\/","https:\/\/www.tripadvisor.pt\/UserReviewEdit-g189163-d233023-Melia_Setubal-Setubal_Setubal_District_Alentejo.html"]}]}},"_links":{"self":[{"href":"https:\/\/www.meliasetubal.com\/de\/wp-json\/wp\/v2\/pages\/8317","targetHints":{"allow":["GET"]}}],"collection":[{"href":"https:\/\/www.meliasetubal.com\/de\/wp-json\/wp\/v2\/pages"}],"about":[{"href":"https:\/\/www.meliasetubal.com\/de\/wp-json\/wp\/v2\/types\/page"}],"author":[{"embeddable":true,"href":"https:\/\/www.meliasetubal.com\/de\/wp-json\/wp\/v2\/users\/1"}],"replies":[{"embeddable":true,"href":"https:\/\/www.meliasetubal.com\/de\/wp-json\/wp\/v2\/comments?post=8317"}],"version-history":[{"count":10,"href":"https:\/\/www.meliasetubal.com\/de\/wp-json\/wp\/v2\/pages\/8317\/revisions"}],"predecessor-version":[{"id":21936,"href":"https:\/\/www.meliasetubal.com\/de\/wp-json\/wp\/v2\/pages\/8317\/revisions\/21936"}],"wp:attachment":[{"href":"https:\/\/www.meliasetubal.com\/de\/wp-json\/wp\/v2\/media?parent=8317"}],"curies":[{"name":"wp","href":"https:\/\/api.w.org\/{rel}","templated":true}]}}