{"id":7031,"date":"2023-12-19T12:17:38","date_gmt":"2023-12-19T12:17:38","guid":{"rendered":"https:\/\/basetryp.tryplisboacaparica.com\/lisboa-caparica\/"},"modified":"2024-11-27T16:40:42","modified_gmt":"2024-11-27T16:40:42","slug":"setubal","status":"publish","type":"page","link":"https:\/\/www.meliasetubal.com\/es\/setubal\/","title":{"rendered":"Set\u00fabal"},"content":{"rendered":"\t\t<div data-elementor-type=\"wp-page\" data-elementor-id=\"7031\" class=\"elementor elementor-7031 elementor-1997\" data-elementor-post-type=\"page\">\n\t\t\t\t<section class=\"elementor-element elementor-element-9d18320 e-con-full e-flex e-con e-parent\" data-id=\"9d18320\" data-element_type=\"container\" data-settings=\"{&quot;background_background&quot;:&quot;classic&quot;}\">\n\t\t<div class=\"elementor-element elementor-element-edc3c07 e-con-full e-flex e-con e-child\" data-id=\"edc3c07\" data-element_type=\"container\">\n\t\t\t\t<div class=\"elementor-element elementor-element-14f695f elementor-widget elementor-widget-heading\" data-id=\"14f695f\" data-element_type=\"widget\" data-widget_type=\"heading.default\">\n\t\t\t\t<div class=\"elementor-widget-container\">\n\t\t\t\t\t<h1 class=\"elementor-heading-title elementor-size-default\">Set\u00fabal<\/h1>\t\t\t\t<\/div>\n\t\t\t\t<\/div>\n\t\t\t\t<\/div>\n\t\t\t\t<\/section>\n\t\t<section class=\"elementor-element elementor-element-8e7a29a e-con-full e-flex e-con e-parent\" data-id=\"8e7a29a\" data-element_type=\"container\">\n\t\t\t\t<div class=\"elementor-element elementor-element-5428f0b elementor-widget elementor-widget-text-editor\" data-id=\"5428f0b\" data-element_type=\"widget\" data-widget_type=\"text-editor.default\">\n\t\t\t\t<div class=\"elementor-widget-container\">\n\t\t\t\t\t\t\t\t\t<div class=\"ewa-rteLine\">Set\u00fabal es una ciudad costera de Portugal que deslumbra por sus impresionantes paisajes entre el r\u00edo Sado y el oc\u00e9ano Atl\u00e1ntico. Reconocida por sus vinos Moscatel y su gastronom\u00eda rica en marisco, es un destino obligado para los amantes de la buena mesa. Su centro hist\u00f3rico, con sus pintorescas calles y monumentos como el Castillo de S\u00e3o Filipe, le transportar\u00e1 a un viaje en el tiempo. Las playas de aguas cristalinas, como la hermosa Praia da Figueirinha, son irresistibles invitaciones al relax. Set\u00fabal es una encantadora mezcla de historia, cultura e impresionante naturaleza.<\/div>\t\t\t\t\t\t\t\t<\/div>\n\t\t\t\t<\/div>\n\t\t\t\t<\/section>\n\t\t<div class=\"elementor-element elementor-element-484e8bf e-con-full e-flex e-con e-parent\" data-id=\"484e8bf\" data-element_type=\"container\">\n\t\t\t\t<div class=\"elementor-element elementor-element-5b88a1e elementor-widget elementor-widget-heading\" data-id=\"5b88a1e\" data-element_type=\"widget\" data-widget_type=\"heading.default\">\n\t\t\t\t<div class=\"elementor-widget-container\">\n\t\t\t\t\t<h5 class=\"elementor-heading-title elementor-size-default\">Galer\u00eda de im\u00e1genes<\/h5>\t\t\t\t<\/div>\n\t\t\t\t<\/div>\n\t\t\t\t<div class=\"elementor-element elementor-element-33fcce4 elementor-skin-carousel elementor-arrows-yes elementor-pagination-type-bullets elementor-pagination-position-outside elementor-widget elementor-widget-hoti-gallery-slider\" data-id=\"33fcce4\" data-element_type=\"widget\" data-settings=\"{&quot;slides_per_view&quot;:&quot;3&quot;,&quot;skin&quot;:&quot;carousel&quot;,&quot;effect&quot;:&quot;slide&quot;,&quot;show_arrows&quot;:&quot;yes&quot;,&quot;pagination&quot;:&quot;bullets&quot;,&quot;speed&quot;:500,&quot;autoplay&quot;:&quot;yes&quot;,&quot;autoplay_speed&quot;:5000,&quot;pause_on_hover&quot;:&quot;yes&quot;,&quot;pause_on_interaction&quot;:&quot;yes&quot;,&quot;space_between&quot;:{&quot;unit&quot;:&quot;px&quot;,&quot;size&quot;:10,&quot;sizes&quot;:[]},&quot;space_between_tablet_extra&quot;:{&quot;unit&quot;:&quot;px&quot;,&quot;size&quot;:10,&quot;sizes&quot;:[]},&quot;space_between_tablet&quot;:{&quot;unit&quot;:&quot;px&quot;,&quot;size&quot;:10,&quot;sizes&quot;:[]},&quot;space_between_mobile_extra&quot;:{&quot;unit&quot;:&quot;px&quot;,&quot;size&quot;:10,&quot;sizes&quot;:[]},&quot;space_between_mobile&quot;:{&quot;unit&quot;:&quot;px&quot;,&quot;size&quot;:10,&quot;sizes&quot;:[]}}\" data-widget_type=\"hoti-gallery-slider.default\">\n\t\t\t\t<div class=\"elementor-widget-container\">\n\t\t\t\t\t\t\t\t\t<div class=\"elementor-swiper\">\n\t\t\t\t\t<div class=\"elementor-main-swiper swiper\" role=\"region\" aria-roledescription=\"carousel\" aria-label=\"Diapositivas\">\n\t\t\t\t<div class=\"swiper-wrapper\">\n\t\t\t\t\t\t\t\t\t\t\t<div class=\"swiper-slide\" role=\"group\" aria-roledescription=\"slide\">\n\t\t\t\t\t\t\t\t\t<div class=\"elementor-carousel-image landscape\" role=\"img\" aria-label=\"Melia_Setubal_Gallery1\" style=\"background-image: url(&#039;https:\/\/www.meliasetubal.com\/wp-content\/uploads\/sites\/20\/2024\/06\/Melia_Setubal_Gallery1.jpg&#039;)\">\r\n\r\n\t\t\t\r\n\t\t\t\t\t<\/div>\r\n\t\t\t\t\t\t\t\t<\/div>\n\t\t\t\t\t\t\t\t\t\t\t<div class=\"swiper-slide\" role=\"group\" aria-roledescription=\"slide\">\n\t\t\t\t\t\t\t\t\t<div class=\"elementor-carousel-image portrait\" role=\"img\" aria-label=\"Melia_Setubal_Gallery2\" style=\"background-image: url(&#039;https:\/\/www.meliasetubal.com\/wp-content\/uploads\/sites\/20\/2024\/06\/Melia_Setubal_Gallery2.jpg&#039;)\">\r\n\r\n\t\t\t\r\n\t\t\t\t\t<\/div>\r\n\t\t\t\t\t\t\t\t<\/div>\n\t\t\t\t\t\t\t\t\t\t\t<div class=\"swiper-slide\" role=\"group\" aria-roledescription=\"slide\">\n\t\t\t\t\t\t\t\t\t<div class=\"elementor-carousel-image landscape\" role=\"img\" aria-label=\"Melia_Setubal_Gallery5\" style=\"background-image: url(&#039;https:\/\/www.meliasetubal.com\/wp-content\/uploads\/sites\/20\/2024\/06\/Melia_Setubal_Gallery5.jpg&#039;)\">\r\n\r\n\t\t\t\r\n\t\t\t\t\t<\/div>\r\n\t\t\t\t\t\t\t\t<\/div>\n\t\t\t\t\t\t\t\t\t\t\t<div class=\"swiper-slide\" role=\"group\" aria-roledescription=\"slide\">\n\t\t\t\t\t\t\t\t\t<div class=\"elementor-carousel-image landscape\" role=\"img\" aria-label=\"Melia_Setubal_Gallery4\" style=\"background-image: url(&#039;https:\/\/www.meliasetubal.com\/wp-content\/uploads\/sites\/20\/2024\/06\/Melia_Setubal_Gallery4.jpg&#039;)\">\r\n\r\n\t\t\t\r\n\t\t\t\t\t<\/div>\r\n\t\t\t\t\t\t\t\t<\/div>\n\t\t\t\t\t\t\t\t\t\t\t<div class=\"swiper-slide\" role=\"group\" aria-roledescription=\"slide\">\n\t\t\t\t\t\t\t\t\t<div class=\"elementor-carousel-image landscape\" role=\"img\" aria-label=\"Melia_Setubal_Gallery3\" style=\"background-image: url(&#039;https:\/\/www.meliasetubal.com\/wp-content\/uploads\/sites\/20\/2024\/06\/Melia_Setubal_Gallery3.jpg&#039;)\">\r\n\r\n\t\t\t\r\n\t\t\t\t\t<\/div>\r\n\t\t\t\t\t\t\t\t<\/div>\n\t\t\t\t\t\t\t\t\t<\/div>\n\t\t\t\t\t\t\t\t\t\t\t\t\t\t\t<div class=\"elementor-swiper-button elementor-swiper-button-prev\" role=\"button\" tabindex=\"0\" aria-label=\"Anterior\">\n\t\t\t\t\t\t\t<i aria-hidden=\"true\" class=\"eicon-chevron-left\"><\/i>\t\t\t\t\t\t<\/div>\n\t\t\t\t\t\t<div class=\"elementor-swiper-button elementor-swiper-button-next\" role=\"button\" tabindex=\"0\" aria-label=\"Siguiente\">\n\t\t\t\t\t\t\t<i aria-hidden=\"true\" class=\"eicon-chevron-right\"><\/i>\t\t\t\t\t\t<\/div>\n\t\t\t\t\t\t\t\t\t\t\t\t\t\t\t\t<div class=\"swiper-pagination\"><\/div>\n\t\t\t\t\t\t\t\t\t\t\t\t<\/div>\n\t\t\t\t<\/div>\n\t\t\t\t\t\t\t\t<\/div>\n\t\t\t\t<\/div>\n\t\t\t\t<\/div>\n\t\t<section class=\"elementor-element elementor-element-5be6fa1 e-con-full e-flex e-con e-parent\" data-id=\"5be6fa1\" data-element_type=\"container\">\n\t\t<div class=\"elementor-element elementor-element-637ccd9 e-con-full e-flex e-con e-child\" data-id=\"637ccd9\" data-element_type=\"container\">\n\t\t<div class=\"elementor-element elementor-element-55df4ad e-con-full e-flex e-con e-child\" data-id=\"55df4ad\" data-element_type=\"container\">\n\t\t\t\t<div class=\"elementor-element elementor-element-650bc2a elementor-widget elementor-widget-heading\" data-id=\"650bc2a\" data-element_type=\"widget\" data-widget_type=\"heading.default\">\n\t\t\t\t<div class=\"elementor-widget-container\">\n\t\t\t\t\t<h2 class=\"elementor-heading-title elementor-size-default\">EXPLORE LA CIUDAD<\/h2>\t\t\t\t<\/div>\n\t\t\t\t<\/div>\n\t\t\t\t<div class=\"elementor-element elementor-element-1062144 elementor-widget elementor-widget-heading\" data-id=\"1062144\" data-element_type=\"widget\" data-widget_type=\"heading.default\">\n\t\t\t\t<div class=\"elementor-widget-container\">\n\t\t\t\t\t<h2 class=\"elementor-heading-title elementor-size-default\">DE set\u00fabal<\/h2>\t\t\t\t<\/div>\n\t\t\t\t<\/div>\n\t\t\t\t<div class=\"elementor-element elementor-element-da84be1 elementor-widget__width-initial elementor-widget elementor-widget-text-editor\" data-id=\"da84be1\" data-element_type=\"widget\" data-widget_type=\"text-editor.default\">\n\t\t\t\t<div class=\"elementor-widget-container\">\n\t\t\t\t\t\t\t\t\t<ul><li class=\"ewa-rteLine\">Visite Praia da Figueirinha y Praia dos Galapos, dos de las playas m\u00e1s populares de Portugal, conocidas por sus aguas tranquilas, su arena fina y sus impresionantes paisajes.<\/li><li class=\"ewa-rteLine\">Pasee por los senderos del Parque Natural de Arr\u00e1bida y disfrute de incre\u00edbles vistas de la costa portuguesa.<\/li><li class=\"ewa-rteLine\">Conozca un poco la historia y la cultura de Set\u00fabal visitando el Fuerte de S\u00e3o Filipe, el Convento de Jes\u00fas y el Museo del Trabajo Michel Giacometti.<\/li><li class=\"ewa-rteLine\">Pruebe lo mejor de la gastronom\u00eda de Set\u00fabal, saboree la famosa sepia frita, el plato m\u00e1s t\u00edpico de la regi\u00f3n, y aproveche para visitar el Mercado de Livramento, donde encontrar\u00e1 una gran variedad de pescado fresco y productos locales.<\/li><li class=\"ewa-rteLine\">La regi\u00f3n de Set\u00fabal es tambi\u00e9n una visita obligada para los amantes del vino. Visite la Adega de Palmela o la Quinta da Bacalh\u00f4a y deguste los vinos y moscateles de la regi\u00f3n.<\/li><\/ul>\t\t\t\t\t\t\t\t<\/div>\n\t\t\t\t<\/div>\n\t\t\t\t<\/div>\n\t\t\t\t<\/div>\n\t\t<div class=\"elementor-element elementor-element-65d27bb e-con-full e-flex e-con e-child\" data-id=\"65d27bb\" data-element_type=\"container\" data-settings=\"{&quot;background_background&quot;:&quot;classic&quot;}\">\n\t\t\t\t<div class=\"elementor-element elementor-element-bcfdf42 elementor-widget elementor-widget-spacer\" data-id=\"bcfdf42\" data-element_type=\"widget\" data-widget_type=\"spacer.default\">\n\t\t\t\t<div class=\"elementor-widget-container\">\n\t\t\t\t\t\t\t<div class=\"elementor-spacer\">\n\t\t\t<div class=\"elementor-spacer-inner\"><\/div>\n\t\t<\/div>\n\t\t\t\t\t\t<\/div>\n\t\t\t\t<\/div>\n\t\t\t\t<\/div>\n\t\t\t\t<\/section>\n\t\t<section class=\"elementor-element elementor-element-540cb73 e-con-full e-flex e-con e-parent\" data-id=\"540cb73\" data-element_type=\"container\">\n\t\t<div class=\"elementor-element elementor-element-e3e1f7c e-con-full e-flex e-con e-child\" data-id=\"e3e1f7c\" data-element_type=\"container\" data-settings=\"{&quot;background_background&quot;:&quot;classic&quot;}\">\n\t\t\t\t<div class=\"elementor-element elementor-element-917d9c4 elementor-widget elementor-widget-spacer\" data-id=\"917d9c4\" data-element_type=\"widget\" data-widget_type=\"spacer.default\">\n\t\t\t\t<div class=\"elementor-widget-container\">\n\t\t\t\t\t\t\t<div class=\"elementor-spacer\">\n\t\t\t<div class=\"elementor-spacer-inner\"><\/div>\n\t\t<\/div>\n\t\t\t\t\t\t<\/div>\n\t\t\t\t<\/div>\n\t\t\t\t<\/div>\n\t\t<div class=\"elementor-element elementor-element-75fb5c0 e-con-full e-flex e-con e-child\" data-id=\"75fb5c0\" data-element_type=\"container\">\n\t\t<div class=\"elementor-element elementor-element-5fdd577 e-con-full e-flex e-con e-child\" data-id=\"5fdd577\" data-element_type=\"container\">\n\t\t\t\t<div class=\"elementor-element elementor-element-3395003 elementor-widget elementor-widget-heading\" data-id=\"3395003\" data-element_type=\"widget\" data-widget_type=\"heading.default\">\n\t\t\t\t<div class=\"elementor-widget-container\">\n\t\t\t\t\t<h2 class=\"elementor-heading-title elementor-size-default\">sentir la ciudad<\/h2>\t\t\t\t<\/div>\n\t\t\t\t<\/div>\n\t\t\t\t<div class=\"elementor-element elementor-element-eb30610 elementor-widget elementor-widget-heading\" data-id=\"eb30610\" data-element_type=\"widget\" data-widget_type=\"heading.default\">\n\t\t\t\t<div class=\"elementor-widget-container\">\n\t\t\t\t\t<h2 class=\"elementor-heading-title elementor-size-default\">DE Set\u00fabal<\/h2>\t\t\t\t<\/div>\n\t\t\t\t<\/div>\n\t\t\t\t<div class=\"elementor-element elementor-element-ca4faff elementor-widget elementor-widget-text-editor\" data-id=\"ca4faff\" data-element_type=\"widget\" data-widget_type=\"text-editor.default\">\n\t\t\t\t<div class=\"elementor-widget-container\">\n\t\t\t\t\t\t\t\t\t<div class=\"ewa-rteLine\"><div class=\"ewa-rteLine\">La ciudad de Set\u00fabal est\u00e1 situada en la llamada Costa Azul y es una importante zona portuaria y comercial, una de cuyas principales actividades es la pesca.<\/div><div class=\"ewa-rteLine\">En el centro hist\u00f3rico, las tiendas tradicionales se alinean en calles peatonales que desembocan en una agradable avenida con un enorme y refrescante jard\u00edn.<\/div><div class=\"ewa-rteLine\">Debido a su entorno natural y cultural, la ciudad de Set\u00fabal es cada vez m\u00e1s popular entre los turistas.<\/div><div class=\"ewa-rteLine\">La Serra da Arr\u00e1bida o un paseo en barco por la pen\u00ednsula de Tr\u00f3ia son dos destinos que no puede perderse.<\/div><\/div>\t\t\t\t\t\t\t\t<\/div>\n\t\t\t\t<\/div>\n\t\t\t\t<\/div>\n\t\t\t\t<\/div>\n\t\t\t\t<\/section>\n\t\t<div class=\"elementor-element elementor-element-6d9b414 e-con-full e-flex e-con e-parent\" data-id=\"6d9b414\" data-element_type=\"container\">\n\t\t\t\t<div class=\"elementor-element elementor-element-cbaed58 elementor-widget elementor-widget-heading\" data-id=\"cbaed58\" data-element_type=\"widget\" data-widget_type=\"heading.default\">\n\t\t\t\t<div class=\"elementor-widget-container\">\n\t\t\t\t\t<h5 class=\"elementor-heading-title elementor-size-default\">Qu\u00e9 ver y hacer<\/h5>\t\t\t\t<\/div>\n\t\t\t\t<\/div>\n\t\t<div class=\"elementor-element elementor-element-4fcca28 e-con-full e-flex e-con e-child\" data-id=\"4fcca28\" data-element_type=\"container\">\n\t\t\t\t<div class=\"elementor-element elementor-element-dfbff4b elementor-widget elementor-widget-n-carousel\" data-id=\"dfbff4b\" data-element_type=\"widget\" data-settings=\"{&quot;carousel_items&quot;:[{&quot;slide_title&quot;:&quot;Slide #1&quot;,&quot;_id&quot;:&quot;bc1ad8d&quot;},{&quot;slide_title&quot;:&quot;Slide #2&quot;,&quot;_id&quot;:&quot;817f723&quot;},{&quot;slide_title&quot;:&quot;Slide #3&quot;,&quot;_id&quot;:&quot;f0475f9&quot;},{&quot;_id&quot;:&quot;ca82639&quot;,&quot;slide_title&quot;:&quot;Slide #4&quot;}],&quot;slides_to_show&quot;:&quot;4&quot;,&quot;image_spacing_custom&quot;:{&quot;unit&quot;:&quot;px&quot;,&quot;size&quot;:&quot;30&quot;,&quot;sizes&quot;:[]},&quot;slides_to_show_mobile_extra&quot;:&quot;1&quot;,&quot;slides_to_scroll_mobile_extra&quot;:&quot;1&quot;,&quot;slides_to_show_tablet&quot;:&quot;2&quot;,&quot;slides_to_show_mobile&quot;:&quot;1&quot;,&quot;autoplay&quot;:&quot;yes&quot;,&quot;autoplay_speed&quot;:5000,&quot;pause_on_hover&quot;:&quot;yes&quot;,&quot;pause_on_interaction&quot;:&quot;yes&quot;,&quot;speed&quot;:500,&quot;image_spacing_custom_tablet_extra&quot;:{&quot;unit&quot;:&quot;px&quot;,&quot;size&quot;:&quot;&quot;,&quot;sizes&quot;:[]},&quot;image_spacing_custom_tablet&quot;:{&quot;unit&quot;:&quot;px&quot;,&quot;size&quot;:&quot;&quot;,&quot;sizes&quot;:[]},&quot;image_spacing_custom_mobile_extra&quot;:{&quot;unit&quot;:&quot;px&quot;,&quot;size&quot;:&quot;&quot;,&quot;sizes&quot;:[]},&quot;image_spacing_custom_mobile&quot;:{&quot;unit&quot;:&quot;px&quot;,&quot;size&quot;:&quot;&quot;,&quot;sizes&quot;:[]}}\" data-widget_type=\"nested-carousel.default\">\n\t\t\t\t<div class=\"elementor-widget-container\">\n\t\t\t\t\t\t\t<div class=\"e-n-carousel swiper\" role=\"region\" aria-roledescription=\"carousel\" aria-label=\"Carrusel\" dir=\"ltr\">\n\t\t\t<div class=\"swiper-wrapper\" aria-live=\"off\">\n\t\t\t\t\t\t\t\t\t\t<div class=\"swiper-slide\" data-slide=\"1\" role=\"group\" aria-roledescription=\"slide\" aria-label=\"1 of 4\">\n\t\t\t\t\t\t\t<div class=\"elementor-element elementor-element-c5db48a e-flex e-con-boxed e-con e-child\" data-id=\"c5db48a\" data-element_type=\"container\">\n\t\t\t\t\t<div class=\"e-con-inner\">\n\t\t<div class=\"elementor-element elementor-element-3d540e4 e-con-full e-flex e-con e-child\" data-id=\"3d540e4\" data-element_type=\"container\">\n\t\t\t\t<div class=\"elementor-element elementor-element-154e39d elementor-widget__width-initial elementor-position-top elementor-widget elementor-widget-image-box\" data-id=\"154e39d\" data-element_type=\"widget\" data-widget_type=\"image-box.default\">\n\t\t\t\t<div class=\"elementor-widget-container\">\n\t\t\t\t\t<div class=\"elementor-image-box-wrapper\"><figure class=\"elementor-image-box-img\"><img decoding=\"async\" src=\"https:\/\/www.meliasetubal.com\/wp-content\/uploads\/sites\/20\/elementor\/thumbs\/Galeria_homeoage_6-qtzxs0xa2w489v2h0poljmn3qwtd1f6u8c084xta4o.jpg\" title=\"Galeria_homeoage_6.jpg\" alt=\"Galeria_homeoage_6.jpg\" loading=\"lazy\" \/><\/figure><div class=\"elementor-image-box-content\"><h3 class=\"elementor-image-box-title\">Moscatel de Set\u00fabal<\/h3><p class=\"elementor-image-box-description\">El Moscatel de Set\u00fabal es el vino emblem\u00e1tico de la Regi\u00f3n Vitivin\u00edcola de la Pen\u00ednsula de Set\u00fabal y uno de los tesoros de los vinos portugueses.\nEstos vinos tienen siempre una crianza m\u00ednima aproximada de dos a\u00f1os. Se caracterizan por ser vinos frescos y elegantes. Con sus caracter\u00edsticas \u00fanicas, los vinos generosos de Set\u00fabal son eternamente voluptuosos, de enorme sensibilidad y placer, maravillosos en su siempre dif\u00edcil armon\u00eda entre az\u00facar, alcohol y frescura.<\/p><\/div><\/div>\t\t\t\t<\/div>\n\t\t\t\t<\/div>\n\t\t\t\t<\/div>\n\t\t\t\t\t<\/div>\n\t\t\t\t<\/div>\n\t\t\t\t\t\t\t\t<\/div>\n\t\t\t\t\t\t\t\t\t\t\t<div class=\"swiper-slide\" data-slide=\"2\" role=\"group\" aria-roledescription=\"slide\" aria-label=\"2 of 4\">\n\t\t\t\t\t\t\t<div class=\"elementor-element elementor-element-de69ffe e-flex e-con-boxed e-con e-child\" data-id=\"de69ffe\" data-element_type=\"container\">\n\t\t\t\t\t<div class=\"e-con-inner\">\n\t\t\t\t<div class=\"elementor-element elementor-element-1a2167a elementor-widget__width-initial elementor-position-top elementor-widget elementor-widget-image-box\" data-id=\"1a2167a\" data-element_type=\"widget\" data-widget_type=\"image-box.default\">\n\t\t\t\t<div class=\"elementor-widget-container\">\n\t\t\t\t\t<div class=\"elementor-image-box-wrapper\"><figure class=\"elementor-image-box-img\"><img decoding=\"async\" src=\"https:\/\/www.meliasetubal.com\/wp-content\/uploads\/sites\/20\/elementor\/thumbs\/Praias-2-qtzxs0xa2w489v2h0poljmn3qwtd1f6u8c084xta4o.jpg\" title=\"Praias.jpg\" alt=\"Praias.jpg\" loading=\"lazy\" \/><\/figure><div class=\"elementor-image-box-content\"><h3 class=\"elementor-image-box-title\">Playas<\/h3><p class=\"elementor-image-box-description\">Las playas de Set\u00fabal, de la mano del Parque Natural de Arr\u00e1bida, son uno de los principales atractivos que el municipio ofrece a los visitantes.\nAuspiciadas por el manto verde de la sierra de Arr\u00e1bida, que presta su refrescante sombra a sus arenales.<\/p><\/div><\/div>\t\t\t\t<\/div>\n\t\t\t\t<\/div>\n\t\t\t\t\t<\/div>\n\t\t\t\t<\/div>\n\t\t\t\t\t\t\t\t<\/div>\n\t\t\t\t\t\t\t\t\t\t\t<div class=\"swiper-slide\" data-slide=\"3\" role=\"group\" aria-roledescription=\"slide\" aria-label=\"3 of 4\">\n\t\t\t\t\t\t\t<div class=\"elementor-element elementor-element-2bbed5d e-flex e-con-boxed e-con e-child\" data-id=\"2bbed5d\" data-element_type=\"container\">\n\t\t\t\t\t<div class=\"e-con-inner\">\n\t\t\t\t<div class=\"elementor-element elementor-element-ea0375b elementor-widget__width-initial elementor-position-top elementor-widget elementor-widget-image-box\" data-id=\"ea0375b\" data-element_type=\"widget\" data-widget_type=\"image-box.default\">\n\t\t\t\t<div class=\"elementor-widget-container\">\n\t\t\t\t\t<div class=\"elementor-image-box-wrapper\"><figure class=\"elementor-image-box-img\"><img decoding=\"async\" src=\"https:\/\/www.meliasetubal.com\/wp-content\/uploads\/sites\/20\/elementor\/thumbs\/Golfinhos-1-qtzxs0xa2w489v2h0poljmn3qwtd1f6u8c084xta4o.jpg\" title=\"Golfinhos.jpg\" alt=\"Golfinhos.jpg\" loading=\"lazy\" \/><\/figure><div class=\"elementor-image-box-content\"><h3 class=\"elementor-image-box-title\">Delfines - Los Delfines del Sado<\/h3><p class=\"elementor-image-box-description\">En el litoral de la regi\u00f3n de Set\u00fabal se pueden ver ejemplares del delf\u00edn mular (Tursiops truncatus), considerado uno de los ex-libris faun\u00edsticos de la regi\u00f3n.\nLa zona comprendida entre la costa atl\u00e1ntica (Gal\u00e9 y Arr\u00e1bida) y el estuario del Sado est\u00e1 habitada por una de las tres \u00fanicas comunidades de estos mam\u00edferos residentes en el espacio mar\u00edtimo europeo.<\/p><\/div><\/div>\t\t\t\t<\/div>\n\t\t\t\t<\/div>\n\t\t\t\t\t<\/div>\n\t\t\t\t<\/div>\n\t\t\t\t\t\t\t\t<\/div>\n\t\t\t\t\t\t\t\t\t\t\t<div class=\"swiper-slide\" data-slide=\"4\" role=\"group\" aria-roledescription=\"slide\" aria-label=\"4 of 4\">\n\t\t\t\t\t\t\t<div class=\"elementor-element elementor-element-14337da e-flex e-con-boxed e-con e-child\" data-id=\"14337da\" data-element_type=\"container\">\n\t\t\t\t\t<div class=\"e-con-inner\">\n\t\t\t\t<div class=\"elementor-element elementor-element-925e7ad elementor-widget__width-initial elementor-position-top elementor-widget elementor-widget-image-box\" data-id=\"925e7ad\" data-element_type=\"widget\" data-widget_type=\"image-box.default\">\n\t\t\t\t<div class=\"elementor-widget-container\">\n\t\t\t\t\t<div class=\"elementor-image-box-wrapper\"><figure class=\"elementor-image-box-img\"><img decoding=\"async\" src=\"https:\/\/www.meliasetubal.com\/wp-content\/uploads\/sites\/20\/elementor\/thumbs\/troia-1-qtzxs1v49q5ilh13v83844ekcaoq94akkgnpm7rvyg.jpg\" title=\"troia.jpg\" alt=\"troia.jpg\" loading=\"lazy\" \/><\/figure><div class=\"elementor-image-box-content\"><h3 class=\"elementor-image-box-title\">Tr\u00f3ia<\/h3><p class=\"elementor-image-box-description\">Esta ubicaci\u00f3n paradis\u00edaca permite disfrutar de playas de arena blanca y aguas cristalinas y templadas. Con una ubicaci\u00f3n privilegiada entre el oc\u00e9ano Atl\u00e1ntico y el estuario del Sado, en Tr\u00f3ia podr\u00e1 disfrutar de las vistas al extraordinario Parque Natural de Arr\u00e1bida.<\/p><\/div><\/div>\t\t\t\t<\/div>\n\t\t\t\t<\/div>\n\t\t\t\t\t<\/div>\n\t\t\t\t<\/div>\n\t\t\t\t\t\t\t\t<\/div>\n\t\t\t\t\t\t\t\t<\/div>\n\t\t<\/div>\n\t\t\t\t\t\t<\/div>\n\t\t\t\t<\/div>\n\t\t\t\t<\/div>\n\t\t\t\t<\/div>\n\t\t<div class=\"elementor-element elementor-element-ef147e1 e-con-full e-flex e-con e-parent\" data-id=\"ef147e1\" data-element_type=\"container\">\n\t\t\t\t<div class=\"elementor-element elementor-element-77cc4b2 elementor-widget elementor-widget-heading\" data-id=\"77cc4b2\" data-element_type=\"widget\" data-widget_type=\"heading.default\">\n\t\t\t\t<div class=\"elementor-widget-container\">\n\t\t\t\t\t<h5 class=\"elementor-heading-title elementor-size-default\">C\u00f3mo llegar al Hotel<\/h5>\t\t\t\t<\/div>\n\t\t\t\t<\/div>\n\t\t\t\t<\/div>\n\t\t<section class=\"elementor-element elementor-element-6ecac3e e-con-full e-flex e-con e-parent\" data-id=\"6ecac3e\" data-element_type=\"container\">\n\t\t\t\t<div class=\"elementor-element elementor-element-ba2ca3b elementor-widget__width-initial elementor-view-default elementor-position-top elementor-mobile-position-top elementor-widget elementor-widget-icon-box\" data-id=\"ba2ca3b\" data-element_type=\"widget\" data-widget_type=\"icon-box.default\">\n\t\t\t\t<div class=\"elementor-widget-container\">\n\t\t\t\t\t\t\t<div class=\"elementor-icon-box-wrapper\">\n\n\t\t\t\t\t\t<div class=\"elementor-icon-box-icon\">\n\t\t\t\t<span  class=\"elementor-icon\">\n\t\t\t\t<i aria-hidden=\"true\" class=\"fal fa-bus-alt\"><\/i>\t\t\t\t<\/span>\n\t\t\t<\/div>\n\t\t\t\n\t\t\t\t\t\t<div class=\"elementor-icon-box-content\">\n\n\t\t\t\t\t\t\t\t\t<h3 class=\"elementor-icon-box-title\">\n\t\t\t\t\t\t<span  >\n\t\t\t\t\t\t\tBus\t\t\t\t\t\t<\/span>\n\t\t\t\t\t<\/h3>\n\t\t\t\t\n\t\t\t\t\t\t\t\t\t<p class=\"elementor-icon-box-description\">\n\t\t\t\t\t\tEntre Lisboa y Set\u00fabal circula la Rede Expressos, Carris Metropolitana. Este servicio sale de la estaci\u00f3n de Sete Rios y de la Gare do Oriente.\t\t\t\t\t<\/p>\n\t\t\t\t\n\t\t\t<\/div>\n\t\t\t\n\t\t<\/div>\n\t\t\t\t\t\t<\/div>\n\t\t\t\t<\/div>\n\t\t\t\t<div class=\"elementor-element elementor-element-262a63b elementor-widget__width-initial elementor-view-default elementor-position-top elementor-mobile-position-top elementor-widget elementor-widget-icon-box\" data-id=\"262a63b\" data-element_type=\"widget\" data-widget_type=\"icon-box.default\">\n\t\t\t\t<div class=\"elementor-widget-container\">\n\t\t\t\t\t\t\t<div class=\"elementor-icon-box-wrapper\">\n\n\t\t\t\t\t\t<div class=\"elementor-icon-box-icon\">\n\t\t\t\t<span  class=\"elementor-icon\">\n\t\t\t\t<i aria-hidden=\"true\" class=\"fal fa-cars\"><\/i>\t\t\t\t<\/span>\n\t\t\t<\/div>\n\t\t\t\n\t\t\t\t\t\t<div class=\"elementor-icon-box-content\">\n\n\t\t\t\t\t\t\t\t\t<h3 class=\"elementor-icon-box-title\">\n\t\t\t\t\t\t<span  >\n\t\t\t\t\t\t\tRent-a-Car\t\t\t\t\t\t<\/span>\n\t\t\t\t\t<\/h3>\n\t\t\t\t\n\t\t\t\t\t\t\t\t\t<p class=\"elementor-icon-box-description\">\n\t\t\t\t\t\tPuede alquilar un coche en la zona de llegadas del aeropuerto a trav\u00e9s de empresas de alquiler de coches. Otra opci\u00f3n es reservar con antelaci\u00f3n.\t\t\t\t\t<\/p>\n\t\t\t\t\n\t\t\t<\/div>\n\t\t\t\n\t\t<\/div>\n\t\t\t\t\t\t<\/div>\n\t\t\t\t<\/div>\n\t\t\t\t<div class=\"elementor-element elementor-element-a47de37 elementor-widget__width-initial elementor-view-default elementor-position-top elementor-mobile-position-top elementor-widget elementor-widget-icon-box\" data-id=\"a47de37\" data-element_type=\"widget\" data-widget_type=\"icon-box.default\">\n\t\t\t\t<div class=\"elementor-widget-container\">\n\t\t\t\t\t\t\t<div class=\"elementor-icon-box-wrapper\">\n\n\t\t\t\t\t\t<div class=\"elementor-icon-box-icon\">\n\t\t\t\t<span  class=\"elementor-icon\">\n\t\t\t\t<i aria-hidden=\"true\" class=\"fal fa-taxi\"><\/i>\t\t\t\t<\/span>\n\t\t\t<\/div>\n\t\t\t\n\t\t\t\t\t\t<div class=\"elementor-icon-box-content\">\n\n\t\t\t\t\t\t\t\t\t<h3 class=\"elementor-icon-box-title\">\n\t\t\t\t\t\t<span  >\n\t\t\t\t\t\t\tTaxi\t\t\t\t\t\t<\/span>\n\t\t\t\t\t<\/h3>\n\t\t\t\t\n\t\t\t\t\t\t\t\t\t<p class=\"elementor-icon-box-description\">\n\t\t\t\t\t\tLa tarifa media de un taxi desde el aeropuerto es de unos 60,00 euros. El importe cobrado no depende del n\u00famero de pasajeros que ocupen el veh\u00edculo. Si el equipaje supera los 55x35x20cm, debe transportarse en el maletero o en el techo. En este caso, puede aplicarse un recargo. Las sillas de ruedas, cunas y cochecitos pueden transportarse gratuitamente. No se exige propina.\t\t\t\t\t<\/p>\n\t\t\t\t\n\t\t\t<\/div>\n\t\t\t\n\t\t<\/div>\n\t\t\t\t\t\t<\/div>\n\t\t\t\t<\/div>\n\t\t\t\t<div class=\"elementor-element elementor-element-4093eb6 elementor-widget__width-initial elementor-view-default elementor-position-top elementor-mobile-position-top elementor-widget elementor-widget-icon-box\" data-id=\"4093eb6\" data-element_type=\"widget\" data-widget_type=\"icon-box.default\">\n\t\t\t\t<div class=\"elementor-widget-container\">\n\t\t\t\t\t\t\t<div class=\"elementor-icon-box-wrapper\">\n\n\t\t\t\t\t\t<div class=\"elementor-icon-box-icon\">\n\t\t\t\t<span  class=\"elementor-icon\">\n\t\t\t\t<i aria-hidden=\"true\" class=\"fal fa-car\"><\/i>\t\t\t\t<\/span>\n\t\t\t<\/div>\n\t\t\t\n\t\t\t\t\t\t<div class=\"elementor-icon-box-content\">\n\n\t\t\t\t\t\t\t\t\t<h3 class=\"elementor-icon-box-title\">\n\t\t\t\t\t\t<span  >\n\t\t\t\t\t\t\tCoche\t\t\t\t\t\t<\/span>\n\t\t\t\t\t<\/h3>\n\t\t\t\t\n\t\t\t\t\t\t\t\t\t<p class=\"elementor-icon-box-description\">\n\t\t\t\t\t\tDesde el Aeropuerto Humberto Delgado (Lisboa) hasta Meli\u00e1 Set\u00fabal hay unos 48 kil\u00f3metros, y el trayecto por la E1 y la A12 dura unos 50 minutos.  \nTome la E1 \/ Avenida Cidade do Porto \/ Segunda Circular: hacia: A1- Norte \/ A12- Sur \/ Puente Vasco da Gama\n Tome la IC17: direcci\u00f3n A12- Sur \/ Puente Vasco da Gama\n Tomar la A12 \/ IP1 \/ E90: direcci\u00f3n: Set\u00fabal (tomar la salida: N10\/ Avenida Antero de Quental y girar a la izquierda: Avenida da Europa (atravesar Set\u00fabal).\n Seguir por la N10 \/ Estrada Cisprestes: girar a la derecha por la Rua De Almeida Garrett y finalmente girar a la izquierda por la Avenida Alexandre Herculano.\t\t\t\t\t<\/p>\n\t\t\t\t\n\t\t\t<\/div>\n\t\t\t\n\t\t<\/div>\n\t\t\t\t\t\t<\/div>\n\t\t\t\t<\/div>\n\t\t\t\t<\/section>\n\t\t<section class=\"elementor-element elementor-element-71af052 e-con-full e-flex e-con e-parent\" data-id=\"71af052\" data-element_type=\"container\">\n\t\t<div class=\"elementor-element elementor-element-ca8b93b e-con-full e-flex e-con e-child\" data-id=\"ca8b93b\" data-element_type=\"container\">\n\t\t<div class=\"elementor-element elementor-element-bca7cb7 e-con-full e-flex e-con e-child\" data-id=\"bca7cb7\" data-element_type=\"container\">\n\t\t<div class=\"elementor-element elementor-element-c248556 e-con-full e-flex e-con e-child\" data-id=\"c248556\" data-element_type=\"container\">\n\t\t\t\t<div class=\"elementor-element elementor-element-d7c03f5 elementor-widget elementor-widget-heading\" data-id=\"d7c03f5\" data-element_type=\"widget\" data-widget_type=\"heading.default\">\n\t\t\t\t<div class=\"elementor-widget-container\">\n\t\t\t\t\t<h2 class=\"elementor-heading-title elementor-size-default\">eventos<\/h2>\t\t\t\t<\/div>\n\t\t\t\t<\/div>\n\t\t\t\t<div class=\"elementor-element elementor-element-a0d1fd6 elementor-widget elementor-widget-heading\" data-id=\"a0d1fd6\" data-element_type=\"widget\" data-widget_type=\"heading.default\">\n\t\t\t\t<div class=\"elementor-widget-container\">\n\t\t\t\t\t<h2 class=\"elementor-heading-title elementor-size-default\">en Set\u00fabal<\/h2>\t\t\t\t<\/div>\n\t\t\t\t<\/div>\n\t\t\t\t<\/div>\n\t\t\t\t<\/div>\n\t\t<div class=\"elementor-element elementor-element-6715d2f e-con-full e-flex e-con e-child\" data-id=\"6715d2f\" data-element_type=\"container\">\n\t\t\t\t<div class=\"elementor-element elementor-element-4c40852 elementor-widget elementor-widget-n-carousel\" data-id=\"4c40852\" data-element_type=\"widget\" data-settings=\"{&quot;carousel_items&quot;:[{&quot;slide_title&quot;:&quot;Slide #1&quot;,&quot;_id&quot;:&quot;bc1ad8d&quot;},{&quot;slide_title&quot;:&quot;Slide #2&quot;,&quot;_id&quot;:&quot;817f723&quot;},{&quot;_id&quot;:&quot;442777e&quot;,&quot;slide_title&quot;:&quot;Slide #3&quot;},{&quot;_id&quot;:&quot;858c7f0&quot;,&quot;slide_title&quot;:&quot;Slide #4&quot;}],&quot;slides_to_show&quot;:&quot;3&quot;,&quot;image_spacing_custom&quot;:{&quot;unit&quot;:&quot;px&quot;,&quot;size&quot;:30,&quot;sizes&quot;:[]},&quot;slides_to_show_mobile_extra&quot;:&quot;1&quot;,&quot;slides_to_scroll_mobile_extra&quot;:&quot;1&quot;,&quot;slides_to_show_tablet&quot;:&quot;2&quot;,&quot;slides_to_show_mobile&quot;:&quot;1&quot;,&quot;autoplay&quot;:&quot;yes&quot;,&quot;autoplay_speed&quot;:5000,&quot;pause_on_hover&quot;:&quot;yes&quot;,&quot;pause_on_interaction&quot;:&quot;yes&quot;,&quot;speed&quot;:500,&quot;image_spacing_custom_tablet_extra&quot;:{&quot;unit&quot;:&quot;px&quot;,&quot;size&quot;:&quot;&quot;,&quot;sizes&quot;:[]},&quot;image_spacing_custom_tablet&quot;:{&quot;unit&quot;:&quot;px&quot;,&quot;size&quot;:&quot;&quot;,&quot;sizes&quot;:[]},&quot;image_spacing_custom_mobile_extra&quot;:{&quot;unit&quot;:&quot;px&quot;,&quot;size&quot;:&quot;&quot;,&quot;sizes&quot;:[]},&quot;image_spacing_custom_mobile&quot;:{&quot;unit&quot;:&quot;px&quot;,&quot;size&quot;:&quot;&quot;,&quot;sizes&quot;:[]}}\" data-widget_type=\"nested-carousel.default\">\n\t\t\t\t<div class=\"elementor-widget-container\">\n\t\t\t\t\t\t\t<div class=\"e-n-carousel swiper\" role=\"region\" aria-roledescription=\"carousel\" aria-label=\"Carrusel\" dir=\"ltr\">\n\t\t\t<div class=\"swiper-wrapper\" aria-live=\"off\">\n\t\t\t\t\t\t\t\t\t\t<div class=\"swiper-slide\" data-slide=\"1\" role=\"group\" aria-roledescription=\"slide\" aria-label=\"1 of 4\">\n\t\t\t\t\t\t\t<div class=\"elementor-element elementor-element-91d4d17 e-flex e-con-boxed e-con e-child\" data-id=\"91d4d17\" data-element_type=\"container\">\n\t\t\t\t\t<div class=\"e-con-inner\">\n\t\t<div class=\"elementor-element elementor-element-4cc6c72 e-con-full e-flex e-con e-child\" data-id=\"4cc6c72\" data-element_type=\"container\">\n\t\t\t\t<div class=\"elementor-element elementor-element-3fcdfdc elementor-widget__width-initial elementor-position-top elementor-widget elementor-widget-image-box\" data-id=\"3fcdfdc\" data-element_type=\"widget\" data-widget_type=\"image-box.default\">\n\t\t\t\t<div class=\"elementor-widget-container\">\n\t\t\t\t\t<div class=\"elementor-image-box-wrapper\"><figure class=\"elementor-image-box-img\"><img fetchpriority=\"high\" decoding=\"async\" width=\"1440\" height=\"1920\" src=\"https:\/\/www.meliasetubal.com\/wp-content\/uploads\/sites\/20\/2024\/06\/Rampa-Arrabida-1-1.jpg\" class=\"attachment-full size-full wp-image-19795\" alt=\"Rampa-Arrabida-1.jpg\" srcset=\"https:\/\/www.meliasetubal.com\/wp-content\/uploads\/sites\/20\/2024\/06\/Rampa-Arrabida-1-1.jpg 1440w, https:\/\/www.meliasetubal.com\/wp-content\/uploads\/sites\/20\/2024\/06\/Rampa-Arrabida-1-1-225x300.jpg 225w, https:\/\/www.meliasetubal.com\/wp-content\/uploads\/sites\/20\/2024\/06\/Rampa-Arrabida-1-1-768x1024.jpg 768w, https:\/\/www.meliasetubal.com\/wp-content\/uploads\/sites\/20\/2024\/06\/Rampa-Arrabida-1-1-1152x1536.jpg 1152w\" sizes=\"(max-width: 1440px) 100vw, 1440px\" \/><\/figure><div class=\"elementor-image-box-content\"><h3 class=\"elementor-image-box-title\">Rampa da Arr\u00e1bida<\/h3><p class=\"elementor-image-box-description\">Este evento anual atrae no s\u00f3lo a los entusiastas del automovilismo, sino tambi\u00e9n a una multitud de espectadores \u00e1vidos de adrenalina. Situada en la Serra da Arr\u00e1bida, la competici\u00f3n ofrece un paisaje espectacular mientras los pilotos desaf\u00edan las sinuosas curvas de la monta\u00f1a. Es un momento en el que la ciudad se convierte en un centro de emoci\u00f3n y habilidad y para celebrar la pasi\u00f3n por el automovilismo.<\/p><\/div><\/div>\t\t\t\t<\/div>\n\t\t\t\t<\/div>\n\t\t\t\t<\/div>\n\t\t\t\t\t<\/div>\n\t\t\t\t<\/div>\n\t\t\t\t\t\t\t\t<\/div>\n\t\t\t\t\t\t\t\t\t\t\t<div class=\"swiper-slide\" data-slide=\"2\" role=\"group\" aria-roledescription=\"slide\" aria-label=\"2 of 4\">\n\t\t\t\t\t\t\t<div class=\"elementor-element elementor-element-f960df1 e-flex e-con-boxed e-con e-child\" data-id=\"f960df1\" data-element_type=\"container\">\n\t\t\t\t\t<div class=\"e-con-inner\">\n\t\t\t\t<div class=\"elementor-element elementor-element-61f6ed4 elementor-widget__width-initial elementor-position-top elementor-widget elementor-widget-image-box\" data-id=\"61f6ed4\" data-element_type=\"widget\" data-widget_type=\"image-box.default\">\n\t\t\t\t<div class=\"elementor-widget-container\">\n\t\t\t\t\t<div class=\"elementor-image-box-wrapper\"><figure class=\"elementor-image-box-img\"><a href=\"https:\/\/www.festivalsemibreve.com\/\" tabindex=\"-1\"><img decoding=\"async\" src=\"https:\/\/www.meliasetubal.com\/wp-content\/uploads\/sites\/20\/elementor\/thumbs\/festival_choco-1-qtzxs1v49ad5onq0gso1dmrvqgmnkuzbqh9mz4qgqw.jpg\" title=\"festival_choco.jpg\" alt=\"festival_choco.jpg\" loading=\"lazy\" \/><\/a><\/figure><div class=\"elementor-image-box-content\"><h3 class=\"elementor-image-box-title\"><a href=\"https:\/\/www.festivalsemibreve.com\/\">Festival do Choco<\/a><\/h3><p class=\"elementor-image-box-description\">El Festival do Choco es una celebraci\u00f3n anual en la ciudad costera de Set\u00fabal, Portugal. De varios d\u00edas de duraci\u00f3n, destaca por su variedad de platos a base de sepia, desde los m\u00e1s tradicionales a los m\u00e1s innovadores. Adem\u00e1s de la gastronom\u00eda, ofrece m\u00fasica en directo, exposiciones y actividades culturales, atrayendo a visitantes de todo el pa\u00eds.\n\n<\/p><\/div><\/div>\t\t\t\t<\/div>\n\t\t\t\t<\/div>\n\t\t\t\t\t<\/div>\n\t\t\t\t<\/div>\n\t\t\t\t\t\t\t\t<\/div>\n\t\t\t\t\t\t\t\t\t\t\t<div class=\"swiper-slide\" data-slide=\"3\" role=\"group\" aria-roledescription=\"slide\" aria-label=\"3 of 4\">\n\t\t\t\t\t\t\t<div class=\"elementor-element elementor-element-2beb916 e-flex e-con-boxed e-con e-child\" data-id=\"2beb916\" data-element_type=\"container\">\n\t\t\t\t\t<div class=\"e-con-inner\">\n\t\t\t\t<div class=\"elementor-element elementor-element-855e639 elementor-widget__width-initial elementor-position-top elementor-widget elementor-widget-image-box\" data-id=\"855e639\" data-element_type=\"widget\" data-widget_type=\"image-box.default\">\n\t\t\t\t<div class=\"elementor-widget-container\">\n\t\t\t\t\t<div class=\"elementor-image-box-wrapper\"><figure class=\"elementor-image-box-img\"><img decoding=\"async\" width=\"407\" height=\"500\" src=\"https:\/\/www.meliasetubal.com\/wp-content\/uploads\/sites\/20\/2024\/06\/Praias-1-1.jpg\" class=\"attachment-full size-full wp-image-19805\" alt=\"Praias-1.jpg\" srcset=\"https:\/\/www.meliasetubal.com\/wp-content\/uploads\/sites\/20\/2024\/06\/Praias-1-1.jpg 407w, https:\/\/www.meliasetubal.com\/wp-content\/uploads\/sites\/20\/2024\/06\/Praias-1-1-244x300.jpg 244w\" sizes=\"(max-width: 407px) 100vw, 407px\" \/><\/figure><div class=\"elementor-image-box-content\"><h3 class=\"elementor-image-box-title\">Caparica Primavera Surf Fest<\/h3><p class=\"elementor-image-box-description\">El Caparica - Primavera Surf Fest es un festival de surf que se celebra en marzo\/abril en Praia do Para\u00edso. Durante el evento se programan campeonatos nacionales e internacionales de surf, bodyboard y SUP.<\/p><\/div><\/div>\t\t\t\t<\/div>\n\t\t\t\t<\/div>\n\t\t\t\t\t<\/div>\n\t\t\t\t<\/div>\n\t\t\t\t\t\t\t\t<\/div>\n\t\t\t\t\t\t\t\t\t\t\t<div class=\"swiper-slide\" data-slide=\"4\" role=\"group\" aria-roledescription=\"slide\" aria-label=\"4 of 4\">\n\t\t\t\t\t\t\t<div class=\"elementor-element elementor-element-c71d5cd e-flex e-con-boxed e-con e-child\" data-id=\"c71d5cd\" data-element_type=\"container\">\n\t\t\t\t\t<div class=\"e-con-inner\">\n\t\t\t\t<div class=\"elementor-element elementor-element-e35ce14 elementor-widget__width-initial elementor-position-top elementor-widget elementor-widget-image-box\" data-id=\"e35ce14\" data-element_type=\"widget\" data-widget_type=\"image-box.default\">\n\t\t\t\t<div class=\"elementor-widget-container\">\n\t\t\t\t\t<div class=\"elementor-image-box-wrapper\"><figure class=\"elementor-image-box-img\"><a href=\"https:\/\/osoldacaparica.pt\/\" tabindex=\"-1\"><img decoding=\"async\" width=\"798\" height=\"900\" src=\"https:\/\/www.meliasetubal.com\/wp-content\/uploads\/sites\/20\/2024\/06\/Tryp_LisboaCaparica_Eventos_Sociais_Aniversarios-1.jpg\" class=\"attachment-full size-full wp-image-19810\" alt=\"Tryp_LisboaCaparica_Eventos_Sociais_Aniversarios.jpg\" srcset=\"https:\/\/www.meliasetubal.com\/wp-content\/uploads\/sites\/20\/2024\/06\/Tryp_LisboaCaparica_Eventos_Sociais_Aniversarios-1.jpg 798w, https:\/\/www.meliasetubal.com\/wp-content\/uploads\/sites\/20\/2024\/06\/Tryp_LisboaCaparica_Eventos_Sociais_Aniversarios-1-266x300.jpg 266w, https:\/\/www.meliasetubal.com\/wp-content\/uploads\/sites\/20\/2024\/06\/Tryp_LisboaCaparica_Eventos_Sociais_Aniversarios-1-768x866.jpg 768w\" sizes=\"(max-width: 798px) 100vw, 798px\" \/><\/a><\/figure><div class=\"elementor-image-box-content\"><h3 class=\"elementor-image-box-title\"><a href=\"https:\/\/osoldacaparica.pt\/\">O Sol da Caparica<\/a><\/h3><p class=\"elementor-image-box-description\">s un festival de m\u00fasica que se celebra anualmente en el Parque Urbano en agosto. Los artistas muestran sus \u00faltimos trabajos, en los que est\u00e1n presentes su creatividad e innovaci\u00f3n.<\/p><\/div><\/div>\t\t\t\t<\/div>\n\t\t\t\t<\/div>\n\t\t\t\t\t<\/div>\n\t\t\t\t<\/div>\n\t\t\t\t\t\t\t\t<\/div>\n\t\t\t\t\t\t\t\t<\/div>\n\t\t<\/div>\n\t\t\t\t\t\t<\/div>\n\t\t\t\t<\/div>\n\t\t\t\t<\/div>\n\t\t\t\t<\/div>\n\t\t\t\t<\/section>\n\t\t\t\t<\/div>\n\t\t","protected":false},"excerpt":{"rendered":"<p>Set\u00fabal Set\u00fabal es una ciudad costera de Portugal que deslumbra por sus impresionantes paisajes entre el r\u00edo Sado y el oc\u00e9ano Atl\u00e1ntico. Reconocida por sus vinos Moscatel y su gastronom\u00eda rica en marisco, es un destino obligado para los amantes de la buena mesa. Su centro hist\u00f3rico, con sus pintorescas calles y monumentos como el [&hellip;]<\/p>\n","protected":false},"author":1,"featured_media":0,"parent":0,"menu_order":0,"comment_status":"closed","ping_status":"closed","template":"","meta":{"_acf_changed":false,"footnotes":""},"class_list":["post-7031","page","type-page","status-publish","hentry"],"acf":[],"yoast_head":"<!-- This site is optimized with the Yoast SEO plugin v24.5 - https:\/\/yoast.com\/wordpress\/plugins\/seo\/ -->\n<title>Set\u00fabal - Meli\u00e1 Set\u00fabal<\/title>\n<meta name=\"description\" content=\"O hotel Meli\u00e1 Set\u00fabal \u00e9 uma propriedade de 4 estrelas situado no centro da cidade de Set\u00fabal. Reserve diretamente no nosso site para as melhores vantagens.\" \/>\n<meta name=\"robots\" content=\"index, follow, max-snippet:-1, max-image-preview:large, max-video-preview:-1\" \/>\n<link rel=\"canonical\" href=\"https:\/\/www.meliasetubal.com\/es\/setubal\/\" \/>\n<meta property=\"og:locale\" content=\"es_ES\" \/>\n<meta property=\"og:type\" content=\"article\" \/>\n<meta property=\"og:title\" content=\"Set\u00fabal - Meli\u00e1 Set\u00fabal\" \/>\n<meta property=\"og:description\" content=\"O hotel Meli\u00e1 Set\u00fabal \u00e9 uma propriedade de 4 estrelas situado no centro da cidade de Set\u00fabal. Reserve diretamente no nosso site para as melhores vantagens.\" \/>\n<meta property=\"og:url\" content=\"https:\/\/www.meliasetubal.com\/es\/setubal\/\" \/>\n<meta property=\"og:site_name\" content=\"Meli\u00e1 Set\u00fabal\" \/>\n<meta property=\"article:publisher\" content=\"https:\/\/www.facebook.com\/meliasetubal\/\" \/>\n<meta property=\"article:modified_time\" content=\"2024-11-27T16:40:42+00:00\" \/>\n<meta property=\"og:image\" content=\"https:\/\/www.meliasetubal.com\/wp-content\/uploads\/sites\/20\/elementor\/thumbs\/Galeria_homeoage_6-qtzxs0xa2w489v2h0poljmn3qwtd1f6u8c084xta4o.jpg\" \/>\n<meta name=\"twitter:card\" content=\"summary_large_image\" \/>\n<meta name=\"twitter:label1\" content=\"Tiempo de lectura\" \/>\n\t<meta name=\"twitter:data1\" content=\"10 minutos\" \/>\n<script type=\"application\/ld+json\" class=\"yoast-schema-graph\">{\"@context\":\"https:\/\/schema.org\",\"@graph\":[{\"@type\":\"WebPage\",\"@id\":\"https:\/\/www.meliasetubal.com\/es\/setubal\/\",\"url\":\"https:\/\/www.meliasetubal.com\/es\/setubal\/\",\"name\":\"Set\u00fabal - Meli\u00e1 Set\u00fabal\",\"isPartOf\":{\"@id\":\"https:\/\/www.meliasetubal.com\/es\/#website\"},\"primaryImageOfPage\":{\"@id\":\"https:\/\/www.meliasetubal.com\/es\/setubal\/#primaryimage\"},\"image\":{\"@id\":\"https:\/\/www.meliasetubal.com\/es\/setubal\/#primaryimage\"},\"thumbnailUrl\":\"https:\/\/www.meliasetubal.com\/wp-content\/uploads\/sites\/20\/elementor\/thumbs\/Galeria_homeoage_6-qtzxs0xa2w489v2h0poljmn3qwtd1f6u8c084xta4o.jpg\",\"datePublished\":\"2023-12-19T12:17:38+00:00\",\"dateModified\":\"2024-11-27T16:40:42+00:00\",\"description\":\"O hotel Meli\u00e1 Set\u00fabal \u00e9 uma propriedade de 4 estrelas situado no centro da cidade de Set\u00fabal. Reserve diretamente no nosso site para as melhores vantagens.\",\"breadcrumb\":{\"@id\":\"https:\/\/www.meliasetubal.com\/es\/setubal\/#breadcrumb\"},\"inLanguage\":\"es\",\"potentialAction\":[{\"@type\":\"ReadAction\",\"target\":[\"https:\/\/www.meliasetubal.com\/es\/setubal\/\"]}]},{\"@type\":\"ImageObject\",\"inLanguage\":\"es\",\"@id\":\"https:\/\/www.meliasetubal.com\/es\/setubal\/#primaryimage\",\"url\":\"https:\/\/www.meliasetubal.com\/wp-content\/uploads\/sites\/20\/elementor\/thumbs\/Galeria_homeoage_6-qtzxs0xa2w489v2h0poljmn3qwtd1f6u8c084xta4o.jpg\",\"contentUrl\":\"https:\/\/www.meliasetubal.com\/wp-content\/uploads\/sites\/20\/elementor\/thumbs\/Galeria_homeoage_6-qtzxs0xa2w489v2h0poljmn3qwtd1f6u8c084xta4o.jpg\"},{\"@type\":\"BreadcrumbList\",\"@id\":\"https:\/\/www.meliasetubal.com\/es\/setubal\/#breadcrumb\",\"itemListElement\":[{\"@type\":\"ListItem\",\"position\":1,\"name\":\"In\u00edcio\",\"item\":\"https:\/\/www.meliasetubal.com\/es\/\"},{\"@type\":\"ListItem\",\"position\":2,\"name\":\"Set\u00fabal\"}]},{\"@type\":\"WebSite\",\"@id\":\"https:\/\/www.meliasetubal.com\/es\/#website\",\"url\":\"https:\/\/www.meliasetubal.com\/es\/\",\"name\":\"Meli\u00e1 Set\u00fabal\",\"description\":\"El hotel Meli\u00e1 Set\u00fabal es una propiedad de 4 estrellas situada en el centro de Set\u00fabal. Reserva directamente en nuestro sitio web para obtener los mejores beneficios.\",\"publisher\":{\"@id\":\"https:\/\/www.meliasetubal.com\/es\/#organization\"},\"alternateName\":\"Meli\u00e1 Set\u00fabal\",\"potentialAction\":[{\"@type\":\"SearchAction\",\"target\":{\"@type\":\"EntryPoint\",\"urlTemplate\":\"https:\/\/www.meliasetubal.com\/es\/?s={search_term_string}\"},\"query-input\":{\"@type\":\"PropertyValueSpecification\",\"valueRequired\":true,\"valueName\":\"search_term_string\"}}],\"inLanguage\":\"es\"},{\"@type\":\"Organization\",\"@id\":\"https:\/\/www.meliasetubal.com\/es\/#organization\",\"name\":\"Meli\u00e1 Set\u00fabal\",\"alternateName\":\"Meli\u00e1 Set\u00fabal\",\"url\":\"https:\/\/www.meliasetubal.com\/es\/\",\"logo\":{\"@type\":\"ImageObject\",\"inLanguage\":\"es\",\"@id\":\"https:\/\/www.meliasetubal.com\/es\/#\/schema\/logo\/image\/\",\"url\":\"https:\/\/www.meliasetubal.com\/wp-content\/uploads\/sites\/20\/2023\/11\/Melia_Setubal_Logo-1.png\",\"contentUrl\":\"https:\/\/www.meliasetubal.com\/wp-content\/uploads\/sites\/20\/2023\/11\/Melia_Setubal_Logo-1.png\",\"width\":131,\"height\":71,\"caption\":\"Meli\u00e1 Set\u00fabal\"},\"image\":{\"@id\":\"https:\/\/www.meliasetubal.com\/es\/#\/schema\/logo\/image\/\"},\"sameAs\":[\"https:\/\/www.facebook.com\/meliasetubal\/\",\"https:\/\/www.linkedin.com\/company\/hoti-hoteis\/\",\"https:\/\/www.tripadvisor.pt\/UserReviewEdit-g189163-d233023-Melia_Setubal-Setubal_Setubal_District_Alentejo.html\"]}]}<\/script>\n<!-- \/ Yoast SEO plugin. -->","yoast_head_json":{"title":"Set\u00fabal - Meli\u00e1 Set\u00fabal","description":"O hotel Meli\u00e1 Set\u00fabal \u00e9 uma propriedade de 4 estrelas situado no centro da cidade de Set\u00fabal. Reserve diretamente no nosso site para as melhores vantagens.","robots":{"index":"index","follow":"follow","max-snippet":"max-snippet:-1","max-image-preview":"max-image-preview:large","max-video-preview":"max-video-preview:-1"},"canonical":"https:\/\/www.meliasetubal.com\/es\/setubal\/","og_locale":"es_ES","og_type":"article","og_title":"Set\u00fabal - Meli\u00e1 Set\u00fabal","og_description":"O hotel Meli\u00e1 Set\u00fabal \u00e9 uma propriedade de 4 estrelas situado no centro da cidade de Set\u00fabal. Reserve diretamente no nosso site para as melhores vantagens.","og_url":"https:\/\/www.meliasetubal.com\/es\/setubal\/","og_site_name":"Meli\u00e1 Set\u00fabal","article_publisher":"https:\/\/www.facebook.com\/meliasetubal\/","article_modified_time":"2024-11-27T16:40:42+00:00","og_image":[{"url":"https:\/\/www.meliasetubal.com\/wp-content\/uploads\/sites\/20\/elementor\/thumbs\/Galeria_homeoage_6-qtzxs0xa2w489v2h0poljmn3qwtd1f6u8c084xta4o.jpg","type":"","width":"","height":""}],"twitter_card":"summary_large_image","twitter_misc":{"Tiempo de lectura":"10 minutos"},"schema":{"@context":"https:\/\/schema.org","@graph":[{"@type":"WebPage","@id":"https:\/\/www.meliasetubal.com\/es\/setubal\/","url":"https:\/\/www.meliasetubal.com\/es\/setubal\/","name":"Set\u00fabal - Meli\u00e1 Set\u00fabal","isPartOf":{"@id":"https:\/\/www.meliasetubal.com\/es\/#website"},"primaryImageOfPage":{"@id":"https:\/\/www.meliasetubal.com\/es\/setubal\/#primaryimage"},"image":{"@id":"https:\/\/www.meliasetubal.com\/es\/setubal\/#primaryimage"},"thumbnailUrl":"https:\/\/www.meliasetubal.com\/wp-content\/uploads\/sites\/20\/elementor\/thumbs\/Galeria_homeoage_6-qtzxs0xa2w489v2h0poljmn3qwtd1f6u8c084xta4o.jpg","datePublished":"2023-12-19T12:17:38+00:00","dateModified":"2024-11-27T16:40:42+00:00","description":"O hotel Meli\u00e1 Set\u00fabal \u00e9 uma propriedade de 4 estrelas situado no centro da cidade de Set\u00fabal. Reserve diretamente no nosso site para as melhores vantagens.","breadcrumb":{"@id":"https:\/\/www.meliasetubal.com\/es\/setubal\/#breadcrumb"},"inLanguage":"es","potentialAction":[{"@type":"ReadAction","target":["https:\/\/www.meliasetubal.com\/es\/setubal\/"]}]},{"@type":"ImageObject","inLanguage":"es","@id":"https:\/\/www.meliasetubal.com\/es\/setubal\/#primaryimage","url":"https:\/\/www.meliasetubal.com\/wp-content\/uploads\/sites\/20\/elementor\/thumbs\/Galeria_homeoage_6-qtzxs0xa2w489v2h0poljmn3qwtd1f6u8c084xta4o.jpg","contentUrl":"https:\/\/www.meliasetubal.com\/wp-content\/uploads\/sites\/20\/elementor\/thumbs\/Galeria_homeoage_6-qtzxs0xa2w489v2h0poljmn3qwtd1f6u8c084xta4o.jpg"},{"@type":"BreadcrumbList","@id":"https:\/\/www.meliasetubal.com\/es\/setubal\/#breadcrumb","itemListElement":[{"@type":"ListItem","position":1,"name":"In\u00edcio","item":"https:\/\/www.meliasetubal.com\/es\/"},{"@type":"ListItem","position":2,"name":"Set\u00fabal"}]},{"@type":"WebSite","@id":"https:\/\/www.meliasetubal.com\/es\/#website","url":"https:\/\/www.meliasetubal.com\/es\/","name":"Meli\u00e1 Set\u00fabal","description":"El hotel Meli\u00e1 Set\u00fabal es una propiedad de 4 estrellas situada en el centro de Set\u00fabal. Reserva directamente en nuestro sitio web para obtener los mejores beneficios.","publisher":{"@id":"https:\/\/www.meliasetubal.com\/es\/#organization"},"alternateName":"Meli\u00e1 Set\u00fabal","potentialAction":[{"@type":"SearchAction","target":{"@type":"EntryPoint","urlTemplate":"https:\/\/www.meliasetubal.com\/es\/?s={search_term_string}"},"query-input":{"@type":"PropertyValueSpecification","valueRequired":true,"valueName":"search_term_string"}}],"inLanguage":"es"},{"@type":"Organization","@id":"https:\/\/www.meliasetubal.com\/es\/#organization","name":"Meli\u00e1 Set\u00fabal","alternateName":"Meli\u00e1 Set\u00fabal","url":"https:\/\/www.meliasetubal.com\/es\/","logo":{"@type":"ImageObject","inLanguage":"es","@id":"https:\/\/www.meliasetubal.com\/es\/#\/schema\/logo\/image\/","url":"https:\/\/www.meliasetubal.com\/wp-content\/uploads\/sites\/20\/2023\/11\/Melia_Setubal_Logo-1.png","contentUrl":"https:\/\/www.meliasetubal.com\/wp-content\/uploads\/sites\/20\/2023\/11\/Melia_Setubal_Logo-1.png","width":131,"height":71,"caption":"Meli\u00e1 Set\u00fabal"},"image":{"@id":"https:\/\/www.meliasetubal.com\/es\/#\/schema\/logo\/image\/"},"sameAs":["https:\/\/www.facebook.com\/meliasetubal\/","https:\/\/www.linkedin.com\/company\/hoti-hoteis\/","https:\/\/www.tripadvisor.pt\/UserReviewEdit-g189163-d233023-Melia_Setubal-Setubal_Setubal_District_Alentejo.html"]}]}},"_links":{"self":[{"href":"https:\/\/www.meliasetubal.com\/es\/wp-json\/wp\/v2\/pages\/7031","targetHints":{"allow":["GET"]}}],"collection":[{"href":"https:\/\/www.meliasetubal.com\/es\/wp-json\/wp\/v2\/pages"}],"about":[{"href":"https:\/\/www.meliasetubal.com\/es\/wp-json\/wp\/v2\/types\/page"}],"author":[{"embeddable":true,"href":"https:\/\/www.meliasetubal.com\/es\/wp-json\/wp\/v2\/users\/1"}],"replies":[{"embeddable":true,"href":"https:\/\/www.meliasetubal.com\/es\/wp-json\/wp\/v2\/comments?post=7031"}],"version-history":[{"count":10,"href":"https:\/\/www.meliasetubal.com\/es\/wp-json\/wp\/v2\/pages\/7031\/revisions"}],"predecessor-version":[{"id":21945,"href":"https:\/\/www.meliasetubal.com\/es\/wp-json\/wp\/v2\/pages\/7031\/revisions\/21945"}],"wp:attachment":[{"href":"https:\/\/www.meliasetubal.com\/es\/wp-json\/wp\/v2\/media?parent=7031"}],"curies":[{"name":"wp","href":"https:\/\/api.w.org\/{rel}","templated":true}]}}