{"id":8049,"date":"2023-12-19T12:17:38","date_gmt":"2023-12-19T12:17:38","guid":{"rendered":"https:\/\/basetryp.tryplisboacaparica.com\/lisboa-caparica\/"},"modified":"2024-11-27T16:32:27","modified_gmt":"2024-11-27T16:32:27","slug":"setubal","status":"publish","type":"page","link":"https:\/\/www.meliasetubal.com\/fr\/setubal\/","title":{"rendered":"Set\u00fabal"},"content":{"rendered":"\t\t<div data-elementor-type=\"wp-page\" data-elementor-id=\"8049\" class=\"elementor elementor-8049 elementor-1997\" data-elementor-post-type=\"page\">\n\t\t\t\t<section class=\"elementor-element elementor-element-9d18320 e-con-full e-flex e-con e-parent\" data-id=\"9d18320\" data-element_type=\"container\" data-settings=\"{&quot;background_background&quot;:&quot;classic&quot;}\">\n\t\t<div class=\"elementor-element elementor-element-edc3c07 e-con-full e-flex e-con e-child\" data-id=\"edc3c07\" data-element_type=\"container\">\n\t\t\t\t<div class=\"elementor-element elementor-element-14f695f elementor-widget elementor-widget-heading\" data-id=\"14f695f\" data-element_type=\"widget\" data-widget_type=\"heading.default\">\n\t\t\t\t<div class=\"elementor-widget-container\">\n\t\t\t\t\t<h1 class=\"elementor-heading-title elementor-size-default\">Set\u00fabal<\/h1>\t\t\t\t<\/div>\n\t\t\t\t<\/div>\n\t\t\t\t<\/div>\n\t\t\t\t<\/section>\n\t\t<section class=\"elementor-element elementor-element-8e7a29a e-con-full e-flex e-con e-parent\" data-id=\"8e7a29a\" data-element_type=\"container\">\n\t\t\t\t<div class=\"elementor-element elementor-element-5428f0b elementor-widget elementor-widget-text-editor\" data-id=\"5428f0b\" data-element_type=\"widget\" data-widget_type=\"text-editor.default\">\n\t\t\t\t<div class=\"elementor-widget-container\">\n\t\t\t\t\t\t\t\t\t<div class=\"ewa-rteLine\"><div class=\"ewa-rteLine\"><p>Set\u00fabal est une ville c\u00f4ti\u00e8re du Portugal qui \u00e9blouit par ses paysages \u00e0 couper le souffle entre le fleuve Sado et l&#8217;oc\u00e9an Atlantique. Reconnue pour ses vins Moscatel et sa cuisine riche en fruits de mer, c&#8217;est une destination incontournable pour les amateurs de bonne ch\u00e8re. Son centre historique, avec ses rues pittoresques et ses monuments comme le ch\u00e2teau de S\u00e3o Filipe, vous fera voyager dans le temps. Les plages aux eaux cristallines, comme la magnifique Praia da Figueirinha, sont d&#8217;irr\u00e9sistibles invitations \u00e0 la d\u00e9tente. Set\u00fabal est un m\u00e9lange enchanteur d&#8217;histoire, de culture et de nature \u00e9poustouflante.<\/p><\/div><\/div>\t\t\t\t\t\t\t\t<\/div>\n\t\t\t\t<\/div>\n\t\t\t\t<\/section>\n\t\t<div class=\"elementor-element elementor-element-484e8bf e-con-full e-flex e-con e-parent\" data-id=\"484e8bf\" data-element_type=\"container\">\n\t\t\t\t<div class=\"elementor-element elementor-element-5b88a1e elementor-widget elementor-widget-heading\" data-id=\"5b88a1e\" data-element_type=\"widget\" data-widget_type=\"heading.default\">\n\t\t\t\t<div class=\"elementor-widget-container\">\n\t\t\t\t\t<h5 class=\"elementor-heading-title elementor-size-default\">Galerie d'images<\/h5>\t\t\t\t<\/div>\n\t\t\t\t<\/div>\n\t\t\t\t<div class=\"elementor-element elementor-element-33fcce4 elementor-skin-carousel elementor-arrows-yes elementor-pagination-type-bullets elementor-pagination-position-outside elementor-widget elementor-widget-hoti-gallery-slider\" data-id=\"33fcce4\" data-element_type=\"widget\" data-settings=\"{&quot;slides_per_view&quot;:&quot;3&quot;,&quot;skin&quot;:&quot;carousel&quot;,&quot;effect&quot;:&quot;slide&quot;,&quot;show_arrows&quot;:&quot;yes&quot;,&quot;pagination&quot;:&quot;bullets&quot;,&quot;speed&quot;:500,&quot;autoplay&quot;:&quot;yes&quot;,&quot;autoplay_speed&quot;:5000,&quot;pause_on_hover&quot;:&quot;yes&quot;,&quot;pause_on_interaction&quot;:&quot;yes&quot;,&quot;space_between&quot;:{&quot;unit&quot;:&quot;px&quot;,&quot;size&quot;:10,&quot;sizes&quot;:[]},&quot;space_between_tablet_extra&quot;:{&quot;unit&quot;:&quot;px&quot;,&quot;size&quot;:10,&quot;sizes&quot;:[]},&quot;space_between_tablet&quot;:{&quot;unit&quot;:&quot;px&quot;,&quot;size&quot;:10,&quot;sizes&quot;:[]},&quot;space_between_mobile_extra&quot;:{&quot;unit&quot;:&quot;px&quot;,&quot;size&quot;:10,&quot;sizes&quot;:[]},&quot;space_between_mobile&quot;:{&quot;unit&quot;:&quot;px&quot;,&quot;size&quot;:10,&quot;sizes&quot;:[]}}\" data-widget_type=\"hoti-gallery-slider.default\">\n\t\t\t\t<div class=\"elementor-widget-container\">\n\t\t\t\t\t\t\t\t\t<div class=\"elementor-swiper\">\n\t\t\t\t\t<div class=\"elementor-main-swiper swiper\" role=\"region\" aria-roledescription=\"carousel\" aria-label=\"Diapositives\">\n\t\t\t\t<div class=\"swiper-wrapper\">\n\t\t\t\t\t\t\t\t\t\t\t<div class=\"swiper-slide\" role=\"group\" aria-roledescription=\"slide\">\n\t\t\t\t\t\t\t\t\t<div class=\"elementor-carousel-image landscape\" role=\"img\" aria-label=\"Melia_Setubal_Gallery1\" style=\"background-image: url(&#039;https:\/\/www.meliasetubal.com\/wp-content\/uploads\/sites\/20\/2024\/06\/Melia_Setubal_Gallery1.jpg&#039;)\">\r\n\r\n\t\t\t\r\n\t\t\t\t\t<\/div>\r\n\t\t\t\t\t\t\t\t<\/div>\n\t\t\t\t\t\t\t\t\t\t\t<div class=\"swiper-slide\" role=\"group\" aria-roledescription=\"slide\">\n\t\t\t\t\t\t\t\t\t<div class=\"elementor-carousel-image portrait\" role=\"img\" aria-label=\"Melia_Setubal_Gallery2\" style=\"background-image: url(&#039;https:\/\/www.meliasetubal.com\/wp-content\/uploads\/sites\/20\/2024\/06\/Melia_Setubal_Gallery2.jpg&#039;)\">\r\n\r\n\t\t\t\r\n\t\t\t\t\t<\/div>\r\n\t\t\t\t\t\t\t\t<\/div>\n\t\t\t\t\t\t\t\t\t\t\t<div class=\"swiper-slide\" role=\"group\" aria-roledescription=\"slide\">\n\t\t\t\t\t\t\t\t\t<div class=\"elementor-carousel-image landscape\" role=\"img\" aria-label=\"Melia_Setubal_Gallery5\" style=\"background-image: url(&#039;https:\/\/www.meliasetubal.com\/wp-content\/uploads\/sites\/20\/2024\/06\/Melia_Setubal_Gallery5.jpg&#039;)\">\r\n\r\n\t\t\t\r\n\t\t\t\t\t<\/div>\r\n\t\t\t\t\t\t\t\t<\/div>\n\t\t\t\t\t\t\t\t\t\t\t<div class=\"swiper-slide\" role=\"group\" aria-roledescription=\"slide\">\n\t\t\t\t\t\t\t\t\t<div class=\"elementor-carousel-image landscape\" role=\"img\" aria-label=\"Melia_Setubal_Gallery4\" style=\"background-image: url(&#039;https:\/\/www.meliasetubal.com\/wp-content\/uploads\/sites\/20\/2024\/06\/Melia_Setubal_Gallery4.jpg&#039;)\">\r\n\r\n\t\t\t\r\n\t\t\t\t\t<\/div>\r\n\t\t\t\t\t\t\t\t<\/div>\n\t\t\t\t\t\t\t\t\t\t\t<div class=\"swiper-slide\" role=\"group\" aria-roledescription=\"slide\">\n\t\t\t\t\t\t\t\t\t<div class=\"elementor-carousel-image landscape\" role=\"img\" aria-label=\"Melia_Setubal_Gallery3\" style=\"background-image: url(&#039;https:\/\/www.meliasetubal.com\/wp-content\/uploads\/sites\/20\/2024\/06\/Melia_Setubal_Gallery3.jpg&#039;)\">\r\n\r\n\t\t\t\r\n\t\t\t\t\t<\/div>\r\n\t\t\t\t\t\t\t\t<\/div>\n\t\t\t\t\t\t\t\t\t<\/div>\n\t\t\t\t\t\t\t\t\t\t\t\t\t\t\t<div class=\"elementor-swiper-button elementor-swiper-button-prev\" role=\"button\" tabindex=\"0\" aria-label=\"Pr\u00e9c\u00e9dent\">\n\t\t\t\t\t\t\t<i aria-hidden=\"true\" class=\"eicon-chevron-left\"><\/i>\t\t\t\t\t\t<\/div>\n\t\t\t\t\t\t<div class=\"elementor-swiper-button elementor-swiper-button-next\" role=\"button\" tabindex=\"0\" aria-label=\"Suivant\">\n\t\t\t\t\t\t\t<i aria-hidden=\"true\" class=\"eicon-chevron-right\"><\/i>\t\t\t\t\t\t<\/div>\n\t\t\t\t\t\t\t\t\t\t\t\t\t\t\t\t<div class=\"swiper-pagination\"><\/div>\n\t\t\t\t\t\t\t\t\t\t\t\t<\/div>\n\t\t\t\t<\/div>\n\t\t\t\t\t\t\t\t<\/div>\n\t\t\t\t<\/div>\n\t\t\t\t<\/div>\n\t\t<section class=\"elementor-element elementor-element-5be6fa1 e-con-full e-flex e-con e-parent\" data-id=\"5be6fa1\" data-element_type=\"container\">\n\t\t<div class=\"elementor-element elementor-element-637ccd9 e-con-full e-flex e-con e-child\" data-id=\"637ccd9\" data-element_type=\"container\">\n\t\t<div class=\"elementor-element elementor-element-55df4ad e-con-full e-flex e-con e-child\" data-id=\"55df4ad\" data-element_type=\"container\">\n\t\t\t\t<div class=\"elementor-element elementor-element-650bc2a elementor-widget elementor-widget-heading\" data-id=\"650bc2a\" data-element_type=\"widget\" data-widget_type=\"heading.default\">\n\t\t\t\t<div class=\"elementor-widget-container\">\n\t\t\t\t\t<h2 class=\"elementor-heading-title elementor-size-default\">EXPLORER LA VILLE<\/h2>\t\t\t\t<\/div>\n\t\t\t\t<\/div>\n\t\t\t\t<div class=\"elementor-element elementor-element-1062144 elementor-widget elementor-widget-heading\" data-id=\"1062144\" data-element_type=\"widget\" data-widget_type=\"heading.default\">\n\t\t\t\t<div class=\"elementor-widget-container\">\n\t\t\t\t\t<h2 class=\"elementor-heading-title elementor-size-default\">DE Set\u00fabal<\/h2>\t\t\t\t<\/div>\n\t\t\t\t<\/div>\n\t\t\t\t<div class=\"elementor-element elementor-element-da84be1 elementor-widget__width-initial elementor-widget elementor-widget-text-editor\" data-id=\"da84be1\" data-element_type=\"widget\" data-widget_type=\"text-editor.default\">\n\t\t\t\t<div class=\"elementor-widget-container\">\n\t\t\t\t\t\t\t\t\t<ul><li>Visitez Praia da Figueirinha et Praia dos Galapos, deux des plages les plus populaires du Portugal, connues pour leurs eaux calmes, leur sable fin et leurs paysages \u00e9poustouflants.<\/li><li>Marchez le long des sentiers du parc naturel d&#8217;Arr\u00e1bida et profitez de vues incroyables sur le littoral portugais.<\/li><li>D\u00e9couvrez l&#8217;histoire et la culture de Set\u00fabal en visitant le fort de S\u00e3o Filipe, le couvent de J\u00e9sus et le mus\u00e9e du travail de Michel Giacometti.<\/li><li>Go\u00fbtez au meilleur de la gastronomie de Set\u00fabal, savourez la c\u00e9l\u00e8bre seiche frite, le plat le plus typique de la r\u00e9gion, et profitez-en pour visiter le march\u00e9 Livramento o\u00f9 vous trouverez une grande vari\u00e9t\u00e9 de poissons frais et de produits locaux.<\/li><li>La r\u00e9gion de Set\u00fabal est \u00e9galement incontournable pour les amateurs de vin : visitez l&#8217;Adega de Palmela ou la Quinta da Bacalh\u00f4a et d\u00e9gustez les vins et muscats de la r\u00e9gion.<\/li><\/ul>\t\t\t\t\t\t\t\t<\/div>\n\t\t\t\t<\/div>\n\t\t\t\t<\/div>\n\t\t\t\t<\/div>\n\t\t<div class=\"elementor-element elementor-element-65d27bb e-con-full e-flex e-con e-child\" data-id=\"65d27bb\" data-element_type=\"container\" data-settings=\"{&quot;background_background&quot;:&quot;classic&quot;}\">\n\t\t\t\t<div class=\"elementor-element elementor-element-bcfdf42 elementor-widget elementor-widget-spacer\" data-id=\"bcfdf42\" data-element_type=\"widget\" data-widget_type=\"spacer.default\">\n\t\t\t\t<div class=\"elementor-widget-container\">\n\t\t\t\t\t\t\t<div class=\"elementor-spacer\">\n\t\t\t<div class=\"elementor-spacer-inner\"><\/div>\n\t\t<\/div>\n\t\t\t\t\t\t<\/div>\n\t\t\t\t<\/div>\n\t\t\t\t<\/div>\n\t\t\t\t<\/section>\n\t\t<section class=\"elementor-element elementor-element-540cb73 e-con-full e-flex e-con e-parent\" data-id=\"540cb73\" data-element_type=\"container\">\n\t\t<div class=\"elementor-element elementor-element-e3e1f7c e-con-full e-flex e-con e-child\" data-id=\"e3e1f7c\" data-element_type=\"container\" data-settings=\"{&quot;background_background&quot;:&quot;classic&quot;}\">\n\t\t\t\t<div class=\"elementor-element elementor-element-917d9c4 elementor-widget elementor-widget-spacer\" data-id=\"917d9c4\" data-element_type=\"widget\" data-widget_type=\"spacer.default\">\n\t\t\t\t<div class=\"elementor-widget-container\">\n\t\t\t\t\t\t\t<div class=\"elementor-spacer\">\n\t\t\t<div class=\"elementor-spacer-inner\"><\/div>\n\t\t<\/div>\n\t\t\t\t\t\t<\/div>\n\t\t\t\t<\/div>\n\t\t\t\t<\/div>\n\t\t<div class=\"elementor-element elementor-element-75fb5c0 e-con-full e-flex e-con e-child\" data-id=\"75fb5c0\" data-element_type=\"container\">\n\t\t<div class=\"elementor-element elementor-element-5fdd577 e-con-full e-flex e-con e-child\" data-id=\"5fdd577\" data-element_type=\"container\">\n\t\t\t\t<div class=\"elementor-element elementor-element-3395003 elementor-widget elementor-widget-heading\" data-id=\"3395003\" data-element_type=\"widget\" data-widget_type=\"heading.default\">\n\t\t\t\t<div class=\"elementor-widget-container\">\n\t\t\t\t\t<h2 class=\"elementor-heading-title elementor-size-default\">SENTIR LA VILLE<\/h2>\t\t\t\t<\/div>\n\t\t\t\t<\/div>\n\t\t\t\t<div class=\"elementor-element elementor-element-eb30610 elementor-widget elementor-widget-heading\" data-id=\"eb30610\" data-element_type=\"widget\" data-widget_type=\"heading.default\">\n\t\t\t\t<div class=\"elementor-widget-container\">\n\t\t\t\t\t<h2 class=\"elementor-heading-title elementor-size-default\"> DE Set\u00fabal<\/h2>\t\t\t\t<\/div>\n\t\t\t\t<\/div>\n\t\t\t\t<div class=\"elementor-element elementor-element-ca4faff elementor-widget elementor-widget-text-editor\" data-id=\"ca4faff\" data-element_type=\"widget\" data-widget_type=\"text-editor.default\">\n\t\t\t\t<div class=\"elementor-widget-container\">\n\t\t\t\t\t\t\t\t\t<div class=\"ewa-rteLine\">La ville de Set\u00fabal est situ\u00e9e sur ce que l&#8217;on appelle la C\u00f4te bleue et constitue un important port et une zone commerciale, dont l&#8217;une des principales activit\u00e9s est la p\u00eache.<br \/>Dans le centre historique, des boutiques traditionnelles bordent les rues pi\u00e9tonnes qui d\u00e9bouchent sur une agr\u00e9able avenue dot\u00e9e d&#8217;un immense jardin rafra\u00eechissant.<br \/>Gr\u00e2ce \u00e0 son environnement naturel et culturel, la ville de Set\u00fabal est devenue de plus en plus populaire aupr\u00e8s des touristes.<br \/>La Serra da Arr\u00e1bida ou une excursion en bateau dans la p\u00e9ninsule de Tr\u00f3ia sont deux destinations \u00e0 ne pas manquer.<\/div>\t\t\t\t\t\t\t\t<\/div>\n\t\t\t\t<\/div>\n\t\t\t\t<\/div>\n\t\t\t\t<\/div>\n\t\t\t\t<\/section>\n\t\t<div class=\"elementor-element elementor-element-6d9b414 e-con-full e-flex e-con e-parent\" data-id=\"6d9b414\" data-element_type=\"container\">\n\t\t\t\t<div class=\"elementor-element elementor-element-cbaed58 elementor-widget elementor-widget-heading\" data-id=\"cbaed58\" data-element_type=\"widget\" data-widget_type=\"heading.default\">\n\t\t\t\t<div class=\"elementor-widget-container\">\n\t\t\t\t\t<h5 class=\"elementor-heading-title elementor-size-default\">Que voir et faire\n<\/h5>\t\t\t\t<\/div>\n\t\t\t\t<\/div>\n\t\t<div class=\"elementor-element elementor-element-95fe098 e-con-full e-flex e-con e-child\" data-id=\"95fe098\" data-element_type=\"container\">\n\t\t\t\t<div class=\"elementor-element elementor-element-2892a96 elementor-widget elementor-widget-n-carousel\" data-id=\"2892a96\" data-element_type=\"widget\" data-settings=\"{&quot;carousel_items&quot;:[{&quot;slide_title&quot;:&quot;Slide #1&quot;,&quot;_id&quot;:&quot;bc1ad8d&quot;},{&quot;slide_title&quot;:&quot;Slide #2&quot;,&quot;_id&quot;:&quot;817f723&quot;},{&quot;slide_title&quot;:&quot;Slide #3&quot;,&quot;_id&quot;:&quot;f0475f9&quot;},{&quot;_id&quot;:&quot;ca82639&quot;,&quot;slide_title&quot;:&quot;Slide #4&quot;}],&quot;slides_to_show&quot;:&quot;4&quot;,&quot;image_spacing_custom&quot;:{&quot;unit&quot;:&quot;px&quot;,&quot;size&quot;:30,&quot;sizes&quot;:[]},&quot;slides_to_show_mobile_extra&quot;:&quot;1&quot;,&quot;slides_to_scroll_mobile_extra&quot;:&quot;1&quot;,&quot;slides_to_show_tablet&quot;:&quot;2&quot;,&quot;slides_to_show_mobile&quot;:&quot;1&quot;,&quot;autoplay&quot;:&quot;yes&quot;,&quot;autoplay_speed&quot;:5000,&quot;pause_on_hover&quot;:&quot;yes&quot;,&quot;pause_on_interaction&quot;:&quot;yes&quot;,&quot;speed&quot;:500,&quot;image_spacing_custom_tablet_extra&quot;:{&quot;unit&quot;:&quot;px&quot;,&quot;size&quot;:&quot;&quot;,&quot;sizes&quot;:[]},&quot;image_spacing_custom_tablet&quot;:{&quot;unit&quot;:&quot;px&quot;,&quot;size&quot;:&quot;&quot;,&quot;sizes&quot;:[]},&quot;image_spacing_custom_mobile_extra&quot;:{&quot;unit&quot;:&quot;px&quot;,&quot;size&quot;:&quot;&quot;,&quot;sizes&quot;:[]},&quot;image_spacing_custom_mobile&quot;:{&quot;unit&quot;:&quot;px&quot;,&quot;size&quot;:&quot;&quot;,&quot;sizes&quot;:[]}}\" data-widget_type=\"nested-carousel.default\">\n\t\t\t\t<div class=\"elementor-widget-container\">\n\t\t\t\t\t\t\t<div class=\"e-n-carousel swiper\" role=\"region\" aria-roledescription=\"carousel\" aria-label=\"Carousel\" dir=\"ltr\">\n\t\t\t<div class=\"swiper-wrapper\" aria-live=\"off\">\n\t\t\t\t\t\t\t\t\t\t<div class=\"swiper-slide\" data-slide=\"1\" role=\"group\" aria-roledescription=\"slide\" aria-label=\"1 sur 4\">\n\t\t\t\t\t\t\t<div class=\"elementor-element elementor-element-535849d e-flex e-con-boxed e-con e-child\" data-id=\"535849d\" data-element_type=\"container\">\n\t\t\t\t\t<div class=\"e-con-inner\">\n\t\t<div class=\"elementor-element elementor-element-9854ddc e-con-full e-flex e-con e-child\" data-id=\"9854ddc\" data-element_type=\"container\">\n\t\t\t\t<div class=\"elementor-element elementor-element-2e47f3c elementor-widget__width-initial elementor-position-top elementor-widget elementor-widget-image-box\" data-id=\"2e47f3c\" data-element_type=\"widget\" data-widget_type=\"image-box.default\">\n\t\t\t\t<div class=\"elementor-widget-container\">\n\t\t\t\t\t<div class=\"elementor-image-box-wrapper\"><figure class=\"elementor-image-box-img\"><img decoding=\"async\" src=\"https:\/\/www.meliasetubal.com\/wp-content\/uploads\/sites\/20\/elementor\/thumbs\/Galeria_homeoage_6-qtzxs0xa2gbvd1rdma9et50f52rad5vlecm5hurux4.jpg\" title=\"Galeria_homeoage_6.jpg\" alt=\"Galeria_homeoage_6.jpg\" loading=\"lazy\" \/><\/figure><div class=\"elementor-image-box-content\"><h3 class=\"elementor-image-box-title\">Moscatel de Set\u00fabal<\/h3><p class=\"elementor-image-box-description\">Le Moscatel de Set\u00fabal est le vin embl\u00e9matique de la r\u00e9gion viticole de la p\u00e9ninsule de Set\u00fabal et l'un des tr\u00e9sors des vins portugais.\nCes vins sont toujours \u00e9lev\u00e9s pendant un minimum d'environ deux ans. Ils se caract\u00e9risent par leur fra\u00eecheur et leur \u00e9l\u00e9gance. Avec leurs caract\u00e9ristiques uniques, les vins fortifi\u00e9s de Set\u00fabal sont \u00e9ternellement voluptueux, d'une sensibilit\u00e9 et d'un plaisir \u00e9normes, merveilleux dans leur harmonie toujours difficile entre le sucre, l'alcool et la fra\u00eecheur.<\/p><\/div><\/div>\t\t\t\t<\/div>\n\t\t\t\t<\/div>\n\t\t\t\t<\/div>\n\t\t\t\t\t<\/div>\n\t\t\t\t<\/div>\n\t\t\t\t\t\t\t\t<\/div>\n\t\t\t\t\t\t\t\t\t\t\t<div class=\"swiper-slide\" data-slide=\"2\" role=\"group\" aria-roledescription=\"slide\" aria-label=\"2 sur 4\">\n\t\t\t\t\t\t\t<div class=\"elementor-element elementor-element-80000a6 e-flex e-con-boxed e-con e-child\" data-id=\"80000a6\" data-element_type=\"container\">\n\t\t\t\t\t<div class=\"e-con-inner\">\n\t\t\t\t<div class=\"elementor-element elementor-element-7fc7fba elementor-widget__width-initial elementor-position-top elementor-widget elementor-widget-image-box\" data-id=\"7fc7fba\" data-element_type=\"widget\" data-widget_type=\"image-box.default\">\n\t\t\t\t<div class=\"elementor-widget-container\">\n\t\t\t\t\t<div class=\"elementor-image-box-wrapper\"><figure class=\"elementor-image-box-img\"><img decoding=\"async\" src=\"https:\/\/www.meliasetubal.com\/wp-content\/uploads\/sites\/20\/elementor\/thumbs\/Praias-2-qtzxs0xa2gbvd1rdma9et50f52rad5vlecm5hurux4.jpg\" title=\"Praias.jpg\" alt=\"Praias.jpg\" loading=\"lazy\" \/><\/figure><div class=\"elementor-image-box-content\"><h3 class=\"elementor-image-box-title\">Plages<\/h3><p class=\"elementor-image-box-description\">Les plages de Set\u00fabal, associ\u00e9es au parc naturel d'Arr\u00e1bida, constituent l'un des principaux attraits de la commune pour les visiteurs.\nElles sont prot\u00e9g\u00e9es par le manteau vert de la cha\u00eene montagneuse d'Arr\u00e1bida, qui pr\u00eate son ombre rafra\u00eechissante \u00e0 ses plages.<\/p><\/div><\/div>\t\t\t\t<\/div>\n\t\t\t\t<\/div>\n\t\t\t\t\t<\/div>\n\t\t\t\t<\/div>\n\t\t\t\t\t\t\t\t<\/div>\n\t\t\t\t\t\t\t\t\t\t\t<div class=\"swiper-slide\" data-slide=\"3\" role=\"group\" aria-roledescription=\"slide\" aria-label=\"3 sur 4\">\n\t\t\t\t\t\t\t<div class=\"elementor-element elementor-element-0c89d7e e-flex e-con-boxed e-con e-child\" data-id=\"0c89d7e\" data-element_type=\"container\">\n\t\t\t\t\t<div class=\"e-con-inner\">\n\t\t\t\t<div class=\"elementor-element elementor-element-a29b9ba elementor-widget__width-initial elementor-position-top elementor-widget elementor-widget-image-box\" data-id=\"a29b9ba\" data-element_type=\"widget\" data-widget_type=\"image-box.default\">\n\t\t\t\t<div class=\"elementor-widget-container\">\n\t\t\t\t\t<div class=\"elementor-image-box-wrapper\"><figure class=\"elementor-image-box-img\"><img decoding=\"async\" src=\"https:\/\/www.meliasetubal.com\/wp-content\/uploads\/sites\/20\/elementor\/thumbs\/Golfinhos-1-qtzxs0xa2gbvd1rdma9et50f52rad5vlecm5hurux4.jpg\" title=\"Golfinhos.jpg\" alt=\"Golfinhos.jpg\" loading=\"lazy\" \/><\/figure><div class=\"elementor-image-box-content\"><h3 class=\"elementor-image-box-title\">Dauphins - Les Dauphins du Sado<\/h3><p class=\"elementor-image-box-description\">Sur le littoral de la r\u00e9gion de Set\u00fabal, on peut observer des sp\u00e9cimens du grand dauphin (Tursiops truncatus), consid\u00e9r\u00e9 comme l'un des ex-libris faunistiques de la r\u00e9gion.\nLa zone comprise entre la c\u00f4te atlantique (Gal\u00e9 et Arr\u00e1bida) et l'estuaire du Sado est habit\u00e9e par l'une des trois seules communaut\u00e9s de ces mammif\u00e8res r\u00e9sidant dans l'espace maritime europ\u00e9en.<\/p><\/div><\/div>\t\t\t\t<\/div>\n\t\t\t\t<\/div>\n\t\t\t\t\t<\/div>\n\t\t\t\t<\/div>\n\t\t\t\t\t\t\t\t<\/div>\n\t\t\t\t\t\t\t\t\t\t\t<div class=\"swiper-slide\" data-slide=\"4\" role=\"group\" aria-roledescription=\"slide\" aria-label=\"4 sur 4\">\n\t\t\t\t\t\t\t<div class=\"elementor-element elementor-element-fe3066a e-flex e-con-boxed e-con e-child\" data-id=\"fe3066a\" data-element_type=\"container\">\n\t\t\t\t\t<div class=\"e-con-inner\">\n\t\t\t\t<div class=\"elementor-element elementor-element-7040365 elementor-widget__width-initial elementor-position-top elementor-widget elementor-widget-image-box\" data-id=\"7040365\" data-element_type=\"widget\" data-widget_type=\"image-box.default\">\n\t\t\t\t<div class=\"elementor-widget-container\">\n\t\t\t\t\t<div class=\"elementor-image-box-wrapper\"><figure class=\"elementor-image-box-img\"><img decoding=\"async\" src=\"https:\/\/www.meliasetubal.com\/wp-content\/uploads\/sites\/20\/elementor\/thumbs\/troia-1-qtzxs1v49ad5onq0gso1dmrvqgmnkuzbqh9mz4qgqw.jpg\" title=\"troia.jpg\" alt=\"troia.jpg\" loading=\"lazy\" \/><\/figure><div class=\"elementor-image-box-content\"><h3 class=\"elementor-image-box-title\">Tr\u00f3ia<\/h3><p class=\"elementor-image-box-description\">Cette localisation paradisiaque vous permet de profiter de plages de sable blanc et d'une eau douce et cristalline. B\u00e9n\u00e9ficiant d'une situation privil\u00e9gi\u00e9e entre l'oc\u00e9an Atlantique et l'estuaire du Sado, Tr\u00f3ia offre une vue sur l'extraordinaire parc naturel d'Arr\u00e1bida.<\/p><\/div><\/div>\t\t\t\t<\/div>\n\t\t\t\t<\/div>\n\t\t\t\t\t<\/div>\n\t\t\t\t<\/div>\n\t\t\t\t\t\t\t\t<\/div>\n\t\t\t\t\t\t\t\t<\/div>\n\t\t<\/div>\n\t\t\t\t\t\t<\/div>\n\t\t\t\t<\/div>\n\t\t\t\t<\/div>\n\t\t\t\t<\/div>\n\t\t<div class=\"elementor-element elementor-element-ef147e1 e-con-full e-flex e-con e-parent\" data-id=\"ef147e1\" data-element_type=\"container\">\n\t\t\t\t<div class=\"elementor-element elementor-element-77cc4b2 elementor-widget elementor-widget-heading\" data-id=\"77cc4b2\" data-element_type=\"widget\" data-widget_type=\"heading.default\">\n\t\t\t\t<div class=\"elementor-widget-container\">\n\t\t\t\t\t<h5 class=\"elementor-heading-title elementor-size-default\">Comment arriver \u00e0 l'h\u00f4tel<\/h5>\t\t\t\t<\/div>\n\t\t\t\t<\/div>\n\t\t\t\t<\/div>\n\t\t<section class=\"elementor-element elementor-element-6ecac3e e-con-full e-flex e-con e-parent\" data-id=\"6ecac3e\" data-element_type=\"container\">\n\t\t\t\t<div class=\"elementor-element elementor-element-ba2ca3b elementor-widget__width-initial elementor-view-default elementor-position-top elementor-mobile-position-top elementor-widget elementor-widget-icon-box\" data-id=\"ba2ca3b\" data-element_type=\"widget\" data-widget_type=\"icon-box.default\">\n\t\t\t\t<div class=\"elementor-widget-container\">\n\t\t\t\t\t\t\t<div class=\"elementor-icon-box-wrapper\">\n\n\t\t\t\t\t\t<div class=\"elementor-icon-box-icon\">\n\t\t\t\t<span  class=\"elementor-icon\">\n\t\t\t\t<i aria-hidden=\"true\" class=\"fal fa-bus-alt\"><\/i>\t\t\t\t<\/span>\n\t\t\t<\/div>\n\t\t\t\n\t\t\t\t\t\t<div class=\"elementor-icon-box-content\">\n\n\t\t\t\t\t\t\t\t\t<h3 class=\"elementor-icon-box-title\">\n\t\t\t\t\t\t<span  >\n\t\t\t\t\t\t\tBus\t\t\t\t\t\t<\/span>\n\t\t\t\t\t<\/h3>\n\t\t\t\t\n\t\t\t\t\t\t\t\t\t<p class=\"elementor-icon-box-description\">\n\t\t\t\t\t\tLe service Rede Expressos, Carris Metropolitana relie Lisbonne \u00e0 Set\u00fabal. Ce service part de la gare de Sete Rios et de la Gare do Oriente.\t\t\t\t\t<\/p>\n\t\t\t\t\n\t\t\t<\/div>\n\t\t\t\n\t\t<\/div>\n\t\t\t\t\t\t<\/div>\n\t\t\t\t<\/div>\n\t\t\t\t<div class=\"elementor-element elementor-element-262a63b elementor-widget__width-initial elementor-view-default elementor-position-top elementor-mobile-position-top elementor-widget elementor-widget-icon-box\" data-id=\"262a63b\" data-element_type=\"widget\" data-widget_type=\"icon-box.default\">\n\t\t\t\t<div class=\"elementor-widget-container\">\n\t\t\t\t\t\t\t<div class=\"elementor-icon-box-wrapper\">\n\n\t\t\t\t\t\t<div class=\"elementor-icon-box-icon\">\n\t\t\t\t<span  class=\"elementor-icon\">\n\t\t\t\t<i aria-hidden=\"true\" class=\"fal fa-cars\"><\/i>\t\t\t\t<\/span>\n\t\t\t<\/div>\n\t\t\t\n\t\t\t\t\t\t<div class=\"elementor-icon-box-content\">\n\n\t\t\t\t\t\t\t\t\t<h3 class=\"elementor-icon-box-title\">\n\t\t\t\t\t\t<span  >\n\t\t\t\t\t\t\tRent-a-car\t\t\t\t\t\t<\/span>\n\t\t\t\t\t<\/h3>\n\t\t\t\t\n\t\t\t\t\t\t\t\t\t<p class=\"elementor-icon-box-description\">\n\t\t\t\t\t\tVous pouvez louer une voiture dans la zone des arriv\u00e9es de l'a\u00e9roport aupr\u00e8s de soci\u00e9t\u00e9s de location de voitures. Une autre option consiste \u00e0 r\u00e9server \u00e0 l'avance.\t\t\t\t\t<\/p>\n\t\t\t\t\n\t\t\t<\/div>\n\t\t\t\n\t\t<\/div>\n\t\t\t\t\t\t<\/div>\n\t\t\t\t<\/div>\n\t\t\t\t<div class=\"elementor-element elementor-element-a47de37 elementor-widget__width-initial elementor-view-default elementor-position-top elementor-mobile-position-top elementor-widget elementor-widget-icon-box\" data-id=\"a47de37\" data-element_type=\"widget\" data-widget_type=\"icon-box.default\">\n\t\t\t\t<div class=\"elementor-widget-container\">\n\t\t\t\t\t\t\t<div class=\"elementor-icon-box-wrapper\">\n\n\t\t\t\t\t\t<div class=\"elementor-icon-box-icon\">\n\t\t\t\t<span  class=\"elementor-icon\">\n\t\t\t\t<i aria-hidden=\"true\" class=\"fal fa-taxi\"><\/i>\t\t\t\t<\/span>\n\t\t\t<\/div>\n\t\t\t\n\t\t\t\t\t\t<div class=\"elementor-icon-box-content\">\n\n\t\t\t\t\t\t\t\t\t<h3 class=\"elementor-icon-box-title\">\n\t\t\t\t\t\t<span  >\n\t\t\t\t\t\t\tTaxi\t\t\t\t\t\t<\/span>\n\t\t\t\t\t<\/h3>\n\t\t\t\t\n\t\t\t\t\t\t\t\t\t<p class=\"elementor-icon-box-description\">\n\t\t\t\t\t\tLe tarif moyen d'un taxi depuis l'a\u00e9roport est d'environ 60,00 \u20ac. Le montant factur\u00e9 ne d\u00e9pend pas du nombre de passagers occupant le v\u00e9hicule. Si les bagages d\u00e9passent 55x35x20cm, ils doivent \u00eatre transport\u00e9s dans le coffre ou sur le toit. Dans ce cas, un suppl\u00e9ment peut \u00eatre factur\u00e9. Les fauteuils roulants, les lits d'enfant et les poussettes peuvent \u00eatre transport\u00e9s gratuitement. Aucun pourboire n'est demand\u00e9.\t\t\t\t\t<\/p>\n\t\t\t\t\n\t\t\t<\/div>\n\t\t\t\n\t\t<\/div>\n\t\t\t\t\t\t<\/div>\n\t\t\t\t<\/div>\n\t\t\t\t<div class=\"elementor-element elementor-element-4093eb6 elementor-widget__width-initial elementor-view-default elementor-position-top elementor-mobile-position-top elementor-widget elementor-widget-icon-box\" data-id=\"4093eb6\" data-element_type=\"widget\" data-widget_type=\"icon-box.default\">\n\t\t\t\t<div class=\"elementor-widget-container\">\n\t\t\t\t\t\t\t<div class=\"elementor-icon-box-wrapper\">\n\n\t\t\t\t\t\t<div class=\"elementor-icon-box-icon\">\n\t\t\t\t<span  class=\"elementor-icon\">\n\t\t\t\t<i aria-hidden=\"true\" class=\"fal fa-car\"><\/i>\t\t\t\t<\/span>\n\t\t\t<\/div>\n\t\t\t\n\t\t\t\t\t\t<div class=\"elementor-icon-box-content\">\n\n\t\t\t\t\t\t\t\t\t<h3 class=\"elementor-icon-box-title\">\n\t\t\t\t\t\t<span  >\n\t\t\t\t\t\t\tVoiture\t\t\t\t\t\t<\/span>\n\t\t\t\t\t<\/h3>\n\t\t\t\t\n\t\t\t\t\t\t\t\t\t<p class=\"elementor-icon-box-description\">\n\t\t\t\t\t\tL'a\u00e9roport Humberto Delgado (Lisbonne) et le Meli\u00e1 Set\u00fabal se trouvent \u00e0 environ 48 kilom\u00e8tres, et le trajet par l'E1 et l'A12 dure environ 50 minutes.  \nPrendre l'E1 \/ Avenida Cidade do Porto \/ Segunda Circular : en direction de : A1- Nord \/ A12- Sud \/ Pont Vasco da Gama\n Prendre l'IC17 : direction A12- Sud \/ Pont Vasco da Gama\n Prendre l'A12 \/ IP1 \/ E90 : direction : Set\u00fabal (prendre la sortie : N10\/ Avenida Antero de Quental et tourner \u00e0 gauche : Avenida da Europa (traverser Set\u00fabal).\n Suivre la N10 \/ Estrada Cisprestes : tourner \u00e0 droite sur Rua De Almeida Garrett et enfin tourner \u00e0 gauche sur Avenida Alexandre Herculano.\t\t\t\t\t<\/p>\n\t\t\t\t\n\t\t\t<\/div>\n\t\t\t\n\t\t<\/div>\n\t\t\t\t\t\t<\/div>\n\t\t\t\t<\/div>\n\t\t\t\t<\/section>\n\t\t<section class=\"elementor-element elementor-element-71af052 e-con-full e-flex e-con e-parent\" data-id=\"71af052\" data-element_type=\"container\">\n\t\t<div class=\"elementor-element elementor-element-f64adb2 e-con-full e-flex e-con e-child\" data-id=\"f64adb2\" data-element_type=\"container\">\n\t\t<div class=\"elementor-element elementor-element-84fb289 e-con-full e-flex e-con e-child\" data-id=\"84fb289\" data-element_type=\"container\">\n\t\t<div class=\"elementor-element elementor-element-6c69ee3 e-con-full e-flex e-con e-child\" data-id=\"6c69ee3\" data-element_type=\"container\">\n\t\t\t\t<div class=\"elementor-element elementor-element-08b30dc elementor-widget elementor-widget-heading\" data-id=\"08b30dc\" data-element_type=\"widget\" data-widget_type=\"heading.default\">\n\t\t\t\t<div class=\"elementor-widget-container\">\n\t\t\t\t\t<h2 class=\"elementor-heading-title elementor-size-default\">\u00c9V\u00c9NEMENTS<\/h2>\t\t\t\t<\/div>\n\t\t\t\t<\/div>\n\t\t\t\t<div class=\"elementor-element elementor-element-c4198f4 elementor-widget elementor-widget-heading\" data-id=\"c4198f4\" data-element_type=\"widget\" data-widget_type=\"heading.default\">\n\t\t\t\t<div class=\"elementor-widget-container\">\n\t\t\t\t\t<h2 class=\"elementor-heading-title elementor-size-default\"> \u00c0 SET\u00daBAL<\/h2>\t\t\t\t<\/div>\n\t\t\t\t<\/div>\n\t\t\t\t<\/div>\n\t\t\t\t<\/div>\n\t\t<div class=\"elementor-element elementor-element-d91c602 e-con-full e-flex e-con e-child\" data-id=\"d91c602\" data-element_type=\"container\">\n\t\t\t\t<div class=\"elementor-element elementor-element-4533112 elementor-widget elementor-widget-n-carousel\" data-id=\"4533112\" data-element_type=\"widget\" data-settings=\"{&quot;carousel_items&quot;:[{&quot;slide_title&quot;:&quot;Slide #1&quot;,&quot;_id&quot;:&quot;bc1ad8d&quot;},{&quot;slide_title&quot;:&quot;Slide #2&quot;,&quot;_id&quot;:&quot;817f723&quot;},{&quot;_id&quot;:&quot;442777e&quot;,&quot;slide_title&quot;:&quot;Slide #3&quot;},{&quot;_id&quot;:&quot;858c7f0&quot;,&quot;slide_title&quot;:&quot;Slide #4&quot;}],&quot;slides_to_show&quot;:&quot;3&quot;,&quot;image_spacing_custom&quot;:{&quot;unit&quot;:&quot;px&quot;,&quot;size&quot;:30,&quot;sizes&quot;:[]},&quot;slides_to_show_mobile_extra&quot;:&quot;1&quot;,&quot;slides_to_scroll_mobile_extra&quot;:&quot;1&quot;,&quot;slides_to_show_tablet&quot;:&quot;2&quot;,&quot;slides_to_show_mobile&quot;:&quot;1&quot;,&quot;autoplay&quot;:&quot;yes&quot;,&quot;autoplay_speed&quot;:5000,&quot;pause_on_hover&quot;:&quot;yes&quot;,&quot;pause_on_interaction&quot;:&quot;yes&quot;,&quot;speed&quot;:500,&quot;image_spacing_custom_tablet_extra&quot;:{&quot;unit&quot;:&quot;px&quot;,&quot;size&quot;:&quot;&quot;,&quot;sizes&quot;:[]},&quot;image_spacing_custom_tablet&quot;:{&quot;unit&quot;:&quot;px&quot;,&quot;size&quot;:&quot;&quot;,&quot;sizes&quot;:[]},&quot;image_spacing_custom_mobile_extra&quot;:{&quot;unit&quot;:&quot;px&quot;,&quot;size&quot;:&quot;&quot;,&quot;sizes&quot;:[]},&quot;image_spacing_custom_mobile&quot;:{&quot;unit&quot;:&quot;px&quot;,&quot;size&quot;:&quot;&quot;,&quot;sizes&quot;:[]}}\" data-widget_type=\"nested-carousel.default\">\n\t\t\t\t<div class=\"elementor-widget-container\">\n\t\t\t\t\t\t\t<div class=\"e-n-carousel swiper\" role=\"region\" aria-roledescription=\"carousel\" aria-label=\"Carousel\" dir=\"ltr\">\n\t\t\t<div class=\"swiper-wrapper\" aria-live=\"off\">\n\t\t\t\t\t\t\t\t\t\t<div class=\"swiper-slide\" data-slide=\"1\" role=\"group\" aria-roledescription=\"slide\" aria-label=\"1 sur 4\">\n\t\t\t\t\t\t\t<div class=\"elementor-element elementor-element-f2090cd e-flex e-con-boxed e-con e-child\" data-id=\"f2090cd\" data-element_type=\"container\">\n\t\t\t\t\t<div class=\"e-con-inner\">\n\t\t<div class=\"elementor-element elementor-element-1384554 e-con-full e-flex e-con e-child\" data-id=\"1384554\" data-element_type=\"container\">\n\t\t\t\t<div class=\"elementor-element elementor-element-959ed6e elementor-widget__width-initial elementor-position-top elementor-widget elementor-widget-image-box\" data-id=\"959ed6e\" data-element_type=\"widget\" data-widget_type=\"image-box.default\">\n\t\t\t\t<div class=\"elementor-widget-container\">\n\t\t\t\t\t<div class=\"elementor-image-box-wrapper\"><figure class=\"elementor-image-box-img\"><img fetchpriority=\"high\" decoding=\"async\" width=\"1440\" height=\"1920\" src=\"https:\/\/www.meliasetubal.com\/wp-content\/uploads\/sites\/20\/2024\/06\/Rampa-Arrabida-1.jpg\" class=\"attachment-full size-full wp-image-19386\" alt=\"Rampa-Arrabida.jpg\" srcset=\"https:\/\/www.meliasetubal.com\/wp-content\/uploads\/sites\/20\/2024\/06\/Rampa-Arrabida-1.jpg 1440w, https:\/\/www.meliasetubal.com\/wp-content\/uploads\/sites\/20\/2024\/06\/Rampa-Arrabida-1-225x300.jpg 225w, https:\/\/www.meliasetubal.com\/wp-content\/uploads\/sites\/20\/2024\/06\/Rampa-Arrabida-1-768x1024.jpg 768w, https:\/\/www.meliasetubal.com\/wp-content\/uploads\/sites\/20\/2024\/06\/Rampa-Arrabida-1-1152x1536.jpg 1152w\" sizes=\"(max-width: 1440px) 100vw, 1440px\" \/><\/figure><div class=\"elementor-image-box-content\"><h3 class=\"elementor-image-box-title\">Rampa da Arr\u00e1bida<\/h3><p class=\"elementor-image-box-description\">Cet \u00e9v\u00e9nement annuel attire non seulement les passionn\u00e9s de course automobile, mais aussi une foule de spectateurs avides d'adr\u00e9naline. Situ\u00e9e dans la Serra da Arr\u00e1bida, la comp\u00e9tition offre des paysages spectaculaires o\u00f9 les pilotes s'affrontent dans les virages sinueux de la montagne. C'est un moment o\u00f9 la ville devient un centre d'\u00e9motion et d'habilet\u00e9 et o\u00f9 l'on c\u00e9l\u00e8bre la passion du sport automobile.<\/p><\/div><\/div>\t\t\t\t<\/div>\n\t\t\t\t<\/div>\n\t\t\t\t<\/div>\n\t\t\t\t\t<\/div>\n\t\t\t\t<\/div>\n\t\t\t\t\t\t\t\t<\/div>\n\t\t\t\t\t\t\t\t\t\t\t<div class=\"swiper-slide\" data-slide=\"2\" role=\"group\" aria-roledescription=\"slide\" aria-label=\"2 sur 4\">\n\t\t\t\t\t\t\t<div class=\"elementor-element elementor-element-d7fe94a e-flex e-con-boxed e-con e-child\" data-id=\"d7fe94a\" data-element_type=\"container\">\n\t\t\t\t\t<div class=\"e-con-inner\">\n\t\t\t\t<div class=\"elementor-element elementor-element-a19d89c elementor-widget__width-initial elementor-position-top elementor-widget elementor-widget-image-box\" data-id=\"a19d89c\" data-element_type=\"widget\" data-widget_type=\"image-box.default\">\n\t\t\t\t<div class=\"elementor-widget-container\">\n\t\t\t\t\t<div class=\"elementor-image-box-wrapper\"><figure class=\"elementor-image-box-img\"><a href=\"https:\/\/www.festivalsemibreve.com\/\" tabindex=\"-1\"><img decoding=\"async\" src=\"https:\/\/www.meliasetubal.com\/wp-content\/uploads\/sites\/20\/elementor\/thumbs\/festival_choco-1-qtzxs1v49ad5onq0gso1dmrvqgmnkuzbqh9mz4qgqw.jpg\" title=\"festival_choco.jpg\" alt=\"festival_choco.jpg\" loading=\"lazy\" \/><\/a><\/figure><div class=\"elementor-image-box-content\"><h3 class=\"elementor-image-box-title\"><a href=\"https:\/\/www.festivalsemibreve.com\/\">Festival do Choco<\/a><\/h3><p class=\"elementor-image-box-description\">Le Festival do Choco est une c\u00e9l\u00e9bration annuelle dans la ville c\u00f4ti\u00e8re de Set\u00fabal, au Portugal. S'\u00e9talant sur plusieurs jours, elle se distingue par la vari\u00e9t\u00e9 des plats \u00e0 base de seiche, des plus traditionnels aux plus innovants. Outre la gastronomie, le festival propose de la musique en direct, des expositions et des activit\u00e9s culturelles, attirant des visiteurs de tout le pays.<\/p><\/div><\/div>\t\t\t\t<\/div>\n\t\t\t\t<\/div>\n\t\t\t\t\t<\/div>\n\t\t\t\t<\/div>\n\t\t\t\t\t\t\t\t<\/div>\n\t\t\t\t\t\t\t\t\t\t\t<div class=\"swiper-slide\" data-slide=\"3\" role=\"group\" aria-roledescription=\"slide\" aria-label=\"3 sur 4\">\n\t\t\t\t\t\t\t<div class=\"elementor-element elementor-element-3dbc369 e-flex e-con-boxed e-con e-child\" data-id=\"3dbc369\" data-element_type=\"container\">\n\t\t\t\t\t<div class=\"e-con-inner\">\n\t\t\t\t<div class=\"elementor-element elementor-element-99291e0 elementor-widget__width-initial elementor-position-top elementor-widget elementor-widget-image-box\" data-id=\"99291e0\" data-element_type=\"widget\" data-widget_type=\"image-box.default\">\n\t\t\t\t<div class=\"elementor-widget-container\">\n\t\t\t\t\t<div class=\"elementor-image-box-wrapper\"><figure class=\"elementor-image-box-img\"><img decoding=\"async\" width=\"407\" height=\"500\" src=\"https:\/\/www.meliasetubal.com\/wp-content\/uploads\/sites\/20\/2024\/06\/Praias-1.jpg\" class=\"attachment-full size-full wp-image-19391\" alt=\"Praias-1.jpg\" srcset=\"https:\/\/www.meliasetubal.com\/wp-content\/uploads\/sites\/20\/2024\/06\/Praias-1.jpg 407w, https:\/\/www.meliasetubal.com\/wp-content\/uploads\/sites\/20\/2024\/06\/Praias-1-244x300.jpg 244w\" sizes=\"(max-width: 407px) 100vw, 407px\" \/><\/figure><div class=\"elementor-image-box-content\"><h3 class=\"elementor-image-box-title\">Caparica Primavera Surf Fest<\/h3><p class=\"elementor-image-box-description\">Le Caparica - Primavera Surf Fest est un festival de surf qui a lieu en mars\/avril \u00e0 Praia do Para\u00edso. Pendant cet \u00e9v\u00e9nement, des championnats nationaux et internationaux de surf, de bodyboard et de SUP sont programm\u00e9s.<\/p><\/div><\/div>\t\t\t\t<\/div>\n\t\t\t\t<\/div>\n\t\t\t\t\t<\/div>\n\t\t\t\t<\/div>\n\t\t\t\t\t\t\t\t<\/div>\n\t\t\t\t\t\t\t\t\t\t\t<div class=\"swiper-slide\" data-slide=\"4\" role=\"group\" aria-roledescription=\"slide\" aria-label=\"4 sur 4\">\n\t\t\t\t\t\t\t<div class=\"elementor-element elementor-element-c05d5ac e-flex e-con-boxed e-con e-child\" data-id=\"c05d5ac\" data-element_type=\"container\">\n\t\t\t\t\t<div class=\"e-con-inner\">\n\t\t\t\t<div class=\"elementor-element elementor-element-5be41e0 elementor-widget__width-initial elementor-position-top elementor-widget elementor-widget-image-box\" data-id=\"5be41e0\" data-element_type=\"widget\" data-widget_type=\"image-box.default\">\n\t\t\t\t<div class=\"elementor-widget-container\">\n\t\t\t\t\t<div class=\"elementor-image-box-wrapper\"><figure class=\"elementor-image-box-img\"><a href=\"https:\/\/osoldacaparica.pt\/\" tabindex=\"-1\"><img decoding=\"async\" width=\"798\" height=\"900\" src=\"https:\/\/www.meliasetubal.com\/wp-content\/uploads\/sites\/20\/2024\/06\/Tryp_LisboaCaparica_Eventos_Sociais_Aniversarios.jpg\" class=\"attachment-full size-full wp-image-19396\" alt=\"Tryp_LisboaCaparica_Eventos_Sociais_Aniversarios.jpg\" srcset=\"https:\/\/www.meliasetubal.com\/wp-content\/uploads\/sites\/20\/2024\/06\/Tryp_LisboaCaparica_Eventos_Sociais_Aniversarios.jpg 798w, https:\/\/www.meliasetubal.com\/wp-content\/uploads\/sites\/20\/2024\/06\/Tryp_LisboaCaparica_Eventos_Sociais_Aniversarios-266x300.jpg 266w, https:\/\/www.meliasetubal.com\/wp-content\/uploads\/sites\/20\/2024\/06\/Tryp_LisboaCaparica_Eventos_Sociais_Aniversarios-768x866.jpg 768w\" sizes=\"(max-width: 798px) 100vw, 798px\" \/><\/a><\/figure><div class=\"elementor-image-box-content\"><h3 class=\"elementor-image-box-title\"><a href=\"https:\/\/osoldacaparica.pt\/\">O Sol da Caparica<\/a><\/h3><p class=\"elementor-image-box-description\">Il s'agit d'un festival de musique qui a lieu chaque ann\u00e9e au mois d'ao\u00fbt dans le Parque Urbano. Les artistes y pr\u00e9sentent leurs derni\u00e8res \u0153uvres, qui t\u00e9moignent de leur cr\u00e9ativit\u00e9 et de leur sens de l'innovation.<\/p><\/div><\/div>\t\t\t\t<\/div>\n\t\t\t\t<\/div>\n\t\t\t\t\t<\/div>\n\t\t\t\t<\/div>\n\t\t\t\t\t\t\t\t<\/div>\n\t\t\t\t\t\t\t\t<\/div>\n\t\t<\/div>\n\t\t\t\t\t\t<\/div>\n\t\t\t\t<\/div>\n\t\t\t\t<\/div>\n\t\t\t\t<\/div>\n\t\t\t\t<\/section>\n\t\t\t\t<\/div>\n\t\t","protected":false},"excerpt":{"rendered":"<p>Set\u00fabal Set\u00fabal est une ville c\u00f4ti\u00e8re du Portugal qui \u00e9blouit par ses paysages \u00e0 couper le souffle entre le fleuve Sado et l&#8217;oc\u00e9an Atlantique. Reconnue pour ses vins Moscatel et sa cuisine riche en fruits de mer, c&#8217;est une destination incontournable pour les amateurs de bonne ch\u00e8re. Son centre historique, avec ses rues pittoresques et [&hellip;]<\/p>\n","protected":false},"author":1,"featured_media":0,"parent":0,"menu_order":0,"comment_status":"closed","ping_status":"closed","template":"","meta":{"_acf_changed":false,"footnotes":""},"class_list":["post-8049","page","type-page","status-publish","hentry"],"acf":[],"yoast_head":"<!-- This site is optimized with the Yoast SEO plugin v24.5 - https:\/\/yoast.com\/wordpress\/plugins\/seo\/ -->\n<title>Set\u00fabal - Meli\u00e1 Set\u00fabal<\/title>\n<meta name=\"description\" content=\"O hotel Meli\u00e1 Set\u00fabal \u00e9 uma propriedade de 4 estrelas situado no centro da cidade de Set\u00fabal. Reserve diretamente no nosso site para as melhores vantagens.\" \/>\n<meta name=\"robots\" content=\"index, follow, max-snippet:-1, max-image-preview:large, max-video-preview:-1\" \/>\n<link rel=\"canonical\" href=\"https:\/\/www.meliasetubal.com\/fr\/setubal\/\" \/>\n<meta property=\"og:locale\" content=\"fr_FR\" \/>\n<meta property=\"og:type\" content=\"article\" \/>\n<meta property=\"og:title\" content=\"Set\u00fabal - Meli\u00e1 Set\u00fabal\" \/>\n<meta property=\"og:description\" content=\"O hotel Meli\u00e1 Set\u00fabal \u00e9 uma propriedade de 4 estrelas situado no centro da cidade de Set\u00fabal. Reserve diretamente no nosso site para as melhores vantagens.\" \/>\n<meta property=\"og:url\" content=\"https:\/\/www.meliasetubal.com\/fr\/setubal\/\" \/>\n<meta property=\"og:site_name\" content=\"Meli\u00e1 Set\u00fabal\" \/>\n<meta property=\"article:publisher\" content=\"https:\/\/www.facebook.com\/meliasetubal\/\" \/>\n<meta property=\"article:modified_time\" content=\"2024-11-27T16:32:27+00:00\" \/>\n<meta property=\"og:image\" content=\"https:\/\/www.meliasetubal.com\/wp-content\/uploads\/sites\/20\/elementor\/thumbs\/Galeria_homeoage_6-qtzxs0xa2gbvd1rdma9et50f52rad5vlecm5hurux4.jpg\" \/>\n<meta name=\"twitter:card\" content=\"summary_large_image\" \/>\n<meta name=\"twitter:label1\" content=\"Dur\u00e9e de lecture estim\u00e9e\" \/>\n\t<meta name=\"twitter:data1\" content=\"10 minutes\" \/>\n<script type=\"application\/ld+json\" class=\"yoast-schema-graph\">{\"@context\":\"https:\/\/schema.org\",\"@graph\":[{\"@type\":\"WebPage\",\"@id\":\"https:\/\/www.meliasetubal.com\/fr\/setubal\/\",\"url\":\"https:\/\/www.meliasetubal.com\/fr\/setubal\/\",\"name\":\"Set\u00fabal - Meli\u00e1 Set\u00fabal\",\"isPartOf\":{\"@id\":\"https:\/\/www.meliasetubal.com\/fr\/#website\"},\"primaryImageOfPage\":{\"@id\":\"https:\/\/www.meliasetubal.com\/fr\/setubal\/#primaryimage\"},\"image\":{\"@id\":\"https:\/\/www.meliasetubal.com\/fr\/setubal\/#primaryimage\"},\"thumbnailUrl\":\"https:\/\/www.meliasetubal.com\/wp-content\/uploads\/sites\/20\/elementor\/thumbs\/Galeria_homeoage_6-qtzxs0xa2gbvd1rdma9et50f52rad5vlecm5hurux4.jpg\",\"datePublished\":\"2023-12-19T12:17:38+00:00\",\"dateModified\":\"2024-11-27T16:32:27+00:00\",\"description\":\"O hotel Meli\u00e1 Set\u00fabal \u00e9 uma propriedade de 4 estrelas situado no centro da cidade de Set\u00fabal. Reserve diretamente no nosso site para as melhores vantagens.\",\"breadcrumb\":{\"@id\":\"https:\/\/www.meliasetubal.com\/fr\/setubal\/#breadcrumb\"},\"inLanguage\":\"fr-FR\",\"potentialAction\":[{\"@type\":\"ReadAction\",\"target\":[\"https:\/\/www.meliasetubal.com\/fr\/setubal\/\"]}]},{\"@type\":\"ImageObject\",\"inLanguage\":\"fr-FR\",\"@id\":\"https:\/\/www.meliasetubal.com\/fr\/setubal\/#primaryimage\",\"url\":\"https:\/\/www.meliasetubal.com\/wp-content\/uploads\/sites\/20\/elementor\/thumbs\/Galeria_homeoage_6-qtzxs0xa2gbvd1rdma9et50f52rad5vlecm5hurux4.jpg\",\"contentUrl\":\"https:\/\/www.meliasetubal.com\/wp-content\/uploads\/sites\/20\/elementor\/thumbs\/Galeria_homeoage_6-qtzxs0xa2gbvd1rdma9et50f52rad5vlecm5hurux4.jpg\"},{\"@type\":\"BreadcrumbList\",\"@id\":\"https:\/\/www.meliasetubal.com\/fr\/setubal\/#breadcrumb\",\"itemListElement\":[{\"@type\":\"ListItem\",\"position\":1,\"name\":\"In\u00edcio\",\"item\":\"https:\/\/www.meliasetubal.com\/fr\/\"},{\"@type\":\"ListItem\",\"position\":2,\"name\":\"Set\u00fabal\"}]},{\"@type\":\"WebSite\",\"@id\":\"https:\/\/www.meliasetubal.com\/fr\/#website\",\"url\":\"https:\/\/www.meliasetubal.com\/fr\/\",\"name\":\"Meli\u00e1 Set\u00fabal\",\"description\":\"L&#039;h\u00f4tel Meli\u00e1 Set\u00fabal est un \u00e9tablissement 4 \u00e9toiles situ\u00e9 dans le centre de Set\u00fabal. R\u00e9servez directement sur notre site internet pour b\u00e9n\u00e9ficier des meilleurs avantages.\",\"publisher\":{\"@id\":\"https:\/\/www.meliasetubal.com\/fr\/#organization\"},\"alternateName\":\"Meli\u00e1 Set\u00fabal\",\"potentialAction\":[{\"@type\":\"SearchAction\",\"target\":{\"@type\":\"EntryPoint\",\"urlTemplate\":\"https:\/\/www.meliasetubal.com\/fr\/?s={search_term_string}\"},\"query-input\":{\"@type\":\"PropertyValueSpecification\",\"valueRequired\":true,\"valueName\":\"search_term_string\"}}],\"inLanguage\":\"fr-FR\"},{\"@type\":\"Organization\",\"@id\":\"https:\/\/www.meliasetubal.com\/fr\/#organization\",\"name\":\"Meli\u00e1 Set\u00fabal\",\"alternateName\":\"Meli\u00e1 Set\u00fabal\",\"url\":\"https:\/\/www.meliasetubal.com\/fr\/\",\"logo\":{\"@type\":\"ImageObject\",\"inLanguage\":\"fr-FR\",\"@id\":\"https:\/\/www.meliasetubal.com\/fr\/#\/schema\/logo\/image\/\",\"url\":\"https:\/\/www.meliasetubal.com\/wp-content\/uploads\/sites\/20\/2023\/11\/Melia_Setubal_Logo-1.png\",\"contentUrl\":\"https:\/\/www.meliasetubal.com\/wp-content\/uploads\/sites\/20\/2023\/11\/Melia_Setubal_Logo-1.png\",\"width\":131,\"height\":71,\"caption\":\"Meli\u00e1 Set\u00fabal\"},\"image\":{\"@id\":\"https:\/\/www.meliasetubal.com\/fr\/#\/schema\/logo\/image\/\"},\"sameAs\":[\"https:\/\/www.facebook.com\/meliasetubal\/\",\"https:\/\/www.linkedin.com\/company\/hoti-hoteis\/\",\"https:\/\/www.tripadvisor.pt\/UserReviewEdit-g189163-d233023-Melia_Setubal-Setubal_Setubal_District_Alentejo.html\"]}]}<\/script>\n<!-- \/ Yoast SEO plugin. -->","yoast_head_json":{"title":"Set\u00fabal - Meli\u00e1 Set\u00fabal","description":"O hotel Meli\u00e1 Set\u00fabal \u00e9 uma propriedade de 4 estrelas situado no centro da cidade de Set\u00fabal. Reserve diretamente no nosso site para as melhores vantagens.","robots":{"index":"index","follow":"follow","max-snippet":"max-snippet:-1","max-image-preview":"max-image-preview:large","max-video-preview":"max-video-preview:-1"},"canonical":"https:\/\/www.meliasetubal.com\/fr\/setubal\/","og_locale":"fr_FR","og_type":"article","og_title":"Set\u00fabal - Meli\u00e1 Set\u00fabal","og_description":"O hotel Meli\u00e1 Set\u00fabal \u00e9 uma propriedade de 4 estrelas situado no centro da cidade de Set\u00fabal. Reserve diretamente no nosso site para as melhores vantagens.","og_url":"https:\/\/www.meliasetubal.com\/fr\/setubal\/","og_site_name":"Meli\u00e1 Set\u00fabal","article_publisher":"https:\/\/www.facebook.com\/meliasetubal\/","article_modified_time":"2024-11-27T16:32:27+00:00","og_image":[{"url":"https:\/\/www.meliasetubal.com\/wp-content\/uploads\/sites\/20\/elementor\/thumbs\/Galeria_homeoage_6-qtzxs0xa2gbvd1rdma9et50f52rad5vlecm5hurux4.jpg","type":"","width":"","height":""}],"twitter_card":"summary_large_image","twitter_misc":{"Dur\u00e9e de lecture estim\u00e9e":"10 minutes"},"schema":{"@context":"https:\/\/schema.org","@graph":[{"@type":"WebPage","@id":"https:\/\/www.meliasetubal.com\/fr\/setubal\/","url":"https:\/\/www.meliasetubal.com\/fr\/setubal\/","name":"Set\u00fabal - Meli\u00e1 Set\u00fabal","isPartOf":{"@id":"https:\/\/www.meliasetubal.com\/fr\/#website"},"primaryImageOfPage":{"@id":"https:\/\/www.meliasetubal.com\/fr\/setubal\/#primaryimage"},"image":{"@id":"https:\/\/www.meliasetubal.com\/fr\/setubal\/#primaryimage"},"thumbnailUrl":"https:\/\/www.meliasetubal.com\/wp-content\/uploads\/sites\/20\/elementor\/thumbs\/Galeria_homeoage_6-qtzxs0xa2gbvd1rdma9et50f52rad5vlecm5hurux4.jpg","datePublished":"2023-12-19T12:17:38+00:00","dateModified":"2024-11-27T16:32:27+00:00","description":"O hotel Meli\u00e1 Set\u00fabal \u00e9 uma propriedade de 4 estrelas situado no centro da cidade de Set\u00fabal. Reserve diretamente no nosso site para as melhores vantagens.","breadcrumb":{"@id":"https:\/\/www.meliasetubal.com\/fr\/setubal\/#breadcrumb"},"inLanguage":"fr-FR","potentialAction":[{"@type":"ReadAction","target":["https:\/\/www.meliasetubal.com\/fr\/setubal\/"]}]},{"@type":"ImageObject","inLanguage":"fr-FR","@id":"https:\/\/www.meliasetubal.com\/fr\/setubal\/#primaryimage","url":"https:\/\/www.meliasetubal.com\/wp-content\/uploads\/sites\/20\/elementor\/thumbs\/Galeria_homeoage_6-qtzxs0xa2gbvd1rdma9et50f52rad5vlecm5hurux4.jpg","contentUrl":"https:\/\/www.meliasetubal.com\/wp-content\/uploads\/sites\/20\/elementor\/thumbs\/Galeria_homeoage_6-qtzxs0xa2gbvd1rdma9et50f52rad5vlecm5hurux4.jpg"},{"@type":"BreadcrumbList","@id":"https:\/\/www.meliasetubal.com\/fr\/setubal\/#breadcrumb","itemListElement":[{"@type":"ListItem","position":1,"name":"In\u00edcio","item":"https:\/\/www.meliasetubal.com\/fr\/"},{"@type":"ListItem","position":2,"name":"Set\u00fabal"}]},{"@type":"WebSite","@id":"https:\/\/www.meliasetubal.com\/fr\/#website","url":"https:\/\/www.meliasetubal.com\/fr\/","name":"Meli\u00e1 Set\u00fabal","description":"L&#039;h\u00f4tel Meli\u00e1 Set\u00fabal est un \u00e9tablissement 4 \u00e9toiles situ\u00e9 dans le centre de Set\u00fabal. R\u00e9servez directement sur notre site internet pour b\u00e9n\u00e9ficier des meilleurs avantages.","publisher":{"@id":"https:\/\/www.meliasetubal.com\/fr\/#organization"},"alternateName":"Meli\u00e1 Set\u00fabal","potentialAction":[{"@type":"SearchAction","target":{"@type":"EntryPoint","urlTemplate":"https:\/\/www.meliasetubal.com\/fr\/?s={search_term_string}"},"query-input":{"@type":"PropertyValueSpecification","valueRequired":true,"valueName":"search_term_string"}}],"inLanguage":"fr-FR"},{"@type":"Organization","@id":"https:\/\/www.meliasetubal.com\/fr\/#organization","name":"Meli\u00e1 Set\u00fabal","alternateName":"Meli\u00e1 Set\u00fabal","url":"https:\/\/www.meliasetubal.com\/fr\/","logo":{"@type":"ImageObject","inLanguage":"fr-FR","@id":"https:\/\/www.meliasetubal.com\/fr\/#\/schema\/logo\/image\/","url":"https:\/\/www.meliasetubal.com\/wp-content\/uploads\/sites\/20\/2023\/11\/Melia_Setubal_Logo-1.png","contentUrl":"https:\/\/www.meliasetubal.com\/wp-content\/uploads\/sites\/20\/2023\/11\/Melia_Setubal_Logo-1.png","width":131,"height":71,"caption":"Meli\u00e1 Set\u00fabal"},"image":{"@id":"https:\/\/www.meliasetubal.com\/fr\/#\/schema\/logo\/image\/"},"sameAs":["https:\/\/www.facebook.com\/meliasetubal\/","https:\/\/www.linkedin.com\/company\/hoti-hoteis\/","https:\/\/www.tripadvisor.pt\/UserReviewEdit-g189163-d233023-Melia_Setubal-Setubal_Setubal_District_Alentejo.html"]}]}},"_links":{"self":[{"href":"https:\/\/www.meliasetubal.com\/fr\/wp-json\/wp\/v2\/pages\/8049","targetHints":{"allow":["GET"]}}],"collection":[{"href":"https:\/\/www.meliasetubal.com\/fr\/wp-json\/wp\/v2\/pages"}],"about":[{"href":"https:\/\/www.meliasetubal.com\/fr\/wp-json\/wp\/v2\/types\/page"}],"author":[{"embeddable":true,"href":"https:\/\/www.meliasetubal.com\/fr\/wp-json\/wp\/v2\/users\/1"}],"replies":[{"embeddable":true,"href":"https:\/\/www.meliasetubal.com\/fr\/wp-json\/wp\/v2\/comments?post=8049"}],"version-history":[{"count":10,"href":"https:\/\/www.meliasetubal.com\/fr\/wp-json\/wp\/v2\/pages\/8049\/revisions"}],"predecessor-version":[{"id":21933,"href":"https:\/\/www.meliasetubal.com\/fr\/wp-json\/wp\/v2\/pages\/8049\/revisions\/21933"}],"wp:attachment":[{"href":"https:\/\/www.meliasetubal.com\/fr\/wp-json\/wp\/v2\/media?parent=8049"}],"curies":[{"name":"wp","href":"https:\/\/api.w.org\/{rel}","templated":true}]}}